{"id":44589,"date":"2026-03-30T15:43:39","date_gmt":"2026-03-30T13:43:39","guid":{"rendered":"https:\/\/legrandcontinent.eu\/fr\/?post_type=event&#038;p=324704"},"modified":"2026-04-06T17:25:23","modified_gmt":"2026-04-06T15:25:23","slug":"la-bataille-dormuz-et-le-retour-de-lecologie-de-guerre-1","status":"publish","type":"event","link":"https:\/\/legrandcontinent.eu\/it\/eventi\/la-bataille-dormuz-et-le-retour-de-lecologie-de-guerre-1\/","title":{"rendered":"La bataille d\u2019Ormuz et le retour de l\u2019\u00e9cologie de guerre"},"content":{"rendered":"\n<p>Dans <a href=\"https:\/\/legrandcontinent.eu\/fr\/2026\/03\/24\/ecologie-de-guerre-totale-charbonnier\/\">une pi\u00e8ce de doctrine publi\u00e9e dans le Grand Continent<\/a>, Pierre Charbonnier soutient que la bataille d\u2019Ormuz nous a fait basculer dans l\u2019\u00e9cologie de guerre d\u2019une fa\u00e7on encore plus radicale que l\u2019invasion de l\u2019Ukraine en f\u00e9vrier 2022.&nbsp;&nbsp;<\/p>\n\n\n\n<p>En effet, pour Pierre Charbonnier, alors que les ressources d\u2019hydrocarbures \u00abavaient \u00e9t\u00e9 construites comme des symboles d\u2019abondance garants de la croissance partag\u00e9e, elles deviennent de fa\u00e7on de plus en plus manifeste les \u00e9nergies du chaos, des vecteurs d\u2019ins\u00e9curit\u00e9, d\u2019intermittence, de raret\u00e9 institutionnalis\u00e9e\u00bb.&nbsp;<\/p>\n\n\n\n<p>Dans cette situation, pour tous les pays d\u00e9pendants des importations d\u2019hydrocarbures, les \u00e9nergies bas-carbone \u00abapparaissent comme une garantie de s\u00e9curit\u00e9 contre l\u2019arsenalisation des \u00e9nergies fossiles\u00bb.&nbsp;<\/p>\n\n\n\n<p>Se pourrait-il que Donald Trump devienne le premier pr\u00e9sident am\u00e9ricain \u00e0 d\u00e9montrer l\u2019efficacit\u00e9 des \u00e9nergies renouvelables ?<\/p>\n\n\n\n<p>En acc\u00e9l\u00e9rant la trajectoire imp\u00e9riale des \u00c9tats-Unis, vient-il de saboter les infrastructures fossiles globales ?<\/p>\n\n\n\n<p>Cette nouvelle d\u00e9monstration de la d\u00e9pendance des Europ\u00e9ens les conduira-t-elle \u00e0 acc\u00e9l\u00e9rer la transition \u00e9nerg\u00e9tique ?&nbsp;<\/p>\n\n\n\n<p>Afin de r\u00e9pondre \u00e0 ces questions, nous aurons le plaisir de recevoir, pour ce mardi du Grand Continent :&nbsp;<\/p>\n\n\n\n<ul class=\"wp-block-list\">\n<li><a href=\"https:\/\/legrandcontinent.eu\/fr\/p\/pierre-charbonnier\/\">Pierre Charbonnier<\/a>, philosophe, charg\u00e9 de recherche CNRS \u00e0 Sciences Po ;&nbsp;<\/li>\n\n\n\n<li><a href=\"https:\/\/legrandcontinent.eu\/fr\/p\/amy-dahan\/\">Amy Dahan<\/a>, math\u00e9maticienne, directrice de recherche \u00e9m\u00e9rite au CNRS, co-auteure de <em>La Mutation climatique <\/em>(Presses de Science Po, 2026) ;&nbsp;<\/li>\n\n\n\n<li><a href=\"https:\/\/legrandcontinent.eu\/fr\/p\/romain-svartzman\/\">Romain Svartzman<\/a>, directeur de l\u2019unit\u00e9 de macro\u00e9conomie et politiques environnementales, Institute for European Policymaking, Universit\u00e9 Bocconi ;\u00a0<\/li>\n\n\n\n<li><a href=\"https:\/\/legrandcontinent.eu\/fr\/p\/laurence-tubiana\/\">Laurence Tubiana<\/a>, directrice de la Fondation europ\u00e9enne pour le climat (ECF), fondatrice de l&#8217;Iddri.&nbsp;<\/li>\n<\/ul>\n\n\n\n<p>Comme tous les mardis du Grand Continent, cet \u00e9v\u00e9nement est ouvert \u00e0 toutes et \u00e0 tous, avec un certain nombre de places r\u00e9serv\u00e9es aux \u00e9tudiants et aux abonn\u00e9s, <a href=\"https:\/\/www.eventbrite.fr\/e\/billets-la-bataille-dormuz-et-le-retour-de-lecologie-de-guerre-1986209459962?aff=oddtdtcreator\">en cliquant ici<\/a>.<\/p>\n\n\n\n<p>Si vous souhaitez soutenir notre travail, <a href=\"https:\/\/legrandcontinent.eu\/fr\/offre-abonnement\/\">vous pouvez vous abonner ici<\/a>.<\/p>\n","protected":false},"author":11,"featured_media":44592,"template":"templates\/event-debate.php","categories":[],"event-type":[],"geo":[],"class_list":["post-44589","event","type-event","status-publish","hentry"],"acf":[],"yoast_head":"<!-- This site is optimized with the Yoast SEO plugin v26.1.1 - https:\/\/yoast.com\/wordpress\/plugins\/seo\/ -->\n<title>La bataille d\u2019Ormuz et le retour de l\u2019\u00e9cologie de guerre - Il Grand Continent<\/title>\n<meta name=\"description\" content=\"Mardi du Grand Continent \u00e0 l&#039;\u00c9cole normale sup\u00e9rieure, avec Pierre Charbonnier, Amy Dahan, Romain Svartzman et Laurence Tubiana.\" \/>\n<meta name=\"robots\" content=\"index, follow, max-snippet:-1, max-image-preview:large, max-video-preview:-1\" \/>\n<link rel=\"canonical\" href=\"https:\/\/legrandcontinent.eu\/it\/eventi\/la-bataille-dormuz-et-le-retour-de-lecologie-de-guerre-1\/\" \/>\n<meta property=\"og:locale\" content=\"it_IT\" \/>\n<meta property=\"og:type\" content=\"article\" \/>\n<meta property=\"og:title\" content=\"La bataille d\u2019Ormuz et le retour de l\u2019\u00e9cologie de guerre - Il Grand Continent\" \/>\n<meta property=\"og:description\" content=\"Mardi du Grand Continent \u00e0 l&#039;\u00c9cole normale sup\u00e9rieure, avec Pierre Charbonnier, Amy Dahan, Romain Svartzman et Laurence Tubiana.\" \/>\n<meta property=\"og:url\" content=\"https:\/\/legrandcontinent.eu\/it\/eventi\/la-bataille-dormuz-et-le-retour-de-lecologie-de-guerre-1\/\" \/>\n<meta property=\"og:site_name\" content=\"Il Grand Continent\" \/>\n<meta property=\"article:modified_time\" content=\"2026-04-06T15:25:23+00:00\" \/>\n<meta name=\"twitter:card\" content=\"summary_large_image\" \/>\n<meta name=\"twitter:label1\" content=\"Tempo di lettura stimato\" \/>\n\t<meta name=\"twitter:data1\" content=\"2 minuti\" \/>\n<script type=\"application\/ld+json\" class=\"yoast-schema-graph\">{\"@context\":\"https:\/\/schema.org\",\"@graph\":[{\"@type\":\"WebPage\",\"@id\":\"https:\/\/legrandcontinent.eu\/it\/eventi\/la-bataille-dormuz-et-le-retour-de-lecologie-de-guerre-1\/\",\"url\":\"https:\/\/legrandcontinent.eu\/it\/eventi\/la-bataille-dormuz-et-le-retour-de-lecologie-de-guerre-1\/\",\"name\":\"La bataille d\u2019Ormuz et le retour de l\u2019\u00e9cologie de guerre - Il Grand Continent\",\"isPartOf\":{\"@id\":\"https:\/\/legrandcontinent.eu\/it\/#website\"},\"primaryImageOfPage\":{\"@id\":\"https:\/\/legrandcontinent.eu\/it\/eventi\/la-bataille-dormuz-et-le-retour-de-lecologie-de-guerre-1\/#primaryimage\"},\"image\":{\"@id\":\"https:\/\/legrandcontinent.eu\/it\/eventi\/la-bataille-dormuz-et-le-retour-de-lecologie-de-guerre-1\/#primaryimage\"},\"thumbnailUrl\":\"https:\/\/legrandcontinent.eu\/it\/wp-content\/uploads\/sites\/2\/2026\/03\/Gerrard_Flare_341-2.jpg\",\"datePublished\":\"2026-03-30T13:43:39+00:00\",\"dateModified\":\"2026-04-06T15:25:23+00:00\",\"description\":\"Mardi du Grand Continent \u00e0 l'\u00c9cole normale sup\u00e9rieure, avec Pierre Charbonnier, Amy Dahan, Romain Svartzman et Laurence Tubiana.\",\"breadcrumb\":{\"@id\":\"https:\/\/legrandcontinent.eu\/it\/eventi\/la-bataille-dormuz-et-le-retour-de-lecologie-de-guerre-1\/#breadcrumb\"},\"inLanguage\":\"it-IT\",\"potentialAction\":[{\"@type\":\"ReadAction\",\"target\":[\"https:\/\/legrandcontinent.eu\/it\/eventi\/la-bataille-dormuz-et-le-retour-de-lecologie-de-guerre-1\/\"]}]},{\"@type\":\"ImageObject\",\"inLanguage\":\"it-IT\",\"@id\":\"https:\/\/legrandcontinent.eu\/it\/eventi\/la-bataille-dormuz-et-le-retour-de-lecologie-de-guerre-1\/#primaryimage\",\"url\":\"https:\/\/legrandcontinent.eu\/it\/wp-content\/uploads\/sites\/2\/2026\/03\/Gerrard_Flare_341-2.jpg\",\"contentUrl\":\"https:\/\/legrandcontinent.eu\/it\/wp-content\/uploads\/sites\/2\/2026\/03\/Gerrard_Flare_341-2.jpg\",\"width\":1349,\"height\":1997},{\"@type\":\"BreadcrumbList\",\"@id\":\"https:\/\/legrandcontinent.eu\/it\/eventi\/la-bataille-dormuz-et-le-retour-de-lecologie-de-guerre-1\/#breadcrumb\",\"itemListElement\":[{\"@type\":\"ListItem\",\"position\":1,\"name\":\"Home\",\"item\":\"https:\/\/legrandcontinent.eu\/it\/\"},{\"@type\":\"ListItem\",\"position\":2,\"name\":\"Eventi\",\"item\":\"https:\/\/legrandcontinent.eu\/it\/eventi\/\"},{\"@type\":\"ListItem\",\"position\":3,\"name\":\"La bataille d\u2019Ormuz et le retour de l\u2019\u00e9cologie de guerre\"}]},{\"@type\":\"WebSite\",\"@id\":\"https:\/\/legrandcontinent.eu\/it\/#website\",\"url\":\"https:\/\/legrandcontinent.eu\/it\/\",\"name\":\"Il Grand Continent\",\"description\":\"La scala pertinente\",\"potentialAction\":[{\"@type\":\"SearchAction\",\"target\":{\"@type\":\"EntryPoint\",\"urlTemplate\":\"https:\/\/legrandcontinent.eu\/it\/?s={search_term_string}\"},\"query-input\":{\"@type\":\"PropertyValueSpecification\",\"valueRequired\":true,\"valueName\":\"search_term_string\"}}],\"inLanguage\":\"it-IT\"}]}<\/script>\n<!-- \/ Yoast SEO plugin. -->","yoast_head_json":{"title":"La bataille d\u2019Ormuz et le retour de l\u2019\u00e9cologie de guerre - Il Grand Continent","description":"Mardi du Grand Continent \u00e0 l'\u00c9cole normale sup\u00e9rieure, avec Pierre Charbonnier, Amy Dahan, Romain Svartzman et Laurence Tubiana.","robots":{"index":"index","follow":"follow","max-snippet":"max-snippet:-1","max-image-preview":"max-image-preview:large","max-video-preview":"max-video-preview:-1"},"canonical":"https:\/\/legrandcontinent.eu\/it\/eventi\/la-bataille-dormuz-et-le-retour-de-lecologie-de-guerre-1\/","og_locale":"it_IT","og_type":"article","og_title":"La bataille d\u2019Ormuz et le retour de l\u2019\u00e9cologie de guerre - Il Grand Continent","og_description":"Mardi du Grand Continent \u00e0 l'\u00c9cole normale sup\u00e9rieure, avec Pierre Charbonnier, Amy Dahan, Romain Svartzman et Laurence Tubiana.","og_url":"https:\/\/legrandcontinent.eu\/it\/eventi\/la-bataille-dormuz-et-le-retour-de-lecologie-de-guerre-1\/","og_site_name":"Il Grand Continent","article_modified_time":"2026-04-06T15:25:23+00:00","twitter_card":"summary_large_image","twitter_misc":{"Tempo di lettura stimato":"2 minuti"},"schema":{"@context":"https:\/\/schema.org","@graph":[{"@type":"WebPage","@id":"https:\/\/legrandcontinent.eu\/it\/eventi\/la-bataille-dormuz-et-le-retour-de-lecologie-de-guerre-1\/","url":"https:\/\/legrandcontinent.eu\/it\/eventi\/la-bataille-dormuz-et-le-retour-de-lecologie-de-guerre-1\/","name":"La bataille d\u2019Ormuz et le retour de l\u2019\u00e9cologie de guerre - Il Grand Continent","isPartOf":{"@id":"https:\/\/legrandcontinent.eu\/it\/#website"},"primaryImageOfPage":{"@id":"https:\/\/legrandcontinent.eu\/it\/eventi\/la-bataille-dormuz-et-le-retour-de-lecologie-de-guerre-1\/#primaryimage"},"image":{"@id":"https:\/\/legrandcontinent.eu\/it\/eventi\/la-bataille-dormuz-et-le-retour-de-lecologie-de-guerre-1\/#primaryimage"},"thumbnailUrl":"https:\/\/legrandcontinent.eu\/it\/wp-content\/uploads\/sites\/2\/2026\/03\/Gerrard_Flare_341-2.jpg","datePublished":"2026-03-30T13:43:39+00:00","dateModified":"2026-04-06T15:25:23+00:00","description":"Mardi du Grand Continent \u00e0 l'\u00c9cole normale sup\u00e9rieure, avec Pierre Charbonnier, Amy Dahan, Romain Svartzman et Laurence Tubiana.","breadcrumb":{"@id":"https:\/\/legrandcontinent.eu\/it\/eventi\/la-bataille-dormuz-et-le-retour-de-lecologie-de-guerre-1\/#breadcrumb"},"inLanguage":"it-IT","potentialAction":[{"@type":"ReadAction","target":["https:\/\/legrandcontinent.eu\/it\/eventi\/la-bataille-dormuz-et-le-retour-de-lecologie-de-guerre-1\/"]}]},{"@type":"ImageObject","inLanguage":"it-IT","@id":"https:\/\/legrandcontinent.eu\/it\/eventi\/la-bataille-dormuz-et-le-retour-de-lecologie-de-guerre-1\/#primaryimage","url":"https:\/\/legrandcontinent.eu\/it\/wp-content\/uploads\/sites\/2\/2026\/03\/Gerrard_Flare_341-2.jpg","contentUrl":"https:\/\/legrandcontinent.eu\/it\/wp-content\/uploads\/sites\/2\/2026\/03\/Gerrard_Flare_341-2.jpg","width":1349,"height":1997},{"@type":"BreadcrumbList","@id":"https:\/\/legrandcontinent.eu\/it\/eventi\/la-bataille-dormuz-et-le-retour-de-lecologie-de-guerre-1\/#breadcrumb","itemListElement":[{"@type":"ListItem","position":1,"name":"Home","item":"https:\/\/legrandcontinent.eu\/it\/"},{"@type":"ListItem","position":2,"name":"Eventi","item":"https:\/\/legrandcontinent.eu\/it\/eventi\/"},{"@type":"ListItem","position":3,"name":"La bataille d\u2019Ormuz et le retour de l\u2019\u00e9cologie de guerre"}]},{"@type":"WebSite","@id":"https:\/\/legrandcontinent.eu\/it\/#website","url":"https:\/\/legrandcontinent.eu\/it\/","name":"Il Grand Continent","description":"La scala pertinente","potentialAction":[{"@type":"SearchAction","target":{"@type":"EntryPoint","urlTemplate":"https:\/\/legrandcontinent.eu\/it\/?s={search_term_string}"},"query-input":{"@type":"PropertyValueSpecification","valueRequired":true,"valueName":"search_term_string"}}],"inLanguage":"it-IT"}]}},"_links":{"self":[{"href":"https:\/\/legrandcontinent.eu\/it\/wp-json\/wp\/v2\/event\/44589","targetHints":{"allow":["GET"]}}],"collection":[{"href":"https:\/\/legrandcontinent.eu\/it\/wp-json\/wp\/v2\/event"}],"about":[{"href":"https:\/\/legrandcontinent.eu\/it\/wp-json\/wp\/v2\/types\/event"}],"author":[{"embeddable":true,"href":"https:\/\/legrandcontinent.eu\/it\/wp-json\/wp\/v2\/users\/11"}],"wp:featuredmedia":[{"embeddable":true,"href":"https:\/\/legrandcontinent.eu\/it\/wp-json\/wp\/v2\/media\/44592"}],"wp:attachment":[{"href":"https:\/\/legrandcontinent.eu\/it\/wp-json\/wp\/v2\/media?parent=44589"}],"wp:term":[{"taxonomy":"category","embeddable":true,"href":"https:\/\/legrandcontinent.eu\/it\/wp-json\/wp\/v2\/categories?post=44589"},{"taxonomy":"event-type","embeddable":true,"href":"https:\/\/legrandcontinent.eu\/it\/wp-json\/wp\/v2\/event-type?post=44589"},{"taxonomy":"geo","embeddable":true,"href":"https:\/\/legrandcontinent.eu\/it\/wp-json\/wp\/v2\/geo?post=44589"}],"curies":[{"name":"wp","href":"https:\/\/api.w.org\/{rel}","templated":true}]}}