{"id":355988,"date":"2026-09-05T09:13:17","date_gmt":"2026-09-05T07:13:17","guid":{"rendered":"https:\/\/legrandcontinent.eu\/fr\/?post_type=sunday&#038;p=355988"},"modified":"2026-09-05T10:12:41","modified_gmt":"2026-09-05T08:12:41","slug":"a-la-memoire-du-professeur-remi-chatelier-2026-2096","status":"publish","type":"sunday","link":"https:\/\/legrandcontinent.eu\/fr\/dimanches\/a-la-memoire-du-professeur-remi-chatelier-2026-2096\/","title":{"rendered":"\u00c0 la m\u00e9moire du professeur R\u00e9mi Chatelier (2026-2096)"},"content":{"rendered":"\n<p>Je veux \u00e9crire ce que j\u2019ai connu de M. R\u00e9mi Chatelier, qui vient de mourir dans les circonstances que l\u2019on sait, et qui est le plus grand professeur que j\u2019ai eu. Dans ma vie comme dans mon \u00e9criture, j\u2019ai \u00e9t\u00e9 son \u00e9l\u00e8ve. Il faut, si je veux conserver un souvenir fid\u00e8le, peindre <em>l\u2019homme<\/em>. Le peindre \u00e0 travers les yeux de ses \u00e9l\u00e8ves. Causez avec l\u2019un d\u2019entre eux, il vous parlera d\u2019abord d\u2019une silhouette marchant sur les coursives avec un cartable trop lourd.&nbsp;<\/p>\n\n\n\n<p>Cl\u00e9a Dumont, aujourd\u2019hui clinicienne du r\u00eave \u00e0 l\u2019h\u00f4pital Saint Antoine, se souvient aussi de son go\u00fbt pour le mot \u00ab&#160;coruscant&#160;\u00bb et de sa graphie, qu\u2019il qualifiait lui-m\u00eame de \u00ab&#160;hi\u00e9roglyphique&#160;\u00bb. \u00ab&#160;Il nous faisait encore accorder les participes&#160;: \u201cLes digues qu\u2019ils ont construi<em>tes<\/em>&#160;!\u201d. Oui, il appartenait \u00e0 cette g\u00e9n\u00e9ration-l\u00e0&#160;!&#160;\u00bb se souvient Cl\u00e9ment Baddou, aujourd\u2019hui Commissaire \u00e0 la terraformation en Nouvelle-Dr\u00f4me sur Mars. Romy Aubert, prix Nobel de m\u00e9decine pour ses recherches sur le rajeunissement cellulaire, rappelle aussi, avec un sourire \u00e9mu, comment il ouvrait ses cours avec une voix tonitruante&#160;: \u00ab&#160;Qui n\u2019a pas le texte&#160;? Parlez sans crainte&#160;!&#160;\u00bb. Je me souviens comment, entendant un l\u00e9ger vrombissement au premier rang, il rapprochait son visage de l\u2019\u00e9l\u00e8ve et chuchotait&#160;: \u00ab&#160;Ce sont vos lunettes qui font ce bruit de friteuse&#160;?&#160;\u00bb, avec le sourire \u00e9l\u00e9gant d\u2019un professeur qui manifestait une \u00e9lasticit\u00e9 rare dans l\u2019application des r\u00e8gles du lyc\u00e9e, notamment concernant le mode \u00ab&#160;\u00e9cole&#160;\u00bb que nous \u00e9tions cens\u00e9s activer sur tous nos appareils dans le clo\u00eetre d\u2019entr\u00e9e.<\/p>\n\n\n\n<p>La vie de cet homme, son \u00eatre ext\u00e9rieur, et les mani\u00e8res qui constituaient son personnage, nous apparaissent \u00e0 tous aujourd\u2019hui comme quelque chose d\u2019ordinaire et de singulier tout \u00e0 la fois. Tous les \u00e9l\u00e8ves de notre promotion se souviennent de cet apr\u00e8s-midi d\u2019hiver o\u00f9 une cyberattaque avait plong\u00e9 la ville dans le noir. Imperturbable, il avait poursuivi son commentaire du po\u00e8me <em>El Desdichado<\/em> \u00e0 la seule lueur d\u2019un briquet. \u00ab&#160;Ma seule \u00c9toile est morte, et mon luth constell\u00e9 porte le Soleil noir de la M\u00e9lancolie&#160;!&#160;\u00bb. Je garderai jusqu\u2019\u00e0 la fin de ma vie cette image caravagesque de son visage o\u00f9 dansait la lumi\u00e8re. M. Chatelier avait un amour insatiable du Beau qui prenait pour nous la puissance d\u2019une maladie contagieuse, et pour laquelle, malgr\u00e9 l\u2019\u00e2ge, nous ne cesserons jamais de lui \u00eatre reconnaissants. Si la plupart d\u2019entre nous ont pu \u00e9chapper au mal du si\u00e8cle, l\u2019hypoprosexie, c\u2019est gr\u00e2ce \u00e0 lui&#160;: \u00ab&#160;Regardez le texte&#160;! Regardez-le encore&#160;! Regardez-le <em>longtemps<\/em>&#160;!&#160;\u00bb, nous disait-il souvent.<\/p>\n\n\n\n<p>Son p\u00e8re et sa m\u00e8re \u00e9taient tous deux des programmeurs qui avaient fini dans la mis\u00e8re dans les ann\u00e9es 2030. Rien ne le destinait particuli\u00e8rement \u00e0 \u00e9tudier les Lettres. Lorsqu\u2019il d\u00e9cida de devenir professeur, le m\u00e9tier n\u2019\u00e9tait pas aussi prestigieux qu\u2019aujourd\u2019hui. Il y avait plus d\u2019\u00e9l\u00e8ves dans les classes (pas autant qu\u2019au d\u00e9but du si\u00e8cle, quand m\u00eame&#160;!), et il restait encore des emplois qualifi\u00e9s et bien pay\u00e9s dans les bureaux (rappelons qu\u2019il restait des banquiers&#160;!). Mais il avait v\u00e9cu l\u2019avant et l\u2019apr\u00e8s du grand \u00ab&#160;Pacte d\u00e9mographique&#160;\u00bb de 2041, qui avait redirig\u00e9 vers le salaire des professeurs toutes les \u00e9conomies r\u00e9alis\u00e9es par la baisse des effectifs. Le pacte avait aussi cr\u00e9\u00e9 l\u2019\u00c9cole nationale du professorat, r\u00e9gionalis\u00e9 et consid\u00e9rablement resserr\u00e9 les concours et align\u00e9 en vingt ans les traitements sur ceux de la haute fonction publique. Certes, la Chine commen\u00e7ait \u00e0 pousser des publicit\u00e9s pour des tuteurs robotis\u00e9s (on se souvient de celle qu\u2019on voyait partout dans le m\u00e9tro o\u00f9 un gar\u00e7on murmurait \u00e0 son robot&#160;: \u00ab&#160;Il ne se fatigue jamais de moi&#160;\u00bb&#160;!)&#160;; mais, comme nous pouvons nous en f\u00e9liciter au vu de la derni\u00e8re trag\u00e9die \u00e0 Tokyo, ces machines n\u2019ont jamais franchi les portes de l&rsquo;\u00c9cole fran\u00e7aise, sinon sous la forme de surveillants, gr\u00e2ce \u00e0 la loi Delmas du 14 mai 2034 relative \u00e0 l\u2019autonomie des apprentissages et au fameux principe de non d\u00e9l\u00e9gation cognitive en milieu scolaire.<\/p>\n\n\n\n<p>\u00c0 vingt ans, R\u00e9mi Chatelier s\u2019engagea quelques mois dans le corps exp\u00e9ditionnaire fran\u00e7ais en Lettonie. Il y passa une ann\u00e9e dans un trou sous les bombes, avec pour seul passe-temps la lecture d\u2019un exemplaire papier des <a href=\"https:\/\/legrandcontinent.eu\/fr\/dimanches\/lucia-bessarion-2026-2085-la-prix-nobel-de-litterature-qui-acheva-eschyle\/\">trag\u00e9dies d\u2019Eschyle<\/a>, qu\u2019il avait pris \u00e0 la place d\u2019une liseuse, pour ne pas attirer l\u2019attention des drones autonomes. Il nous racontait souvent cette p\u00e9riode, qui \u00e9tait selon lui \u00ab&#160;la plus belle de sa vie&#160;\u00bb. Au concours de l\u2019\u00c9cole nationale du professorat, il \u00e9tait arriv\u00e9 avant-dernier pour la r\u00e9gion Normandie, ce qui ne l\u2019avait pas emp\u00each\u00e9 d\u2019obtenir un des logements de fonction au dernier \u00e9tage. \u00c0 la r\u00e9cr\u00e9ation, on l\u2019apercevait parfois pench\u00e9 \u00e0 sa fen\u00eatre, fumant une cigarette au-dessus de la cour des orangers o\u00f9 les \u00e9l\u00e8ves venaient chercher un peu de fra\u00eecheur entre les cours.<\/p>\n\n\n\n<p>Il travaillait \u00e0 th\u00e9sauriser les pens\u00e9es anciennes, les faire respirer en nous, enrichir l\u2019art de la lecture, non par un plaisir pl\u00e9b\u00e9ien de l\u2019anachronisme, mais parce qu\u2019il \u00e9tait n\u00e9cessaire que nous soyons capables de toutes les id\u00e9es. Sa passion pour les textes anciens n\u2019\u00e9tait d\u2019ailleurs nullement r\u00e9actionnaire. Il aimait beaucoup utiliser les simulateurs, et avait lui-m\u00eame r\u00e9alis\u00e9 une reconstitution virtuelle de tout le savoir contenu dans l\u2019<em>Encyclop\u00e9die<\/em> de Diderot et d\u2019Alembert, dans lequel nous pouvions nous promener avec une interface corticale.&nbsp;<\/p>\n\n\n\n<p>J\u2019ignore pourquoi il est rest\u00e9 toute sa vie dans notre lyc\u00e9e. Je sais que de grands lyc\u00e9es parisiens et des acad\u00e9mies europ\u00e9ennes lui avaient adress\u00e9 plusieurs demandes de mutation. Je crois qu\u2019il aimait vraiment la vie l\u00e0-bas&#160;; et il est vrai que l\u2019arriv\u00e9e dans le parc au milieu du bocage, quand l\u2019autopilote du ramassage scolaire avait emport\u00e9 les quinze \u00e9l\u00e8ves de notre promotion, \u00e9tait toujours bucolique. C\u2019est aussi pourquoi, j\u2019imagine, il a tenu \u00e0 \u00eatre enterr\u00e9 l\u00e0, dans un cimeti\u00e8re \u00e0 deux pas de l\u2019\u00e9cole.<\/p>\n\n\n\n<p>Nous lui demandions souvent pourquoi il ne publiait pas ses cours et refusait qu\u2019on les enregistre. Aujourd\u2019hui qu\u2019il n\u2019est plus l\u00e0, je donnerais beaucoup pour retrouver sa voix, f\u00fbt-ce dans un livre. Je suppose qu\u2019il \u00e9tait trop modeste pour se pr\u00e9tendre auteur. Le grand public ne conna\u00eetra donc jamais sa pens\u00e9e. Mais pour nous qui l\u2019avons connu, M. R\u00e9mi Chatelier restera, au m\u00eame titre que ses propres ma\u00eetres et mod\u00e8les des si\u00e8cles pass\u00e9s, <em>le professeur<\/em>.<\/p>\n","protected":false},"excerpt":{"rendered":"<p>Les \u00e9l\u00e8ves de R\u00e9mi Chatelier (2026-2096) se souviennent encore qu\u2019il enseignait cette chose \u00e9trange&#160;: pour lire vraiment, il faut regarder longtemps.<\/p>\n","protected":false},"featured_media":355962,"comment_status":"closed","ping_status":"closed","template":"","meta":{"_acf_changed":true,"_trash_the_other_posts":false,"_yoast_wpseo_estimated-reading-time-minutes":6,"_lgc_tts_voice":"","_lgc_tts_publish":false,"_lgc_tts_history_item_id":"","_lgc_tts_generated_at":"","_lgc_tts_status":"","_lgc_tts_error":"","footnotes":""},"categories":[],"staff":[5128],"editorial_format":[4917],"week":[5130],"geo":[],"class_list":["post-355988","sunday","type-sunday","status-publish","hentry","staff-emma-carenini","editorial_format-necrologie-inversee"],"acf":{"_thumbnail_id":355962,"excerpt":"Les \u00e9l\u00e8ves de R\u00e9mi Chatelier (2026-2096) se souviennent encore qu\u2019il enseignait cette chose \u00e9trange : pour lire vraiment, il faut regarder longtemps.","display_date":"","new_abstract":true},"yoast_head":"<!-- This site is optimized with the Yoast SEO plugin v26.1.1 - https:\/\/yoast.com\/wordpress\/plugins\/seo\/ -->\n<title>\u00c0 la m\u00e9moire du professeur R\u00e9mi Chatelier (2026-2096) | Le Grand Continent<\/title>\n<meta name=\"robots\" content=\"index, follow, max-snippet:-1, max-image-preview:large, max-video-preview:-1\" \/>\n<link rel=\"canonical\" href=\"https:\/\/legrandcontinent.eu\/fr\/dimanches\/a-la-memoire-du-professeur-remi-chatelier-2026-2096\/\" \/>\n<meta property=\"og:locale\" content=\"fr_FR\" \/>\n<meta property=\"og:type\" content=\"article\" \/>\n<meta property=\"og:title\" content=\"\u00c0 la m\u00e9moire du professeur R\u00e9mi Chatelier (2026-2096) | Le Grand Continent\" \/>\n<meta property=\"og:description\" content=\"Les \u00e9l\u00e8ves de R\u00e9mi Chatelier (2026-2096) se souviennent encore qu\u2019il enseignait cette chose \u00e9trange&#160;: pour lire vraiment, il faut regarder longtemps.\" \/>\n<meta property=\"og:url\" content=\"https:\/\/legrandcontinent.eu\/fr\/dimanches\/a-la-memoire-du-professeur-remi-chatelier-2026-2096\/\" \/>\n<meta property=\"og:site_name\" content=\"Le Grand Continent\" \/>\n<meta property=\"article:modified_time\" content=\"2026-09-05T08:12:41+00:00\" \/>\n<meta property=\"og:image\" content=\"https:\/\/legrandcontinent.eu\/fr\/wp-content\/uploads\/sites\/2\/2026\/09\/Sans-titre-4.jpg\" \/>\n\t<meta property=\"og:image:width\" content=\"1892\" \/>\n\t<meta property=\"og:image:height\" content=\"994\" \/>\n\t<meta property=\"og:image:type\" content=\"image\/jpeg\" \/>\n<meta name=\"twitter:card\" content=\"summary_large_image\" \/>\n<meta name=\"twitter:image\" content=\"https:\/\/legrandcontinent.eu\/fr\/wp-content\/uploads\/sites\/2\/2026\/09\/Sans-titre-4.jpg\" \/>\n<meta name=\"twitter:label1\" content=\"Dur\u00e9e de lecture estim\u00e9e\" \/>\n\t<meta name=\"twitter:data1\" content=\"6 minutes\" \/>\n<script type=\"application\/ld+json\" class=\"yoast-schema-graph\">{\"@context\":\"https:\/\/schema.org\",\"@graph\":[{\"@type\":\"WebPage\",\"@id\":\"https:\/\/legrandcontinent.eu\/fr\/dimanches\/a-la-memoire-du-professeur-remi-chatelier-2026-2096\/\",\"url\":\"https:\/\/legrandcontinent.eu\/fr\/dimanches\/a-la-memoire-du-professeur-remi-chatelier-2026-2096\/\",\"name\":\"\u00c0 la m\u00e9moire du professeur R\u00e9mi Chatelier (2026-2096) | Le Grand Continent\",\"isPartOf\":{\"@id\":\"https:\/\/legrandcontinent.eu\/fr\/#website\"},\"primaryImageOfPage\":{\"@id\":\"https:\/\/legrandcontinent.eu\/fr\/dimanches\/a-la-memoire-du-professeur-remi-chatelier-2026-2096\/#primaryimage\"},\"image\":{\"@id\":\"https:\/\/legrandcontinent.eu\/fr\/dimanches\/a-la-memoire-du-professeur-remi-chatelier-2026-2096\/#primaryimage\"},\"thumbnailUrl\":\"https:\/\/legrandcontinent.eu\/fr\/wp-content\/uploads\/sites\/2\/2026\/09\/Necrologie.png\",\"datePublished\":\"2026-09-05T07:13:17+00:00\",\"dateModified\":\"2026-09-05T08:12:41+00:00\",\"breadcrumb\":{\"@id\":\"https:\/\/legrandcontinent.eu\/fr\/dimanches\/a-la-memoire-du-professeur-remi-chatelier-2026-2096\/#breadcrumb\"},\"inLanguage\":\"fr-FR\",\"potentialAction\":[{\"@type\":\"ReadAction\",\"target\":[\"https:\/\/legrandcontinent.eu\/fr\/dimanches\/a-la-memoire-du-professeur-remi-chatelier-2026-2096\/\"]}]},{\"@type\":\"ImageObject\",\"inLanguage\":\"fr-FR\",\"@id\":\"https:\/\/legrandcontinent.eu\/fr\/dimanches\/a-la-memoire-du-professeur-remi-chatelier-2026-2096\/#primaryimage\",\"url\":\"https:\/\/legrandcontinent.eu\/fr\/wp-content\/uploads\/sites\/2\/2026\/09\/Necrologie.png\",\"contentUrl\":\"https:\/\/legrandcontinent.eu\/fr\/wp-content\/uploads\/sites\/2\/2026\/09\/Necrologie.png\",\"width\":1920,\"height\":1440},{\"@type\":\"BreadcrumbList\",\"@id\":\"https:\/\/legrandcontinent.eu\/fr\/dimanches\/a-la-memoire-du-professeur-remi-chatelier-2026-2096\/#breadcrumb\",\"itemListElement\":[{\"@type\":\"ListItem\",\"position\":1,\"name\":\"Accueil\",\"item\":\"https:\/\/legrandcontinent.eu\/fr\/\"},{\"@type\":\"ListItem\",\"position\":2,\"name\":\"Sundays\",\"item\":\"https:\/\/legrandcontinent.eu\/fr\/sundays\/\"},{\"@type\":\"ListItem\",\"position\":3,\"name\":\"\u00c0 la m\u00e9moire du professeur R\u00e9mi Chatelier (2026-2096)\"}]},{\"@type\":\"WebSite\",\"@id\":\"https:\/\/legrandcontinent.eu\/fr\/#website\",\"url\":\"https:\/\/legrandcontinent.eu\/fr\/\",\"name\":\"Le Grand Continent\",\"description\":\"L&#039;\u00e9chelle pertinente\",\"potentialAction\":[{\"@type\":\"SearchAction\",\"target\":{\"@type\":\"EntryPoint\",\"urlTemplate\":\"https:\/\/legrandcontinent.eu\/fr\/?s={search_term_string}\"},\"query-input\":{\"@type\":\"PropertyValueSpecification\",\"valueRequired\":true,\"valueName\":\"search_term_string\"}}],\"inLanguage\":\"fr-FR\"}]}<\/script>\n<!-- \/ Yoast SEO plugin. -->","yoast_head_json":{"title":"\u00c0 la m\u00e9moire du professeur R\u00e9mi Chatelier (2026-2096) | Le Grand Continent","robots":{"index":"index","follow":"follow","max-snippet":"max-snippet:-1","max-image-preview":"max-image-preview:large","max-video-preview":"max-video-preview:-1"},"canonical":"https:\/\/legrandcontinent.eu\/fr\/dimanches\/a-la-memoire-du-professeur-remi-chatelier-2026-2096\/","og_locale":"fr_FR","og_type":"article","og_title":"\u00c0 la m\u00e9moire du professeur R\u00e9mi Chatelier (2026-2096) | Le Grand Continent","og_description":"Les \u00e9l\u00e8ves de R\u00e9mi Chatelier (2026-2096) se souviennent encore qu\u2019il enseignait cette chose \u00e9trange&#160;: pour lire vraiment, il faut regarder longtemps.","og_url":"https:\/\/legrandcontinent.eu\/fr\/dimanches\/a-la-memoire-du-professeur-remi-chatelier-2026-2096\/","og_site_name":"Le Grand Continent","article_modified_time":"2026-09-05T08:12:41+00:00","og_image":[{"width":1892,"height":994,"url":"https:\/\/legrandcontinent.eu\/fr\/wp-content\/uploads\/sites\/2\/2026\/09\/Sans-titre-4.jpg","type":"image\/jpeg"}],"twitter_card":"summary_large_image","twitter_image":"https:\/\/legrandcontinent.eu\/fr\/wp-content\/uploads\/sites\/2\/2026\/09\/Sans-titre-4.jpg","twitter_misc":{"Dur\u00e9e de lecture estim\u00e9e":"6 minutes"},"schema":{"@context":"https:\/\/schema.org","@graph":[{"@type":"WebPage","@id":"https:\/\/legrandcontinent.eu\/fr\/dimanches\/a-la-memoire-du-professeur-remi-chatelier-2026-2096\/","url":"https:\/\/legrandcontinent.eu\/fr\/dimanches\/a-la-memoire-du-professeur-remi-chatelier-2026-2096\/","name":"\u00c0 la m\u00e9moire du professeur R\u00e9mi Chatelier (2026-2096) | Le Grand Continent","isPartOf":{"@id":"https:\/\/legrandcontinent.eu\/fr\/#website"},"primaryImageOfPage":{"@id":"https:\/\/legrandcontinent.eu\/fr\/dimanches\/a-la-memoire-du-professeur-remi-chatelier-2026-2096\/#primaryimage"},"image":{"@id":"https:\/\/legrandcontinent.eu\/fr\/dimanches\/a-la-memoire-du-professeur-remi-chatelier-2026-2096\/#primaryimage"},"thumbnailUrl":"https:\/\/legrandcontinent.eu\/fr\/wp-content\/uploads\/sites\/2\/2026\/09\/Necrologie.png","datePublished":"2026-09-05T07:13:17+00:00","dateModified":"2026-09-05T08:12:41+00:00","breadcrumb":{"@id":"https:\/\/legrandcontinent.eu\/fr\/dimanches\/a-la-memoire-du-professeur-remi-chatelier-2026-2096\/#breadcrumb"},"inLanguage":"fr-FR","potentialAction":[{"@type":"ReadAction","target":["https:\/\/legrandcontinent.eu\/fr\/dimanches\/a-la-memoire-du-professeur-remi-chatelier-2026-2096\/"]}]},{"@type":"ImageObject","inLanguage":"fr-FR","@id":"https:\/\/legrandcontinent.eu\/fr\/dimanches\/a-la-memoire-du-professeur-remi-chatelier-2026-2096\/#primaryimage","url":"https:\/\/legrandcontinent.eu\/fr\/wp-content\/uploads\/sites\/2\/2026\/09\/Necrologie.png","contentUrl":"https:\/\/legrandcontinent.eu\/fr\/wp-content\/uploads\/sites\/2\/2026\/09\/Necrologie.png","width":1920,"height":1440},{"@type":"BreadcrumbList","@id":"https:\/\/legrandcontinent.eu\/fr\/dimanches\/a-la-memoire-du-professeur-remi-chatelier-2026-2096\/#breadcrumb","itemListElement":[{"@type":"ListItem","position":1,"name":"Accueil","item":"https:\/\/legrandcontinent.eu\/fr\/"},{"@type":"ListItem","position":2,"name":"Sundays","item":"https:\/\/legrandcontinent.eu\/fr\/sundays\/"},{"@type":"ListItem","position":3,"name":"\u00c0 la m\u00e9moire du professeur R\u00e9mi Chatelier (2026-2096)"}]},{"@type":"WebSite","@id":"https:\/\/legrandcontinent.eu\/fr\/#website","url":"https:\/\/legrandcontinent.eu\/fr\/","name":"Le Grand Continent","description":"L&#039;\u00e9chelle pertinente","potentialAction":[{"@type":"SearchAction","target":{"@type":"EntryPoint","urlTemplate":"https:\/\/legrandcontinent.eu\/fr\/?s={search_term_string}"},"query-input":{"@type":"PropertyValueSpecification","valueRequired":true,"valueName":"search_term_string"}}],"inLanguage":"fr-FR"}]}},"lgc_categories":[],"lgc_author":{"id":5128,"name":"Emma Carenini","slug":"emma-carenini","description":"Emma Carenini est agr\u00e9g\u00e9e de philosophie, conseill\u00e8re discours et \u00e9ducation artistique et culturelle au sein du Cabinet du Ministre de l'\u00c9ducation nationale et de la Jeunesse.","first_name":"Emma","last_name":"Carenini","picture":{"url":"https:\/\/legrandcontinent.eu\/fr\/wp-content\/uploads\/sites\/2\/2026\/09\/Emma-Carenini.png","width":751,"height":751,"alt":""}},"feature_image_summary":{"url":"https:\/\/legrandcontinent.eu\/fr\/wp-content\/uploads\/sites\/2\/2026\/09\/Necrologie.png","width":1920,"height":1440,"alt":""},"feature_image_cover":{"url":"https:\/\/legrandcontinent.eu\/fr\/wp-content\/uploads\/sites\/2\/2026\/09\/Necrologie.png","width":1920,"height":1440,"alt":""},"_links":{"self":[{"href":"https:\/\/legrandcontinent.eu\/fr\/wp-json\/wp\/v2\/sunday\/355988","targetHints":{"allow":["GET"]}}],"collection":[{"href":"https:\/\/legrandcontinent.eu\/fr\/wp-json\/wp\/v2\/sunday"}],"about":[{"href":"https:\/\/legrandcontinent.eu\/fr\/wp-json\/wp\/v2\/types\/sunday"}],"replies":[{"embeddable":true,"href":"https:\/\/legrandcontinent.eu\/fr\/wp-json\/wp\/v2\/comments?post=355988"}],"version-history":[{"count":31,"href":"https:\/\/legrandcontinent.eu\/fr\/wp-json\/wp\/v2\/sunday\/355988\/revisions"}],"predecessor-version":[{"id":356221,"href":"https:\/\/legrandcontinent.eu\/fr\/wp-json\/wp\/v2\/sunday\/355988\/revisions\/356221"}],"wp:featuredmedia":[{"embeddable":true,"href":"https:\/\/legrandcontinent.eu\/fr\/wp-json\/wp\/v2\/media\/355962"}],"wp:attachment":[{"href":"https:\/\/legrandcontinent.eu\/fr\/wp-json\/wp\/v2\/media?parent=355988"}],"wp:term":[{"taxonomy":"category","embeddable":true,"href":"https:\/\/legrandcontinent.eu\/fr\/wp-json\/wp\/v2\/categories?post=355988"},{"taxonomy":"staff","embeddable":true,"href":"https:\/\/legrandcontinent.eu\/fr\/wp-json\/wp\/v2\/staff?post=355988"},{"taxonomy":"editorial_format","embeddable":true,"href":"https:\/\/legrandcontinent.eu\/fr\/wp-json\/wp\/v2\/editorial_format?post=355988"},{"taxonomy":"week","embeddable":true,"href":"https:\/\/legrandcontinent.eu\/fr\/wp-json\/wp\/v2\/week?post=355988"},{"taxonomy":"geo","embeddable":true,"href":"https:\/\/legrandcontinent.eu\/fr\/wp-json\/wp\/v2\/geo?post=355988"}],"curies":[{"name":"wp","href":"https:\/\/api.w.org\/{rel}","templated":true}]}}