{"id":10470,"date":"2018-06-01T18:51:09","date_gmt":"2018-06-01T17:51:09","guid":{"rendered":"https:\/\/legrandcontinent.eu\/?page_id=10470"},"modified":"2018-06-01T18:51:09","modified_gmt":"2018-06-01T17:51:09","slug":"29-mai-debat-avec-la-revue-italienne-de-geopolitique-limes","status":"publish","type":"page","link":"https:\/\/legrandcontinent.eu\/fr\/29-mai-debat-avec-la-revue-italienne-de-geopolitique-limes\/","title":{"rendered":"29 Mai&#160;: D\u00e9bat avec la revue italienne de g\u00e9opolitique Limes"},"content":{"rendered":"<p><em>Par Gabrielle Escaich<\/em><br \/>\nPour ce 23<sup>e\u00a0<\/sup>Mardi de l\u2019Europe, nous accueillons deux membres de la revue <em>Limes<\/em>, principale revue italienne de g\u00e9opolitique&#160;: Dario Fabbri, expert des \u00c9tats-Unis et membre du comit\u00e9 scientifique de <em>Limes<\/em>, et Federico Petroni, conseiller de r\u00e9daction de la revue. Nous abordons avec eux le th\u00e8me de la France vue de l\u2019Italie.<\/p>\n<hr \/>\n<p>C\u2019est l\u2019occasion pour eux de pr\u00e9senter le nouveau livret qu\u2019ils ont publi\u00e9&#160;: <em>La France mondiale<\/em>. En effet, la revue <em>Limes\u00a0<\/em>a l\u2019originalit\u00e9 de produire mensuellement un volume de 200 \u00e0 300 pages, sur des th\u00e8mes divers, tels que la M\u00e9diterran\u00e9e, ou encore la question des empires au moment de la Premi\u00e8re guerre mondiale.<\/p>\n<h6>Intervention de Dario Fabbri&#160;: les grandes orientations de la revue<\/h6>\n<p>La revue a \u00e9t\u00e9 fond\u00e9e il y a 25 ans, par Lucio Caracciolo. En 1993, la g\u00e9opolitique n\u2019\u00e9tait pas un sujet qui attisait l\u2019int\u00e9r\u00eat des Italiens. Dans la tradition du g\u00e9ographe fran\u00e7ais Yves Lacoste, la revue met beaucoup l\u2019accent sur la cartographie&#160;: d\u00e8s sa cr\u00e9ation, on y trouve des cartes sur la quasi-totalit\u00e9 des pages&#160;!<br \/>\nLa revue met au c\u0153ur de sa r\u00e9flexion la question de l\u2019Etat-nation. Il s\u2019agit pour les r\u00e9dacteurs de contrer la propagande \u00e9tats-unienne, laissant penser que \u00ab&#160;nation state is dead&#160;\u00bb.<br \/>\nLa revue ne se focalise toutefois pas sur la g\u00e9opolitique, mais la lie \u00e0 l\u2019histoire et \u00e0 la d\u00e9mographie, pour \u00e9viter d\u2019adopter un point de vue normatif, et pour \u00e9viter tout biais. Par ailleurs, elle prend en compte l\u2019ensemble des acteurs g\u00e9opolitiques&#160;: ONG, mafias, etc.<br \/>\nLeur approche se veut empirique, passant par l\u2019\u00e9tude au cas par cas. Et ils adaptent leurs m\u00e9thodes \u00e0 chacun de ces cas.<\/p>\n<h6>Intervention de Federico Petroni&#160;: pr\u00e9sentation du volume sur <u>La France mondiale<\/u><\/h6>\n<p>Le fran\u00e7ais est la langue dans laquelle la g\u00e9opolitique a \u00e9t\u00e9 red\u00e9couverte. Les cat\u00e9gories de la g\u00e9opolitique distinguent les pays entre&#160;:<br \/>\n&#8211; Ceux qui maintiennent leur puissance<br \/>\n&#8211; Ceux qui ont perdu leur puissance et leur subjectivit\u00e9 g\u00e9opolitique<br \/>\nLa France a gard\u00e9 une bonne d\u00e9mographie et une id\u00e9e mondiale de sa puissance. Pour exister, elle doit appara\u00eetre comme plus puissante qu\u2019elle n\u2019est en r\u00e9alit\u00e9. Elle est obs\u00e9d\u00e9e par l\u2019id\u00e9e de sa grandeur qu\u2019elle veut mondiale. La France a la premi\u00e8re zone \u00e9conomique exclusive (ZEE) d\u2019Europe, et la deuxi\u00e8me ZEE mondiale, ce qui permet aux Fran\u00e7ais de se penser dans une dimension mondiale. C\u2019est la seule puissance europ\u00e9enne \u00e0 avoir maintenu une projection mondiale de sa force. D\u2019un point de vue g\u00e9opolitique, la France est une puissance qui ne se suffit pas \u00e0 elle-m\u00eame, d\u2019o\u00f9 sa recherche d\u2019une puissance de dimension europ\u00e9enne et mondiale.<br \/>\nDans les faits, la France a cess\u00e9 d\u2019\u00eatre une puissance mondiale en 1815, et cherche sans cesse des substituts \u00e0 cette puissance perdue. Et le projet europ\u00e9en en est un&#160;! Charles de Gaulle a voulu que la France retrouve le rang qu\u2019elle avait jusqu\u2019\u00e0 Waterloo. Pour cela, la France s\u2019accroche \u00e0 la premi\u00e8re puissance europ\u00e9enne&#160;:\u00a0l\u2019Allemagne. L\u2019Europe n\u2019est d\u00e8s lors pas une fin en soi, mais un multiplicateur de puissance. Cette conception gaullienne de l\u2019Europe a \u00e9t\u00e9 reprise par Emmanuel Macron. Pourtant, aujourd\u2019hui, le couple franco-allemand n\u2019est pas du tout \u00e9quilibr\u00e9&#160;! La r\u00e9unification de l\u2019Allemagne, l\u2019\u00e9largissement \u00e0 l\u2019Est, ou encore la crise en Europe, ont d\u00e9plac\u00e9 le centre de gravit\u00e9 de l\u2019Europe. La France est d\u00e9sormais r\u00e9duite \u00e0 une condition de province am\u00e9ricaine&#160;! La sph\u00e8re d\u2019influence de l\u2019Allemagne en Europe est surtout \u00e9conomique et pas g\u00e9opolitique, car l\u2019Allemagne n\u2019est pas capable de s\u2019imposer comme un v\u00e9ritable empire. Pourtant, la France souffre de l\u2019influence de l\u2019Allemagne, et du refus de cette derni\u00e8re de la laisser exercer un leadership dans sa sph\u00e8re d\u2019influence \u00e9conomique. C\u2019est pour cette raison qu\u2019Emmanuel Macron a repris la conception gaullienne de l\u2019Europe comme multiplicateur de puissance&#160;: il veut r\u00e9\u00e9quilibrer l\u2019Europe en faveur de la France. Or, on ne peut pas \u00eatre europ\u00e9aniste et souverainiste en m\u00eame temps.<br \/>\nComparons d\u00e9sormais la conception g\u00e9opolitique de la France \u00e0 celle de l\u2019Italie. Du point de vue g\u00e9opolitique, l\u2019Italie n\u2019est pas plus en mesure d\u2019\u00eatre un acteur g\u00e9opolitique. \u00c0 la fin de la guerre froide, l\u2019Italie a perdu sa centralit\u00e9 strat\u00e9gique aux yeux des \u00e9tats-uniens. De plus, son extr\u00eame fragilit\u00e9 financi\u00e8re limite sa marge de man\u0153uvre. Les Italiens n\u2019ont ni la force ni la mentalit\u00e9 pour exercer une influence. Le pays est par ailleurs devenu un ghetto de migrants, tout comme la Gr\u00e8ce. En r\u00e9alit\u00e9, l\u2019Italie est un th\u00e9\u00e2tre de comp\u00e9tition entre d\u2019autres \u00c9tats. Elle n\u2019est pas un acteur capable d\u2019influencer la direction g\u00e9opolitique de l\u2019Europe, mis \u00e0 part dans les moments de crise.<br \/>\nLes perceptions que la France et l\u2019Italie ont l\u2019une de l\u2019autre sont asym\u00e9triques. La France regarde l\u2019Italie de haut, et la voit comme un moyen suppl\u00e9mentaire de r\u00e9\u00e9quilibrer l\u2019Europe face \u00e0 la puissance de l\u2019Allemagne. L\u2019Italie voit la France comme un ennemi historique et un pr\u00e9dateur g\u00e9o\u00e9conomique. En effet, la France a toujours eu tendance \u00e0 voir l\u2019Italie comme un partenaire mineur, tant au niveau g\u00e9opolitique qu\u2019au niveau g\u00e9o\u00e9conomique. D\u00e8s 1993, la France a une strat\u00e9gie d\u2019influence \u00e9conomique, qui passe par les investissements. Les centres o\u00f9 elle investit en Italie forment une ligne, une \u00ab&#160;voie des investissements&#160;\u00bb. Contrairement aux Allemands, ils investissent toujours dans les centres d\u00e9cisionnels italiens (Florence, Milan, et surtout Rome). Cette voie concentre 90&#160;% des investissements fran\u00e7ais en Italie. Or, la France a du mal \u00e0 transformer cette sph\u00e8re d\u2019influence \u00e9conomique en une sph\u00e8re d\u2019influence g\u00e9opolitique, puisqu\u2019elle ne parvient pas \u00e0 orienter la g\u00e9opolitique de l\u2019Italie. Le probl\u00e8me de la France est surtout la faiblesse de son poids industriel. Au contraire, l\u2019Allemagne a une industrie assez puissante pour qu\u2019il lui suffise de commercer avec l\u2019industrie italienne pour la garder dans sa sph\u00e8re d\u2019influence g\u00e9opolitique. La France doit acheter des entreprises pour exercer son influence, d\u2019o\u00f9 une peur de la part des Italiens d\u2019\u00eatre conquis par Paris et d\u2019o\u00f9 l\u2019image n\u00e9gative de la France dans ce pays.<br \/>\nDans ce contexte, l\u2019Italie ne doit pas se lier \u00e0 la France, car la France l\u2019utilise comme un outil tactique. L\u2019Italie devrait chercher \u00e0 convaincre la France de r\u00e9duire l\u2019asym\u00e9trie entre les deux pays, et \u00e0 lui montrer que l\u2019Italie n\u2019est pas dispos\u00e9e \u00e0 \u00eatre un rouage de la France, notamment face \u00e0 l\u2019\u00e9chec des politiques europ\u00e9ennes du pr\u00e9sident fran\u00e7ais.<br \/>\n<em>Il ne para\u00eet pas l\u00e9gitime de nier que certains croient au projet europ\u00e9en comme une fin en soi\u2026<\/em><br \/>\nSi on fait une analyse g\u00e9opolitique, on croit que l\u2019\u00e9conomie est dans une position secondaire par rapport \u00e0 la strat\u00e9gie. Pourtant, la p\u00e9n\u00e9tration \u00e9conomique en Italie peut assurer \u00e0 la France des avantages politiques et strat\u00e9giques. C\u2019est pourquoi, on observe une tendance de l\u2019\u00e9conomie fran\u00e7aise \u00e0 chercher des appuis proches des centres d\u00e9cisionnels italiens, contrairement aux Etats-Unis, \u00e0 l\u2019Allemagne, ou encore \u00e0 la Chine. Le symbole de la France en Italie, ce sont les grands b\u00e2timents dans les centres financiers des grandes villes. Il est donc \u00e9vident que cette tendance r\u00e9pond \u00e0 des objectifs strat\u00e9giques, mais la France ne r\u00e9ussit pas \u00e0 le traduire en v\u00e9ritable pouvoir d\u2019influence g\u00e9opolitique. C\u2019est pourtant l\u00e0 son aspiration.<br \/>\nL\u2019Europe n\u2019est pas une nation g\u00e9opolitique&#160;! Le processus de construction de l\u2019Union europ\u00e9enne n\u2019a pas fait appel \u00e0 la violence, qui est pourtant un \u00e9l\u00e9ment toujours pr\u00e9sent dans la construction d\u2019une nation. De plus, dans une nation, les membres sont pr\u00eats \u00e0 mourir pour les autres membres de cette nation. Il n\u2019est pas imaginable qu\u2019un Finois accepte de mourir pour un Anglais&#160;! Les \u00c9tats-Unis ont invent\u00e9 l\u2019Europe, et c\u2019est pour cela qu\u2019elle existe. Apr\u00e8s la Seconde guerre mondiale, les \u00c9tats-Unis ont forc\u00e9 les Allemands et les Fran\u00e7ais \u00e0 s\u2019allier. Tout ce qu\u2019ils voulaient,\u00a0c\u2019est que l\u2019Europe fasse partie de leur sph\u00e8re d\u2019influence. L\u2019Europe fait partie de l\u2019empire am\u00e9ricain. Le plan Marshall \u00e9tait un moyen de cr\u00e9er de la d\u00e9pendance, et de pousser l\u2019Allemagne \u00e0 booster son industrie locale. Ce sont les Etats-Unis qui ont construits l\u2019Allemagne comme puissance \u00e9conomique, concentrant 90&#160;% de la monnaie circulant en Europe.<br \/>\n<em>Peut-on vraiment parler d\u2019un d\u00e9sir imp\u00e9rial fran\u00e7ais envers l\u2019Italie, alors qu\u2019il y a eu un moment m\u00e9diterran\u00e9en dans la g\u00e9opolitique fran\u00e7aise, et que les Fran\u00e7ais ont m\u00eame plut\u00f4t l\u2019impression qu\u2019i existe une r\u00e9elle amiti\u00e9 entre les deux pays&#160;?<\/em><br \/>\nOn aimerait que la France soit un alli\u00e9 de l\u2019Italie et qu\u2019il y ait une \u00e9galit\u00e9 entre les deux pays, mais on peut l\u00e9gitimement rester pessimiste sur cela, car la tradition de la France est de poursuivre ses int\u00e9r\u00eats nationaux. C\u2019est le cas en Lybie. Il s\u2019agit d\u2019un parfait exemple de situation o\u00f9 la France et le Royaume-Uni agissent comme si l\u2019on \u00e9tait toujours au XIX<sup>e<\/sup>si\u00e8cle. Ils ne prennent pas en compte les int\u00e9r\u00eats l\u00e9gitimes de l\u2019Italie en Lybie. L\u2019op\u00e9ration Harmattan en Libye a \u00e9t\u00e9 vue par l\u2019Italie comme un moyen de voler l\u2019int\u00e9r\u00eat italien de la Lybie.<br \/>\nLa France et l\u2019Italie ont des points de vue diff\u00e9rents sur la Lybie. Et peut-\u00eatre que le probl\u00e8me est cette profonde diff\u00e9rence de perception<img loading=\"lazy\" decoding=\"async\" class=\" wp-image-2893 alignnone\" src=\"https:\/\/legrandcontinent.eu\/fr\/wp-content\/uploads\/sites\/2\/2017\/08\/screenshot-2017-08-24-23-44-372-e1513981970364.png\" alt=\"\" width=\"17\" height=\"16\" \/><\/p>\n","protected":false},"excerpt":{"rendered":"<p>Par Gabrielle Escaich Pour ce 23e\u00a0Mardi de l\u2019Europe, nous accueillons deux membres de la revue Limes, principale revue italienne de g\u00e9opolitique&#160;&#160;&#160;: Dario Fabbri, expert des \u00c9tats-Unis et membre du comit\u00e9 scientifique de Limes, et Federico Petroni, conseiller de r\u00e9daction de la revue. Nous abordons avec eux le th\u00e8me de la France vue de l\u2019Italie. C\u2019est [&hellip;]<\/p>\n","protected":false},"author":4,"featured_media":10471,"parent":0,"menu_order":0,"comment_status":"closed","ping_status":"closed","template":"","meta":{"_acf_changed":false,"_trash_the_other_posts":false,"_yoast_wpseo_estimated-reading-time-minutes":0,"footnotes":""},"categories":[],"class_list":["post-10470","page","type-page","status-publish","hentry"],"acf":[],"yoast_head":"<!-- This site is optimized with the Yoast SEO plugin v26.1.1 - https:\/\/yoast.com\/wordpress\/plugins\/seo\/ -->\n<title>29 Mai : D\u00e9bat avec la revue italienne de g\u00e9opolitique Limes | Le Grand Continent<\/title>\n<meta name=\"robots\" content=\"index, follow, max-snippet:-1, max-image-preview:large, max-video-preview:-1\" \/>\n<link rel=\"canonical\" href=\"https:\/\/legrandcontinent.eu\/fr\/29-mai-debat-avec-la-revue-italienne-de-geopolitique-limes\/\" \/>\n<meta property=\"og:locale\" content=\"fr_FR\" \/>\n<meta property=\"og:type\" content=\"article\" \/>\n<meta property=\"og:title\" content=\"29 Mai : D\u00e9bat avec la revue italienne de g\u00e9opolitique Limes | Le Grand Continent\" \/>\n<meta property=\"og:description\" content=\"Par Gabrielle Escaich Pour ce 23e\u00a0Mardi de l\u2019Europe, nous accueillons deux membres de la revue Limes, principale revue italienne de g\u00e9opolitique&#160;&#160;: Dario Fabbri, expert des \u00c9tats-Unis et membre du comit\u00e9 scientifique de Limes, et Federico Petroni, conseiller de r\u00e9daction de la revue. Nous abordons avec eux le th\u00e8me de la France vue de l\u2019Italie. C\u2019est [&hellip;]\" \/>\n<meta property=\"og:url\" content=\"https:\/\/legrandcontinent.eu\/fr\/29-mai-debat-avec-la-revue-italienne-de-geopolitique-limes\/\" \/>\n<meta property=\"og:site_name\" content=\"Le Grand Continent\" \/>\n<meta property=\"og:image\" content=\"https:\/\/legrandcontinent.eu\/fr\/wp-content\/uploads\/sites\/2\/2018\/06\/dettaglio_cover_318.jpg\" \/>\n\t<meta property=\"og:image:width\" content=\"930\" \/>\n\t<meta property=\"og:image:height\" content=\"793\" \/>\n\t<meta property=\"og:image:type\" content=\"image\/jpeg\" \/>\n<meta name=\"twitter:card\" content=\"summary_large_image\" \/>\n<meta name=\"twitter:label1\" content=\"Dur\u00e9e de lecture estim\u00e9e\" \/>\n\t<meta name=\"twitter:data1\" content=\"9 minutes\" \/>\n<script type=\"application\/ld+json\" class=\"yoast-schema-graph\">{\"@context\":\"https:\/\/schema.org\",\"@graph\":[{\"@type\":\"WebPage\",\"@id\":\"https:\/\/legrandcontinent.eu\/fr\/29-mai-debat-avec-la-revue-italienne-de-geopolitique-limes\/\",\"url\":\"https:\/\/legrandcontinent.eu\/fr\/29-mai-debat-avec-la-revue-italienne-de-geopolitique-limes\/\",\"name\":\"29 Mai : D\u00e9bat avec la revue italienne de g\u00e9opolitique Limes | Le Grand Continent\",\"isPartOf\":{\"@id\":\"https:\/\/legrandcontinent.eu\/fr\/#website\"},\"primaryImageOfPage\":{\"@id\":\"https:\/\/legrandcontinent.eu\/fr\/29-mai-debat-avec-la-revue-italienne-de-geopolitique-limes\/#primaryimage\"},\"image\":{\"@id\":\"https:\/\/legrandcontinent.eu\/fr\/29-mai-debat-avec-la-revue-italienne-de-geopolitique-limes\/#primaryimage\"},\"thumbnailUrl\":\"https:\/\/legrandcontinent.eu\/fr\/wp-content\/uploads\/sites\/2\/2018\/06\/dettaglio_cover_318.jpg\",\"datePublished\":\"2018-06-01T17:51:09+00:00\",\"breadcrumb\":{\"@id\":\"https:\/\/legrandcontinent.eu\/fr\/29-mai-debat-avec-la-revue-italienne-de-geopolitique-limes\/#breadcrumb\"},\"inLanguage\":\"fr-FR\",\"potentialAction\":[{\"@type\":\"ReadAction\",\"target\":[\"https:\/\/legrandcontinent.eu\/fr\/29-mai-debat-avec-la-revue-italienne-de-geopolitique-limes\/\"]}]},{\"@type\":\"ImageObject\",\"inLanguage\":\"fr-FR\",\"@id\":\"https:\/\/legrandcontinent.eu\/fr\/29-mai-debat-avec-la-revue-italienne-de-geopolitique-limes\/#primaryimage\",\"url\":\"https:\/\/legrandcontinent.eu\/fr\/wp-content\/uploads\/sites\/2\/2018\/06\/dettaglio_cover_318.jpg\",\"contentUrl\":\"https:\/\/legrandcontinent.eu\/fr\/wp-content\/uploads\/sites\/2\/2018\/06\/dettaglio_cover_318.jpg\",\"width\":930,\"height\":793},{\"@type\":\"BreadcrumbList\",\"@id\":\"https:\/\/legrandcontinent.eu\/fr\/29-mai-debat-avec-la-revue-italienne-de-geopolitique-limes\/#breadcrumb\",\"itemListElement\":[{\"@type\":\"ListItem\",\"position\":1,\"name\":\"Accueil\",\"item\":\"https:\/\/legrandcontinent.eu\/fr\/\"},{\"@type\":\"ListItem\",\"position\":2,\"name\":\"29 Mai&#160;: D\u00e9bat avec la revue italienne de g\u00e9opolitique Limes\"}]},{\"@type\":\"WebSite\",\"@id\":\"https:\/\/legrandcontinent.eu\/fr\/#website\",\"url\":\"https:\/\/legrandcontinent.eu\/fr\/\",\"name\":\"Le Grand Continent\",\"description\":\"L&#039;\u00e9chelle pertinente\",\"potentialAction\":[{\"@type\":\"SearchAction\",\"target\":{\"@type\":\"EntryPoint\",\"urlTemplate\":\"https:\/\/legrandcontinent.eu\/fr\/?s={search_term_string}\"},\"query-input\":{\"@type\":\"PropertyValueSpecification\",\"valueRequired\":true,\"valueName\":\"search_term_string\"}}],\"inLanguage\":\"fr-FR\"}]}<\/script>\n<!-- \/ Yoast SEO plugin. -->","yoast_head_json":{"title":"29 Mai : D\u00e9bat avec la revue italienne de g\u00e9opolitique Limes | Le Grand Continent","robots":{"index":"index","follow":"follow","max-snippet":"max-snippet:-1","max-image-preview":"max-image-preview:large","max-video-preview":"max-video-preview:-1"},"canonical":"https:\/\/legrandcontinent.eu\/fr\/29-mai-debat-avec-la-revue-italienne-de-geopolitique-limes\/","og_locale":"fr_FR","og_type":"article","og_title":"29 Mai : D\u00e9bat avec la revue italienne de g\u00e9opolitique Limes | Le Grand Continent","og_description":"Par Gabrielle Escaich Pour ce 23e\u00a0Mardi de l\u2019Europe, nous accueillons deux membres de la revue Limes, principale revue italienne de g\u00e9opolitique&#160;&#160;: Dario Fabbri, expert des \u00c9tats-Unis et membre du comit\u00e9 scientifique de Limes, et Federico Petroni, conseiller de r\u00e9daction de la revue. Nous abordons avec eux le th\u00e8me de la France vue de l\u2019Italie. C\u2019est [&hellip;]","og_url":"https:\/\/legrandcontinent.eu\/fr\/29-mai-debat-avec-la-revue-italienne-de-geopolitique-limes\/","og_site_name":"Le Grand Continent","og_image":[{"width":930,"height":793,"url":"https:\/\/legrandcontinent.eu\/fr\/wp-content\/uploads\/sites\/2\/2018\/06\/dettaglio_cover_318.jpg","type":"image\/jpeg"}],"twitter_card":"summary_large_image","twitter_misc":{"Dur\u00e9e de lecture estim\u00e9e":"9 minutes"},"schema":{"@context":"https:\/\/schema.org","@graph":[{"@type":"WebPage","@id":"https:\/\/legrandcontinent.eu\/fr\/29-mai-debat-avec-la-revue-italienne-de-geopolitique-limes\/","url":"https:\/\/legrandcontinent.eu\/fr\/29-mai-debat-avec-la-revue-italienne-de-geopolitique-limes\/","name":"29 Mai : D\u00e9bat avec la revue italienne de g\u00e9opolitique Limes | Le Grand Continent","isPartOf":{"@id":"https:\/\/legrandcontinent.eu\/fr\/#website"},"primaryImageOfPage":{"@id":"https:\/\/legrandcontinent.eu\/fr\/29-mai-debat-avec-la-revue-italienne-de-geopolitique-limes\/#primaryimage"},"image":{"@id":"https:\/\/legrandcontinent.eu\/fr\/29-mai-debat-avec-la-revue-italienne-de-geopolitique-limes\/#primaryimage"},"thumbnailUrl":"https:\/\/legrandcontinent.eu\/fr\/wp-content\/uploads\/sites\/2\/2018\/06\/dettaglio_cover_318.jpg","datePublished":"2018-06-01T17:51:09+00:00","breadcrumb":{"@id":"https:\/\/legrandcontinent.eu\/fr\/29-mai-debat-avec-la-revue-italienne-de-geopolitique-limes\/#breadcrumb"},"inLanguage":"fr-FR","potentialAction":[{"@type":"ReadAction","target":["https:\/\/legrandcontinent.eu\/fr\/29-mai-debat-avec-la-revue-italienne-de-geopolitique-limes\/"]}]},{"@type":"ImageObject","inLanguage":"fr-FR","@id":"https:\/\/legrandcontinent.eu\/fr\/29-mai-debat-avec-la-revue-italienne-de-geopolitique-limes\/#primaryimage","url":"https:\/\/legrandcontinent.eu\/fr\/wp-content\/uploads\/sites\/2\/2018\/06\/dettaglio_cover_318.jpg","contentUrl":"https:\/\/legrandcontinent.eu\/fr\/wp-content\/uploads\/sites\/2\/2018\/06\/dettaglio_cover_318.jpg","width":930,"height":793},{"@type":"BreadcrumbList","@id":"https:\/\/legrandcontinent.eu\/fr\/29-mai-debat-avec-la-revue-italienne-de-geopolitique-limes\/#breadcrumb","itemListElement":[{"@type":"ListItem","position":1,"name":"Accueil","item":"https:\/\/legrandcontinent.eu\/fr\/"},{"@type":"ListItem","position":2,"name":"29 Mai&#160;: D\u00e9bat avec la revue italienne de g\u00e9opolitique Limes"}]},{"@type":"WebSite","@id":"https:\/\/legrandcontinent.eu\/fr\/#website","url":"https:\/\/legrandcontinent.eu\/fr\/","name":"Le Grand Continent","description":"L&#039;\u00e9chelle pertinente","potentialAction":[{"@type":"SearchAction","target":{"@type":"EntryPoint","urlTemplate":"https:\/\/legrandcontinent.eu\/fr\/?s={search_term_string}"},"query-input":{"@type":"PropertyValueSpecification","valueRequired":true,"valueName":"search_term_string"}}],"inLanguage":"fr-FR"}]}},"_links":{"self":[{"href":"https:\/\/legrandcontinent.eu\/fr\/wp-json\/wp\/v2\/pages\/10470","targetHints":{"allow":["GET"]}}],"collection":[{"href":"https:\/\/legrandcontinent.eu\/fr\/wp-json\/wp\/v2\/pages"}],"about":[{"href":"https:\/\/legrandcontinent.eu\/fr\/wp-json\/wp\/v2\/types\/page"}],"author":[{"embeddable":true,"href":"https:\/\/legrandcontinent.eu\/fr\/wp-json\/wp\/v2\/users\/4"}],"replies":[{"embeddable":true,"href":"https:\/\/legrandcontinent.eu\/fr\/wp-json\/wp\/v2\/comments?post=10470"}],"version-history":[{"count":0,"href":"https:\/\/legrandcontinent.eu\/fr\/wp-json\/wp\/v2\/pages\/10470\/revisions"}],"wp:featuredmedia":[{"embeddable":true,"href":"https:\/\/legrandcontinent.eu\/fr\/wp-json\/wp\/v2\/media\/10471"}],"wp:attachment":[{"href":"https:\/\/legrandcontinent.eu\/fr\/wp-json\/wp\/v2\/media?parent=10470"}],"wp:term":[{"taxonomy":"category","embeddable":true,"href":"https:\/\/legrandcontinent.eu\/fr\/wp-json\/wp\/v2\/categories?post=10470"}],"curies":[{"name":"wp","href":"https:\/\/api.w.org\/{rel}","templated":true}]}}