{"id":355737,"date":"2026-09-02T19:36:36","date_gmt":"2026-09-02T17:36:36","guid":{"rendered":"https:\/\/legrandcontinent.eu\/fr\/?post_type=event&#038;p=355737"},"modified":"2026-09-02T19:36:39","modified_gmt":"2026-09-02T17:36:39","slug":"la-doctrine-ia-du-pape-leon-xiv","status":"publish","type":"event","link":"https:\/\/legrandcontinent.eu\/fr\/evenements\/la-doctrine-ia-du-pape-leon-xiv\/","title":{"rendered":"La doctrine IA du pape L\u00e9on XIV"},"content":{"rendered":"\n<p>Pour ouvrir son cycle de conf\u00e9rences de haut niveau<em> Global Leadership in the Interregnum<\/em>, l\u2019Institut g\u00e9opolitique d\u2019\u00e9tudes avanc\u00e9es a le plaisir de recevoir le fr\u00e8re franciscain <a href=\"https:\/\/legrandcontinent.eu\/fr\/p\/paolo-benanti\/\">Paolo Benanti<\/a>, conseiller en intelligence artificielle du Vatican, membre de l\u2019Acad\u00e9mie pontificale, et l\u2019une des plumes les plus importantes de l\u2019encyclique sur l\u2019IA <em>Magnifica Humanitas<\/em>.<\/p>\n\n\n\n<p>Ainsi, quelques jours avant la visite en France du Pape, Paolo Benanti prononcera une le\u00e7on magistrale, qui \u00e9clairera le contexte et l\u2019interpr\u00e9tation de <em><a href=\"https:\/\/legrandcontinent.eu\/fr\/2026\/05\/25\/magnifica-humanitas-texte-integral-de-lencyclique-de-leon-xiv\/\">Magnifica Humanitas<\/a><\/em> et la position de l\u2019\u00c9glise catholique sur le futur de l\u2019humanit\u00e9 \u00e0 l\u2019\u00e8re de l\u2019intelligence artificielle.<\/p>\n\n\n\n<p>L\u2019\u00e9v\u00e9nement se tiendra en anglais.<\/p>\n\n\n\n<p>Il est ouvert \u00e0 toutes et tous, mais les inscriptions sont obligatoires <a href=\"https:\/\/www.eventbrite.fr\/e\/la-doctrine-ia-du-pape-leon-xiv-tickets-1999081554744?aff=oddtdtcreator&amp;_gl=1*1mzu9i9*_up*MQ..*_ga*MjQ3NDIzMDg2LjE3ODgzNjg2MzM.*_ga_TQVES5V6SH*czE3ODgzNjg2MzIkbzEkZzAkdDE3ODgzNjg2MzIkajYwJGwwJGgw\">en cliquant ici<\/a>. <\/p>\n\n\n\n<h3 class=\"wp-block-heading\">Paolo Benanti<\/h3>\n\n\n\n<p>Ordonn\u00e9 pr\u00eatre en mai 2009 au couvent de Massa Martana, en Italie, Paolo Benanti a obtenu un doctorat en th\u00e9ologie morale \u00e0 l&rsquo;universit\u00e9 pontificale gr\u00e9gorienne en 2012. Il y enseigne depuis 2008 et m\u00e8ne des travaux de recherche sur les nouvelles technologies et l\u2019intelligence artificielle. Il est professeur de philosophie morale au D\u00e9partement des sciences politiques de l&rsquo;universit\u00e9 LUISS Guido Carli.<\/p>\n\n\n\n<p>Dans le Grand Continent, il est notamment l\u2019auteur d\u2019une pi\u00e8ce de doctrine ayant connu une r\u00e9sonance mondiale au moment de la visite du milliardaire de la Silicon Valley Peter Thiel \u00e0 Rome intitul\u00e9e \u00ab&#160;<a href=\"https:\/\/legrandcontinent.eu\/fr\/2026\/03\/14\/thiel-heresie-benanti\/\" target=\"_blank\" rel=\"noreferrer noopener\">L\u2019h\u00e9r\u00e9sie am\u00e9ricaine&#160;: faut-il br\u00fbler Peter Thiel<\/a>&#160;\u00bb.<\/p>\n","protected":false},"author":11,"featured_media":336272,"template":"templates\/event-debate.php","categories":[],"event-type":[4223],"geo":[],"class_list":["post-355737","event","type-event","status-publish","hentry","event-type-conference"],"acf":[],"yoast_head":"<!-- This site is optimized with the Yoast SEO plugin v26.1.1 - https:\/\/yoast.com\/wordpress\/plugins\/seo\/ -->\n<title>La doctrine IA du pape L\u00e9on XIV | Le Grand Continent<\/title>\n<meta name=\"description\" content=\"Conf\u00e9rence du fr\u00e8re franciscain Paolo Benanti \u00e0 l&#039;\u00c9cole normale sup\u00e9rieure, sur la doctrine IA de l&#039;\u00c9glise catholique.\" \/>\n<meta name=\"robots\" content=\"index, follow, max-snippet:-1, max-image-preview:large, max-video-preview:-1\" \/>\n<link rel=\"canonical\" href=\"https:\/\/legrandcontinent.eu\/fr\/evenements\/la-doctrine-ia-du-pape-leon-xiv\/\" \/>\n<meta property=\"og:locale\" content=\"fr_FR\" \/>\n<meta property=\"og:type\" content=\"article\" \/>\n<meta property=\"og:title\" content=\"La doctrine IA du pape L\u00e9on XIV | Le Grand Continent\" \/>\n<meta property=\"og:description\" content=\"Conf\u00e9rence du fr\u00e8re franciscain Paolo Benanti \u00e0 l&#039;\u00c9cole normale sup\u00e9rieure, sur la doctrine IA de l&#039;\u00c9glise catholique.\" \/>\n<meta property=\"og:url\" content=\"https:\/\/legrandcontinent.eu\/fr\/evenements\/la-doctrine-ia-du-pape-leon-xiv\/\" \/>\n<meta property=\"og:site_name\" content=\"Le Grand Continent\" \/>\n<meta property=\"article:modified_time\" content=\"2026-09-02T17:36:39+00:00\" \/>\n<meta property=\"og:image\" content=\"https:\/\/legrandcontinent.eu\/fr\/wp-content\/uploads\/sites\/2\/2026\/09\/eventi_3-formati_c2.jpg\" \/>\n\t<meta property=\"og:image:width\" content=\"2362\" \/>\n\t<meta property=\"og:image:height\" content=\"1181\" \/>\n\t<meta property=\"og:image:type\" content=\"image\/jpeg\" \/>\n<meta name=\"twitter:card\" content=\"summary_large_image\" \/>\n<meta name=\"twitter:image\" content=\"https:\/\/legrandcontinent.eu\/fr\/wp-content\/uploads\/sites\/2\/2026\/09\/eventi_3-formati_c2.jpg\" \/>\n<meta name=\"twitter:label1\" content=\"Dur\u00e9e de lecture estim\u00e9e\" \/>\n\t<meta name=\"twitter:data1\" content=\"2 minutes\" \/>\n<script type=\"application\/ld+json\" class=\"yoast-schema-graph\">{\"@context\":\"https:\/\/schema.org\",\"@graph\":[{\"@type\":\"WebPage\",\"@id\":\"https:\/\/legrandcontinent.eu\/fr\/evenements\/la-doctrine-ia-du-pape-leon-xiv\/\",\"url\":\"https:\/\/legrandcontinent.eu\/fr\/evenements\/la-doctrine-ia-du-pape-leon-xiv\/\",\"name\":\"La doctrine IA du pape L\u00e9on XIV | Le Grand Continent\",\"isPartOf\":{\"@id\":\"https:\/\/legrandcontinent.eu\/fr\/#website\"},\"primaryImageOfPage\":{\"@id\":\"https:\/\/legrandcontinent.eu\/fr\/evenements\/la-doctrine-ia-du-pape-leon-xiv\/#primaryimage\"},\"image\":{\"@id\":\"https:\/\/legrandcontinent.eu\/fr\/evenements\/la-doctrine-ia-du-pape-leon-xiv\/#primaryimage\"},\"thumbnailUrl\":\"https:\/\/legrandcontinent.eu\/fr\/wp-content\/uploads\/sites\/2\/2026\/05\/SIPA_01262059_000016.jpg\",\"datePublished\":\"2026-09-02T17:36:36+00:00\",\"dateModified\":\"2026-09-02T17:36:39+00:00\",\"description\":\"Conf\u00e9rence du fr\u00e8re franciscain Paolo Benanti \u00e0 l'\u00c9cole normale sup\u00e9rieure, sur la doctrine IA de l'\u00c9glise catholique.\",\"breadcrumb\":{\"@id\":\"https:\/\/legrandcontinent.eu\/fr\/evenements\/la-doctrine-ia-du-pape-leon-xiv\/#breadcrumb\"},\"inLanguage\":\"fr-FR\",\"potentialAction\":[{\"@type\":\"ReadAction\",\"target\":[\"https:\/\/legrandcontinent.eu\/fr\/evenements\/la-doctrine-ia-du-pape-leon-xiv\/\"]}]},{\"@type\":\"ImageObject\",\"inLanguage\":\"fr-FR\",\"@id\":\"https:\/\/legrandcontinent.eu\/fr\/evenements\/la-doctrine-ia-du-pape-leon-xiv\/#primaryimage\",\"url\":\"https:\/\/legrandcontinent.eu\/fr\/wp-content\/uploads\/sites\/2\/2026\/05\/SIPA_01262059_000016.jpg\",\"contentUrl\":\"https:\/\/legrandcontinent.eu\/fr\/wp-content\/uploads\/sites\/2\/2026\/05\/SIPA_01262059_000016.jpg\",\"width\":2260,\"height\":1507,\"caption\":\"Stations of the Cross at the Colosseum during the traditional Good Friday celebration. Pictured is Pope Leo XIV.\/\/AGFEDITORIAL_AGF0016\/Credit:Francesco Fotia\/AGF\/SIPA\/2604041244\"},{\"@type\":\"BreadcrumbList\",\"@id\":\"https:\/\/legrandcontinent.eu\/fr\/evenements\/la-doctrine-ia-du-pape-leon-xiv\/#breadcrumb\",\"itemListElement\":[{\"@type\":\"ListItem\",\"position\":1,\"name\":\"Accueil\",\"item\":\"https:\/\/legrandcontinent.eu\/fr\/\"},{\"@type\":\"ListItem\",\"position\":2,\"name\":\"Events\",\"item\":\"https:\/\/legrandcontinent.eu\/fr\/events\/\"},{\"@type\":\"ListItem\",\"position\":3,\"name\":\"La doctrine IA du pape L\u00e9on XIV\"}]},{\"@type\":\"WebSite\",\"@id\":\"https:\/\/legrandcontinent.eu\/fr\/#website\",\"url\":\"https:\/\/legrandcontinent.eu\/fr\/\",\"name\":\"Le Grand Continent\",\"description\":\"L&#039;\u00e9chelle pertinente\",\"potentialAction\":[{\"@type\":\"SearchAction\",\"target\":{\"@type\":\"EntryPoint\",\"urlTemplate\":\"https:\/\/legrandcontinent.eu\/fr\/?s={search_term_string}\"},\"query-input\":{\"@type\":\"PropertyValueSpecification\",\"valueRequired\":true,\"valueName\":\"search_term_string\"}}],\"inLanguage\":\"fr-FR\"}]}<\/script>\n<!-- \/ Yoast SEO plugin. -->","yoast_head_json":{"title":"La doctrine IA du pape L\u00e9on XIV | Le Grand Continent","description":"Conf\u00e9rence du fr\u00e8re franciscain Paolo Benanti \u00e0 l'\u00c9cole normale sup\u00e9rieure, sur la doctrine IA de l'\u00c9glise catholique.","robots":{"index":"index","follow":"follow","max-snippet":"max-snippet:-1","max-image-preview":"max-image-preview:large","max-video-preview":"max-video-preview:-1"},"canonical":"https:\/\/legrandcontinent.eu\/fr\/evenements\/la-doctrine-ia-du-pape-leon-xiv\/","og_locale":"fr_FR","og_type":"article","og_title":"La doctrine IA du pape L\u00e9on XIV | Le Grand Continent","og_description":"Conf\u00e9rence du fr\u00e8re franciscain Paolo Benanti \u00e0 l'\u00c9cole normale sup\u00e9rieure, sur la doctrine IA de l'\u00c9glise catholique.","og_url":"https:\/\/legrandcontinent.eu\/fr\/evenements\/la-doctrine-ia-du-pape-leon-xiv\/","og_site_name":"Le Grand Continent","article_modified_time":"2026-09-02T17:36:39+00:00","og_image":[{"width":2362,"height":1181,"url":"https:\/\/legrandcontinent.eu\/fr\/wp-content\/uploads\/sites\/2\/2026\/09\/eventi_3-formati_c2.jpg","type":"image\/jpeg"}],"twitter_card":"summary_large_image","twitter_image":"https:\/\/legrandcontinent.eu\/fr\/wp-content\/uploads\/sites\/2\/2026\/09\/eventi_3-formati_c2.jpg","twitter_misc":{"Dur\u00e9e de lecture estim\u00e9e":"2 minutes"},"schema":{"@context":"https:\/\/schema.org","@graph":[{"@type":"WebPage","@id":"https:\/\/legrandcontinent.eu\/fr\/evenements\/la-doctrine-ia-du-pape-leon-xiv\/","url":"https:\/\/legrandcontinent.eu\/fr\/evenements\/la-doctrine-ia-du-pape-leon-xiv\/","name":"La doctrine IA du pape L\u00e9on XIV | Le Grand Continent","isPartOf":{"@id":"https:\/\/legrandcontinent.eu\/fr\/#website"},"primaryImageOfPage":{"@id":"https:\/\/legrandcontinent.eu\/fr\/evenements\/la-doctrine-ia-du-pape-leon-xiv\/#primaryimage"},"image":{"@id":"https:\/\/legrandcontinent.eu\/fr\/evenements\/la-doctrine-ia-du-pape-leon-xiv\/#primaryimage"},"thumbnailUrl":"https:\/\/legrandcontinent.eu\/fr\/wp-content\/uploads\/sites\/2\/2026\/05\/SIPA_01262059_000016.jpg","datePublished":"2026-09-02T17:36:36+00:00","dateModified":"2026-09-02T17:36:39+00:00","description":"Conf\u00e9rence du fr\u00e8re franciscain Paolo Benanti \u00e0 l'\u00c9cole normale sup\u00e9rieure, sur la doctrine IA de l'\u00c9glise catholique.","breadcrumb":{"@id":"https:\/\/legrandcontinent.eu\/fr\/evenements\/la-doctrine-ia-du-pape-leon-xiv\/#breadcrumb"},"inLanguage":"fr-FR","potentialAction":[{"@type":"ReadAction","target":["https:\/\/legrandcontinent.eu\/fr\/evenements\/la-doctrine-ia-du-pape-leon-xiv\/"]}]},{"@type":"ImageObject","inLanguage":"fr-FR","@id":"https:\/\/legrandcontinent.eu\/fr\/evenements\/la-doctrine-ia-du-pape-leon-xiv\/#primaryimage","url":"https:\/\/legrandcontinent.eu\/fr\/wp-content\/uploads\/sites\/2\/2026\/05\/SIPA_01262059_000016.jpg","contentUrl":"https:\/\/legrandcontinent.eu\/fr\/wp-content\/uploads\/sites\/2\/2026\/05\/SIPA_01262059_000016.jpg","width":2260,"height":1507,"caption":"Stations of the Cross at the Colosseum during the traditional Good Friday celebration. Pictured is Pope Leo XIV.\/\/AGFEDITORIAL_AGF0016\/Credit:Francesco Fotia\/AGF\/SIPA\/2604041244"},{"@type":"BreadcrumbList","@id":"https:\/\/legrandcontinent.eu\/fr\/evenements\/la-doctrine-ia-du-pape-leon-xiv\/#breadcrumb","itemListElement":[{"@type":"ListItem","position":1,"name":"Accueil","item":"https:\/\/legrandcontinent.eu\/fr\/"},{"@type":"ListItem","position":2,"name":"Events","item":"https:\/\/legrandcontinent.eu\/fr\/events\/"},{"@type":"ListItem","position":3,"name":"La doctrine IA du pape L\u00e9on XIV"}]},{"@type":"WebSite","@id":"https:\/\/legrandcontinent.eu\/fr\/#website","url":"https:\/\/legrandcontinent.eu\/fr\/","name":"Le Grand Continent","description":"L&#039;\u00e9chelle pertinente","potentialAction":[{"@type":"SearchAction","target":{"@type":"EntryPoint","urlTemplate":"https:\/\/legrandcontinent.eu\/fr\/?s={search_term_string}"},"query-input":{"@type":"PropertyValueSpecification","valueRequired":true,"valueName":"search_term_string"}}],"inLanguage":"fr-FR"}]}},"_links":{"self":[{"href":"https:\/\/legrandcontinent.eu\/fr\/wp-json\/wp\/v2\/event\/355737","targetHints":{"allow":["GET"]}}],"collection":[{"href":"https:\/\/legrandcontinent.eu\/fr\/wp-json\/wp\/v2\/event"}],"about":[{"href":"https:\/\/legrandcontinent.eu\/fr\/wp-json\/wp\/v2\/types\/event"}],"author":[{"embeddable":true,"href":"https:\/\/legrandcontinent.eu\/fr\/wp-json\/wp\/v2\/users\/11"}],"wp:featuredmedia":[{"embeddable":true,"href":"https:\/\/legrandcontinent.eu\/fr\/wp-json\/wp\/v2\/media\/336272"}],"wp:attachment":[{"href":"https:\/\/legrandcontinent.eu\/fr\/wp-json\/wp\/v2\/media?parent=355737"}],"wp:term":[{"taxonomy":"category","embeddable":true,"href":"https:\/\/legrandcontinent.eu\/fr\/wp-json\/wp\/v2\/categories?post=355737"},{"taxonomy":"event-type","embeddable":true,"href":"https:\/\/legrandcontinent.eu\/fr\/wp-json\/wp\/v2\/event-type?post=355737"},{"taxonomy":"geo","embeddable":true,"href":"https:\/\/legrandcontinent.eu\/fr\/wp-json\/wp\/v2\/geo?post=355737"}],"curies":[{"name":"wp","href":"https:\/\/api.w.org\/{rel}","templated":true}]}}