{"id":28193,"date":"2019-04-07T15:31:48","date_gmt":"2019-04-07T13:31:48","guid":{"rendered":"https:\/\/legrandcontinent.eu\/fr\/?post_type=event&#038;p=28193"},"modified":"2019-04-07T15:31:48","modified_gmt":"2019-04-07T13:31:48","slug":"colloque-europe-que-faire","status":"publish","type":"event","link":"https:\/\/legrandcontinent.eu\/fr\/evenements\/colloque-europe-que-faire\/","title":{"rendered":"Colloque \u00ab&#160;Europe. Que faire&#160;?&#160;\u00bb"},"content":{"rendered":"\n<p>Ce colloque prolonge le travail r\u00e9alis\u00e9 pour le num\u00e9ro \u00e0 para\u00eetre sous le titre \u00ab&#160;Europe&#160;\u00bb de la revue philosophique <em>No\u00e8sis<\/em> (n\u00b030-31, Printemps 2017-Automne 2018) du Centre de recherches en histoires des id\u00e9es de l\u2019Universit\u00e9 Nice Sophia Antipolis.<\/p>\n\n\n\n<p>Le choix du th\u00e8me de l\u2019Europe r\u00e9sulte du constat de l\u2019accumulation des crises europ\u00e9ennes. Dites \u00ab&#160;des r\u00e9fugi\u00e9-e-s&#160;\u00bb, \u00ab&#160;constitutionnelle&#160;\u00bb, \u00ab&#160;grecque&#160;\u00bb, \u00ab&#160;des dettes souveraines&#160;\u00bb, \u00ab&#160;de la zone Euro&#160;\u00bb, \u00ab&#160;ukrainienne&#160;\u00bb, \u00ab&#160;s\u00e9curitaire&#160;\u00bb, ou encore \u00ab&#160;Brexit&#160;\u00bb, leur violence et leur imbrication sont telles qu\u2019elles paraissent relever d\u2019une crise de l\u2019Europe en tant que telle, et requ\u00e9rir, pour leur compr\u00e9hension et leur surmontement, un examen global. La forme de ce constat n\u2019est pas nouvelle&#160;: en 1935 d\u00e9j\u00e0, dans La crise de l\u2019humanit\u00e9 europ\u00e9enne et la philosophie, Husserl th\u00e9matisait \u00ab&#160;la crise de l\u2019humanit\u00e9 europ\u00e9enne&#160;\u00bb, faisant aussi remarquer la r\u00e9currence \u00ab&#160;du th\u00e8me [\u2026] de la crise europ\u00e9enne&#160;\u00bb. Pr\u00e9cis\u00e9ment, la r\u00e9currence de cette r\u00e9currence ne prouve-t-elle pas l\u2019anciennet\u00e9 et la radicalit\u00e9 de la crise actuelle de l\u2019Europe, l\u2019anciennet\u00e9 de son irr\u00e9solution aussi et donc la n\u00e9cessit\u00e9, pour la surmonter, de r\u00e9p\u00e9ter, diff\u00e9remment, la tentative de la comprendre&#160;? Les titres du num\u00e9ro et du colloque \u2013 Europe et Europe. Que faire&#160;? \u2013 signifient la proposition, pour cela, de proc\u00e9der avec la simplicit\u00e9 ad\u00e9quate \u00e0 la radicalit\u00e9 suppos\u00e9e de la crise, en demandant ce qu\u2019il faut comprendre sous le nom d\u2019Europe.<\/p>\n\n\n\n<p>Il s\u2019agit d\u2019\u00e9laborer collectivement un concept d\u2019Europe, dont nous savons au moins&#160;: que, loin de sa formulation par Husserl comme \u00ab&#160;t\u00e9l\u00e9ologie historique des buts infinis de la raison&#160;\u00bb, il int\u00e8gre l\u2019incompr\u00e9hension europ\u00e9enne de la situation europ\u00e9enne&#160;; qu\u2019il requiert donc, pour son \u00e9laboration, les perspectives des ext\u00e9riorit\u00e9s de l\u2019Europe et une autre m\u00e9thode, notamment l\u2019association de la philosophie et des sciences sociales&#160;; et qu\u2019il est cens\u00e9 constituer, non seulement une connaissance nouvelle, mais aussi une norme de l\u2019action et tendre \u00e0 son effectuation. La question \u00ab&#160;Qu\u2019est-ce que l\u2019Europe&#160;?&#160;\u00bb se d\u00e9veloppe en la question \u00ab&#160;Que faire&#160;?&#160;\u00bb, qui signifie \u00e0 la fois&#160;: \u00ab&#160;Que faire en Europe&#160;?&#160;\u00bb et \u00ab&#160;Que faire, en Europe et hors d\u2019Europe, de l\u2019Europe&#160;?&#160;\u00bb. Elle engage r\u00e9flexivement le probl\u00e8me de la responsabilit\u00e9 du champ scientifique et des conditions de sa mobilisation.<\/p>\n\n\n\n<p><strong>Date(s)<\/strong><\/p>\n\n\n\n<ul class=\"wp-block-list\"><li>Jeudi 8 mars 2018 &#8211; 09:00 &#8211; 19:30<\/li><li>Vendredi 9 mars 2018 &#8211; 13:30 &#8211; 21:00<\/li><\/ul>\n\n\n\n<p><strong>Lieu(x)<\/strong><\/p>\n\n\n\n<ul class=\"wp-block-list\"><li>Universit\u00e9 Paris Sciences et Lettres (Salle du conseil), 60 rue Mazarine, 75006 Paris. (8 mars 2018 &#8211; 9h \u00e0 13h30)\/ EHESS (salle 8), 105 Bd Raspail, 75006 Paris. (8 mars 2018 &#8211; 14h30 \u00e0 19H30)\/ EHESS (amphith\u00e9\u00e2tre Fran\u00e7ois Furet), 105 Bd Raspail, 75006 Paris. (9 mars 2018 &#8211; 13h30 \u00e0 21H00)<\/li><\/ul>\n\n\n\n<p><strong>Contact(s)<\/strong><\/p>\n\n\n\n<ul class=\"wp-block-list\"><li>salim.abdelmadjid@ehess.fr<\/li><\/ul>\n\n\n\n<p><strong>\u00c0 consulter<\/strong><\/p>\n\n\n\n<ul class=\"wp-block-list\"><li><a href=\"http:\/\/imaf.cnrs.fr\/spip.php?article2558\">Site de l&rsquo;IMAF<\/a><\/li><\/ul>\n\n\n\n<p><strong>\u00c0 t\u00e9l\u00e9charger<\/strong><\/p>\n\n\n\n<ul class=\"wp-block-list\"><li><a href=\"https:\/\/www.ehess.fr\/sites\/default\/files\/evenements\/fichiers\/europe.quefaire_ehess_8-9.3.18_programme.pdf\">Programme du colloque<\/a><\/li><\/ul>\n","protected":false},"author":193,"featured_media":29446,"template":"templates\/event-seminar.php","categories":[],"event-type":[],"geo":[1876],"class_list":["post-28193","event","type-event","status-publish","hentry","geo-paris"],"acf":[],"yoast_head":"<!-- This site is optimized with the Yoast SEO plugin v26.1.1 - https:\/\/yoast.com\/wordpress\/plugins\/seo\/ -->\n<title>Colloque \u00ab Europe. Que faire ? \u00bb | Le Grand Continent<\/title>\n<meta name=\"robots\" content=\"index, follow, max-snippet:-1, max-image-preview:large, max-video-preview:-1\" \/>\n<link rel=\"canonical\" href=\"https:\/\/legrandcontinent.eu\/fr\/evenements\/colloque-europe-que-faire\/\" \/>\n<meta property=\"og:locale\" content=\"fr_FR\" \/>\n<meta property=\"og:type\" content=\"article\" \/>\n<meta property=\"og:title\" content=\"Colloque \u00ab Europe. Que faire ? \u00bb | Le Grand Continent\" \/>\n<meta property=\"og:description\" content=\"Ce colloque prolonge le travail r\u00e9alis\u00e9 pour le num\u00e9ro \u00e0 para\u00eetre sous le titre \u00ab&#160;Europe&#160;\u00bb de la revue philosophique No\u00e8sis (n\u00b030-31, Printemps 2017-Automne 2018) du Centre de recherches en histoires des id\u00e9es de l\u2019Universit\u00e9 Nice Sophia Antipolis. Le choix du th\u00e8me de l\u2019Europe r\u00e9sulte du constat de l\u2019accumulation des crises europ\u00e9ennes. Dites \u00ab&#160;des r\u00e9fugi\u00e9-e-s&#160;\u00bb, \u00ab&#160;constitutionnelle&#160;\u00bb, \u00ab&#160;grecque&#160;\u00bb, \u00ab&#160;des [&hellip;]\" \/>\n<meta property=\"og:url\" content=\"https:\/\/legrandcontinent.eu\/fr\/evenements\/colloque-europe-que-faire\/\" \/>\n<meta property=\"og:site_name\" content=\"Le Grand Continent\" \/>\n<meta property=\"og:image\" content=\"https:\/\/legrandcontinent.eu\/fr\/wp-content\/uploads\/sites\/2\/2019\/04\/flags_europe_eu_flag_european_blow_country_europe_palace-536344.jpgd_.jpg\" \/>\n\t<meta property=\"og:image:width\" content=\"848\" \/>\n\t<meta property=\"og:image:height\" content=\"430\" \/>\n\t<meta property=\"og:image:type\" content=\"image\/jpeg\" \/>\n<meta name=\"twitter:card\" content=\"summary_large_image\" \/>\n<meta name=\"twitter:label1\" content=\"Dur\u00e9e de lecture estim\u00e9e\" \/>\n\t<meta name=\"twitter:data1\" content=\"2 minutes\" \/>\n<script type=\"application\/ld+json\" class=\"yoast-schema-graph\">{\"@context\":\"https:\/\/schema.org\",\"@graph\":[{\"@type\":\"WebPage\",\"@id\":\"https:\/\/legrandcontinent.eu\/fr\/evenements\/colloque-europe-que-faire\/\",\"url\":\"https:\/\/legrandcontinent.eu\/fr\/evenements\/colloque-europe-que-faire\/\",\"name\":\"Colloque \u00ab Europe. Que faire ? \u00bb | Le Grand Continent\",\"isPartOf\":{\"@id\":\"https:\/\/legrandcontinent.eu\/fr\/#website\"},\"primaryImageOfPage\":{\"@id\":\"https:\/\/legrandcontinent.eu\/fr\/evenements\/colloque-europe-que-faire\/#primaryimage\"},\"image\":{\"@id\":\"https:\/\/legrandcontinent.eu\/fr\/evenements\/colloque-europe-que-faire\/#primaryimage\"},\"thumbnailUrl\":\"https:\/\/legrandcontinent.eu\/fr\/wp-content\/uploads\/sites\/2\/2019\/04\/flags_europe_eu_flag_european_blow_country_europe_palace-536344.jpgd_.jpg\",\"datePublished\":\"2019-04-07T13:31:48+00:00\",\"breadcrumb\":{\"@id\":\"https:\/\/legrandcontinent.eu\/fr\/evenements\/colloque-europe-que-faire\/#breadcrumb\"},\"inLanguage\":\"fr-FR\",\"potentialAction\":[{\"@type\":\"ReadAction\",\"target\":[\"https:\/\/legrandcontinent.eu\/fr\/evenements\/colloque-europe-que-faire\/\"]}]},{\"@type\":\"ImageObject\",\"inLanguage\":\"fr-FR\",\"@id\":\"https:\/\/legrandcontinent.eu\/fr\/evenements\/colloque-europe-que-faire\/#primaryimage\",\"url\":\"https:\/\/legrandcontinent.eu\/fr\/wp-content\/uploads\/sites\/2\/2019\/04\/flags_europe_eu_flag_european_blow_country_europe_palace-536344.jpgd_.jpg\",\"contentUrl\":\"https:\/\/legrandcontinent.eu\/fr\/wp-content\/uploads\/sites\/2\/2019\/04\/flags_europe_eu_flag_european_blow_country_europe_palace-536344.jpgd_.jpg\",\"width\":848,\"height\":430},{\"@type\":\"BreadcrumbList\",\"@id\":\"https:\/\/legrandcontinent.eu\/fr\/evenements\/colloque-europe-que-faire\/#breadcrumb\",\"itemListElement\":[{\"@type\":\"ListItem\",\"position\":1,\"name\":\"Accueil\",\"item\":\"https:\/\/legrandcontinent.eu\/fr\/\"},{\"@type\":\"ListItem\",\"position\":2,\"name\":\"Events\",\"item\":\"https:\/\/legrandcontinent.eu\/fr\/events\/\"},{\"@type\":\"ListItem\",\"position\":3,\"name\":\"Colloque \u00ab&#160;Europe. Que faire&#160;?&#160;\u00bb\"}]},{\"@type\":\"WebSite\",\"@id\":\"https:\/\/legrandcontinent.eu\/fr\/#website\",\"url\":\"https:\/\/legrandcontinent.eu\/fr\/\",\"name\":\"Le Grand Continent\",\"description\":\"L&#039;\u00e9chelle pertinente\",\"potentialAction\":[{\"@type\":\"SearchAction\",\"target\":{\"@type\":\"EntryPoint\",\"urlTemplate\":\"https:\/\/legrandcontinent.eu\/fr\/?s={search_term_string}\"},\"query-input\":{\"@type\":\"PropertyValueSpecification\",\"valueRequired\":true,\"valueName\":\"search_term_string\"}}],\"inLanguage\":\"fr-FR\"}]}<\/script>\n<!-- \/ Yoast SEO plugin. -->","yoast_head_json":{"title":"Colloque \u00ab Europe. Que faire ? \u00bb | Le Grand Continent","robots":{"index":"index","follow":"follow","max-snippet":"max-snippet:-1","max-image-preview":"max-image-preview:large","max-video-preview":"max-video-preview:-1"},"canonical":"https:\/\/legrandcontinent.eu\/fr\/evenements\/colloque-europe-que-faire\/","og_locale":"fr_FR","og_type":"article","og_title":"Colloque \u00ab Europe. Que faire ? \u00bb | Le Grand Continent","og_description":"Ce colloque prolonge le travail r\u00e9alis\u00e9 pour le num\u00e9ro \u00e0 para\u00eetre sous le titre \u00ab&#160;Europe&#160;\u00bb de la revue philosophique No\u00e8sis (n\u00b030-31, Printemps 2017-Automne 2018) du Centre de recherches en histoires des id\u00e9es de l\u2019Universit\u00e9 Nice Sophia Antipolis. Le choix du th\u00e8me de l\u2019Europe r\u00e9sulte du constat de l\u2019accumulation des crises europ\u00e9ennes. Dites \u00ab&#160;des r\u00e9fugi\u00e9-e-s&#160;\u00bb, \u00ab&#160;constitutionnelle&#160;\u00bb, \u00ab&#160;grecque&#160;\u00bb, \u00ab&#160;des [&hellip;]","og_url":"https:\/\/legrandcontinent.eu\/fr\/evenements\/colloque-europe-que-faire\/","og_site_name":"Le Grand Continent","og_image":[{"width":848,"height":430,"url":"https:\/\/legrandcontinent.eu\/fr\/wp-content\/uploads\/sites\/2\/2019\/04\/flags_europe_eu_flag_european_blow_country_europe_palace-536344.jpgd_.jpg","type":"image\/jpeg"}],"twitter_card":"summary_large_image","twitter_misc":{"Dur\u00e9e de lecture estim\u00e9e":"2 minutes"},"schema":{"@context":"https:\/\/schema.org","@graph":[{"@type":"WebPage","@id":"https:\/\/legrandcontinent.eu\/fr\/evenements\/colloque-europe-que-faire\/","url":"https:\/\/legrandcontinent.eu\/fr\/evenements\/colloque-europe-que-faire\/","name":"Colloque \u00ab Europe. Que faire ? \u00bb | Le Grand Continent","isPartOf":{"@id":"https:\/\/legrandcontinent.eu\/fr\/#website"},"primaryImageOfPage":{"@id":"https:\/\/legrandcontinent.eu\/fr\/evenements\/colloque-europe-que-faire\/#primaryimage"},"image":{"@id":"https:\/\/legrandcontinent.eu\/fr\/evenements\/colloque-europe-que-faire\/#primaryimage"},"thumbnailUrl":"https:\/\/legrandcontinent.eu\/fr\/wp-content\/uploads\/sites\/2\/2019\/04\/flags_europe_eu_flag_european_blow_country_europe_palace-536344.jpgd_.jpg","datePublished":"2019-04-07T13:31:48+00:00","breadcrumb":{"@id":"https:\/\/legrandcontinent.eu\/fr\/evenements\/colloque-europe-que-faire\/#breadcrumb"},"inLanguage":"fr-FR","potentialAction":[{"@type":"ReadAction","target":["https:\/\/legrandcontinent.eu\/fr\/evenements\/colloque-europe-que-faire\/"]}]},{"@type":"ImageObject","inLanguage":"fr-FR","@id":"https:\/\/legrandcontinent.eu\/fr\/evenements\/colloque-europe-que-faire\/#primaryimage","url":"https:\/\/legrandcontinent.eu\/fr\/wp-content\/uploads\/sites\/2\/2019\/04\/flags_europe_eu_flag_european_blow_country_europe_palace-536344.jpgd_.jpg","contentUrl":"https:\/\/legrandcontinent.eu\/fr\/wp-content\/uploads\/sites\/2\/2019\/04\/flags_europe_eu_flag_european_blow_country_europe_palace-536344.jpgd_.jpg","width":848,"height":430},{"@type":"BreadcrumbList","@id":"https:\/\/legrandcontinent.eu\/fr\/evenements\/colloque-europe-que-faire\/#breadcrumb","itemListElement":[{"@type":"ListItem","position":1,"name":"Accueil","item":"https:\/\/legrandcontinent.eu\/fr\/"},{"@type":"ListItem","position":2,"name":"Events","item":"https:\/\/legrandcontinent.eu\/fr\/events\/"},{"@type":"ListItem","position":3,"name":"Colloque \u00ab&#160;Europe. Que faire&#160;?&#160;\u00bb"}]},{"@type":"WebSite","@id":"https:\/\/legrandcontinent.eu\/fr\/#website","url":"https:\/\/legrandcontinent.eu\/fr\/","name":"Le Grand Continent","description":"L&#039;\u00e9chelle pertinente","potentialAction":[{"@type":"SearchAction","target":{"@type":"EntryPoint","urlTemplate":"https:\/\/legrandcontinent.eu\/fr\/?s={search_term_string}"},"query-input":{"@type":"PropertyValueSpecification","valueRequired":true,"valueName":"search_term_string"}}],"inLanguage":"fr-FR"}]}},"_links":{"self":[{"href":"https:\/\/legrandcontinent.eu\/fr\/wp-json\/wp\/v2\/event\/28193","targetHints":{"allow":["GET"]}}],"collection":[{"href":"https:\/\/legrandcontinent.eu\/fr\/wp-json\/wp\/v2\/event"}],"about":[{"href":"https:\/\/legrandcontinent.eu\/fr\/wp-json\/wp\/v2\/types\/event"}],"author":[{"embeddable":true,"href":"https:\/\/legrandcontinent.eu\/fr\/wp-json\/wp\/v2\/users\/193"}],"wp:featuredmedia":[{"embeddable":true,"href":"https:\/\/legrandcontinent.eu\/fr\/wp-json\/wp\/v2\/media\/29446"}],"wp:attachment":[{"href":"https:\/\/legrandcontinent.eu\/fr\/wp-json\/wp\/v2\/media?parent=28193"}],"wp:term":[{"taxonomy":"category","embeddable":true,"href":"https:\/\/legrandcontinent.eu\/fr\/wp-json\/wp\/v2\/categories?post=28193"},{"taxonomy":"event-type","embeddable":true,"href":"https:\/\/legrandcontinent.eu\/fr\/wp-json\/wp\/v2\/event-type?post=28193"},{"taxonomy":"geo","embeddable":true,"href":"https:\/\/legrandcontinent.eu\/fr\/wp-json\/wp\/v2\/geo?post=28193"}],"curies":[{"name":"wp","href":"https:\/\/api.w.org\/{rel}","templated":true}]}}