{"id":26971,"date":"2019-04-06T19:07:28","date_gmt":"2019-04-06T17:07:28","guid":{"rendered":"https:\/\/legrandcontinent.eu\/fr\/?post_type=event&#038;p=26971"},"modified":"2019-04-06T19:54:56","modified_gmt":"2019-04-06T17:54:56","slug":"leurope-entre-mondialisation-empires-et-populismes-res-publica-ou-fin-de-lhistoire","status":"publish","type":"event","link":"https:\/\/legrandcontinent.eu\/fr\/evenements\/leurope-entre-mondialisation-empires-et-populismes-res-publica-ou-fin-de-lhistoire\/","title":{"rendered":"L\u2019EUROPE ENTRE MONDIALISATION, EMPIRES ET POPULISMES&#160;: \u00ab&#160;RES PUBLICA&#160;\u00bb OU \u00ab&#160;FIN DE L\u2019HISTOIRE&#160;\u00bb&#160;?"},"content":{"rendered":"\n<p>Alors que l\u2019Union europ\u00e9enne doit faire face \u00e0 de multiples \u00ab&#160;crises&#160;\u00bb, \u00e0 des critiques sur son efficacit\u00e9 ou sa l\u00e9gitimit\u00e9, les rencontres \u00ab&#160;<strong>Europe Koj\u00e8ve 2018 <\/strong>&#160;\u00bb, viseront, \u00e0 partir de l\u2019\u0153uvre et du parcours d\u2019Alexandre Koj\u00e8ve, \u00e0 mieux situer le travail de construction de l\u2019Europe dans l\u2019espace et dans le temps, au-del\u00e0 des seules injonctions du pr\u00e9sent.<\/p>\n\n\n\n<p>Il s\u2019agira d\u2019entendre des responsables publics europ\u00e9ens (aux niveaux politique et administratif), des enseignants et chercheurs connaisseurs de Koj\u00e8ve comme de l\u2019Union europ\u00e9enne et des psychanalystes, afin d\u2019examiner de concert (par assonances, et dissonances si besoin est) certains des d\u00e9veloppements europ\u00e9ens actuels \u00e0 la lumi\u00e8re d\u2019analyses et de th\u00e8ses koj\u00e9viennes (dont celles sur la \u00ab&#160;fin de l\u2019histoire&#160;\u00bb et \u00ab&#160;l\u2019Etat universel et homog\u00e8ne&#160;\u00bb).<\/p>\n\n\n\n<p>En effet, alors que la t\u00e2che de construire l\u2019Europe peut sembler parfois presque impossible, n\u2019y a-t-il pas lieu de mettre en pr\u00e9sence des acteurs venant d\u2019horizons vari\u00e9s, pr\u00e9cis\u00e9ment des repr\u00e9sentants des professions que Freud nommait \u00ab&#160;impossibles&#160;\u00bb&#160;: celles \u00ab&#160;dans lesquelles on peut d\u2019embl\u00e9e \u00eatre s\u00fbr d\u2019un succ\u00e8s insuffisant&#160;\u00bb (\u00e9duquer, gouverner, analyser)&#160;?<\/p>\n\n\n\n<p>Ces rencontres au Parlement europ\u00e9en \u00e0 Bruxelles les 7 et 8 juin 2018 ressembleront Jean-Fran\u00e7ois Kerv\u00e9gan, Laurent Bibard , Marco Filoni, Massimo Palma , Danilo Scholz , James H. Nichols , Boris Groys, Wolf Lepenies, Luuk van Middelaar, Louvain Pierre Vimont, Raymond Phan Van Phi,  Miquel Bassols, Eric Laurent,  Juan-Pablo Lucchelli, Alexandre Stevens&#8230; <br><\/p>\n\n\n\n<p>Le site de l&rsquo;\u00e9v\u00e9nement&#160;: <a href=\"http:\/\/www.europekojeve2018.eu\/programme\/\">http:\/\/www.europekojeve2018.eu\/programme\/<\/a><\/p>\n\n\n\n<p>Pour voir le programme&#160;: <a href=\"http:\/\/www.europekojeve2018.eu\/wp-content\/uploads\/2018\/06\/005_PHDCH_EK18_Prog_Print_OK1.pdf\">http:\/\/www.europekojeve2018.eu\/wp-content\/uploads\/2018\/06\/005_PHDCH_EK18_Prog_Print_OK1.pdf<\/a><\/p>\n","protected":false},"author":193,"featured_media":27185,"template":"templates\/event-seminar.php","categories":[],"event-type":[],"geo":[1888],"class_list":["post-26971","event","type-event","status-publish","hentry","geo-bruxelles"],"acf":[],"yoast_head":"<!-- This site is optimized with the Yoast SEO plugin v26.1.1 - https:\/\/yoast.com\/wordpress\/plugins\/seo\/ -->\n<title>L\u2019EUROPE ENTRE MONDIALISATION, EMPIRES ET POPULISMES : \u00abRES PUBLICA \u00bb OU \u00abFIN DE L\u2019HISTOIRE \u00bb ?  | Le Grand Continent<\/title>\n<meta name=\"robots\" content=\"index, follow, max-snippet:-1, max-image-preview:large, max-video-preview:-1\" \/>\n<link rel=\"canonical\" href=\"https:\/\/legrandcontinent.eu\/fr\/evenements\/leurope-entre-mondialisation-empires-et-populismes-res-publica-ou-fin-de-lhistoire\/\" \/>\n<meta property=\"og:locale\" content=\"fr_FR\" \/>\n<meta property=\"og:type\" content=\"article\" \/>\n<meta property=\"og:title\" content=\"L\u2019EUROPE ENTRE MONDIALISATION, EMPIRES ET POPULISMES : \u00abRES PUBLICA \u00bb OU \u00abFIN DE L\u2019HISTOIRE \u00bb ?  | Le Grand Continent\" \/>\n<meta property=\"og:description\" content=\"Il y aura bient\u00f4t cinquante ans, le 4 juin 1968, Alexandre Koj\u00e8ve mourait soudainement \u00e0 Bruxelles lors d\u2019une r\u00e9union du March\u00e9 commun \u00e0 laquelle il participait comme repr\u00e9sentant des autorit\u00e9s fran\u00e7aises. Il fut enterr\u00e9 au cimeti\u00e8re de Bruxelles.  A cette occasion les rencontres Europe Koj\u00e8ve eurent lieu au Parlement europ\u00e9en \u00e0 Bruxelles les 7 et 8 juin 2018.\" \/>\n<meta property=\"og:url\" content=\"https:\/\/legrandcontinent.eu\/fr\/evenements\/leurope-entre-mondialisation-empires-et-populismes-res-publica-ou-fin-de-lhistoire\/\" \/>\n<meta property=\"og:site_name\" content=\"Le Grand Continent\" \/>\n<meta property=\"article:modified_time\" content=\"2019-04-06T17:54:56+00:00\" \/>\n<meta property=\"og:image\" content=\"https:\/\/legrandcontinent.eu\/fr\/wp-content\/uploads\/sites\/2\/2019\/04\/GEG104.jpg\" \/>\n\t<meta property=\"og:image:width\" content=\"500\" \/>\n\t<meta property=\"og:image:height\" content=\"329\" \/>\n\t<meta property=\"og:image:type\" content=\"image\/jpeg\" \/>\n<meta name=\"twitter:card\" content=\"summary_large_image\" \/>\n<meta name=\"twitter:label1\" content=\"Dur\u00e9e de lecture estim\u00e9e\" \/>\n\t<meta name=\"twitter:data1\" content=\"1 minute\" \/>\n<script type=\"application\/ld+json\" class=\"yoast-schema-graph\">{\"@context\":\"https:\/\/schema.org\",\"@graph\":[{\"@type\":\"WebPage\",\"@id\":\"https:\/\/legrandcontinent.eu\/fr\/evenements\/leurope-entre-mondialisation-empires-et-populismes-res-publica-ou-fin-de-lhistoire\/\",\"url\":\"https:\/\/legrandcontinent.eu\/fr\/evenements\/leurope-entre-mondialisation-empires-et-populismes-res-publica-ou-fin-de-lhistoire\/\",\"name\":\"L\u2019EUROPE ENTRE MONDIALISATION, EMPIRES ET POPULISMES : \u00abRES PUBLICA \u00bb OU \u00abFIN DE L\u2019HISTOIRE \u00bb ? | Le Grand Continent\",\"isPartOf\":{\"@id\":\"https:\/\/legrandcontinent.eu\/fr\/#website\"},\"primaryImageOfPage\":{\"@id\":\"https:\/\/legrandcontinent.eu\/fr\/evenements\/leurope-entre-mondialisation-empires-et-populismes-res-publica-ou-fin-de-lhistoire\/#primaryimage\"},\"image\":{\"@id\":\"https:\/\/legrandcontinent.eu\/fr\/evenements\/leurope-entre-mondialisation-empires-et-populismes-res-publica-ou-fin-de-lhistoire\/#primaryimage\"},\"thumbnailUrl\":\"https:\/\/legrandcontinent.eu\/fr\/wp-content\/uploads\/sites\/2\/2019\/04\/GEG104.jpg\",\"datePublished\":\"2019-04-06T17:07:28+00:00\",\"dateModified\":\"2019-04-06T17:54:56+00:00\",\"breadcrumb\":{\"@id\":\"https:\/\/legrandcontinent.eu\/fr\/evenements\/leurope-entre-mondialisation-empires-et-populismes-res-publica-ou-fin-de-lhistoire\/#breadcrumb\"},\"inLanguage\":\"fr-FR\",\"potentialAction\":[{\"@type\":\"ReadAction\",\"target\":[\"https:\/\/legrandcontinent.eu\/fr\/evenements\/leurope-entre-mondialisation-empires-et-populismes-res-publica-ou-fin-de-lhistoire\/\"]}]},{\"@type\":\"ImageObject\",\"inLanguage\":\"fr-FR\",\"@id\":\"https:\/\/legrandcontinent.eu\/fr\/evenements\/leurope-entre-mondialisation-empires-et-populismes-res-publica-ou-fin-de-lhistoire\/#primaryimage\",\"url\":\"https:\/\/legrandcontinent.eu\/fr\/wp-content\/uploads\/sites\/2\/2019\/04\/GEG104.jpg\",\"contentUrl\":\"https:\/\/legrandcontinent.eu\/fr\/wp-content\/uploads\/sites\/2\/2019\/04\/GEG104.jpg\",\"width\":500,\"height\":329},{\"@type\":\"BreadcrumbList\",\"@id\":\"https:\/\/legrandcontinent.eu\/fr\/evenements\/leurope-entre-mondialisation-empires-et-populismes-res-publica-ou-fin-de-lhistoire\/#breadcrumb\",\"itemListElement\":[{\"@type\":\"ListItem\",\"position\":1,\"name\":\"Accueil\",\"item\":\"https:\/\/legrandcontinent.eu\/fr\/\"},{\"@type\":\"ListItem\",\"position\":2,\"name\":\"Events\",\"item\":\"https:\/\/legrandcontinent.eu\/fr\/events\/\"},{\"@type\":\"ListItem\",\"position\":3,\"name\":\"L\u2019EUROPE ENTRE MONDIALISATION, EMPIRES ET POPULISMES&#160;: \u00ab&#160;RES PUBLICA&#160;\u00bb OU \u00ab&#160;FIN DE L\u2019HISTOIRE&#160;\u00bb&#160;?\"}]},{\"@type\":\"WebSite\",\"@id\":\"https:\/\/legrandcontinent.eu\/fr\/#website\",\"url\":\"https:\/\/legrandcontinent.eu\/fr\/\",\"name\":\"Le Grand Continent\",\"description\":\"L&#039;\u00e9chelle pertinente\",\"potentialAction\":[{\"@type\":\"SearchAction\",\"target\":{\"@type\":\"EntryPoint\",\"urlTemplate\":\"https:\/\/legrandcontinent.eu\/fr\/?s={search_term_string}\"},\"query-input\":{\"@type\":\"PropertyValueSpecification\",\"valueRequired\":true,\"valueName\":\"search_term_string\"}}],\"inLanguage\":\"fr-FR\"}]}<\/script>\n<!-- \/ Yoast SEO plugin. -->","yoast_head_json":{"title":"L\u2019EUROPE ENTRE MONDIALISATION, EMPIRES ET POPULISMES : \u00abRES PUBLICA \u00bb OU \u00abFIN DE L\u2019HISTOIRE \u00bb ?  | Le Grand Continent","robots":{"index":"index","follow":"follow","max-snippet":"max-snippet:-1","max-image-preview":"max-image-preview:large","max-video-preview":"max-video-preview:-1"},"canonical":"https:\/\/legrandcontinent.eu\/fr\/evenements\/leurope-entre-mondialisation-empires-et-populismes-res-publica-ou-fin-de-lhistoire\/","og_locale":"fr_FR","og_type":"article","og_title":"L\u2019EUROPE ENTRE MONDIALISATION, EMPIRES ET POPULISMES : \u00abRES PUBLICA \u00bb OU \u00abFIN DE L\u2019HISTOIRE \u00bb ?  | Le Grand Continent","og_description":"Il y aura bient\u00f4t cinquante ans, le 4 juin 1968, Alexandre Koj\u00e8ve mourait soudainement \u00e0 Bruxelles lors d\u2019une r\u00e9union du March\u00e9 commun \u00e0 laquelle il participait comme repr\u00e9sentant des autorit\u00e9s fran\u00e7aises. Il fut enterr\u00e9 au cimeti\u00e8re de Bruxelles.  A cette occasion les rencontres Europe Koj\u00e8ve eurent lieu au Parlement europ\u00e9en \u00e0 Bruxelles les 7 et 8 juin 2018.","og_url":"https:\/\/legrandcontinent.eu\/fr\/evenements\/leurope-entre-mondialisation-empires-et-populismes-res-publica-ou-fin-de-lhistoire\/","og_site_name":"Le Grand Continent","article_modified_time":"2019-04-06T17:54:56+00:00","og_image":[{"width":500,"height":329,"url":"https:\/\/legrandcontinent.eu\/fr\/wp-content\/uploads\/sites\/2\/2019\/04\/GEG104.jpg","type":"image\/jpeg"}],"twitter_card":"summary_large_image","twitter_misc":{"Dur\u00e9e de lecture estim\u00e9e":"1 minute"},"schema":{"@context":"https:\/\/schema.org","@graph":[{"@type":"WebPage","@id":"https:\/\/legrandcontinent.eu\/fr\/evenements\/leurope-entre-mondialisation-empires-et-populismes-res-publica-ou-fin-de-lhistoire\/","url":"https:\/\/legrandcontinent.eu\/fr\/evenements\/leurope-entre-mondialisation-empires-et-populismes-res-publica-ou-fin-de-lhistoire\/","name":"L\u2019EUROPE ENTRE MONDIALISATION, EMPIRES ET POPULISMES : \u00abRES PUBLICA \u00bb OU \u00abFIN DE L\u2019HISTOIRE \u00bb ? | Le Grand Continent","isPartOf":{"@id":"https:\/\/legrandcontinent.eu\/fr\/#website"},"primaryImageOfPage":{"@id":"https:\/\/legrandcontinent.eu\/fr\/evenements\/leurope-entre-mondialisation-empires-et-populismes-res-publica-ou-fin-de-lhistoire\/#primaryimage"},"image":{"@id":"https:\/\/legrandcontinent.eu\/fr\/evenements\/leurope-entre-mondialisation-empires-et-populismes-res-publica-ou-fin-de-lhistoire\/#primaryimage"},"thumbnailUrl":"https:\/\/legrandcontinent.eu\/fr\/wp-content\/uploads\/sites\/2\/2019\/04\/GEG104.jpg","datePublished":"2019-04-06T17:07:28+00:00","dateModified":"2019-04-06T17:54:56+00:00","breadcrumb":{"@id":"https:\/\/legrandcontinent.eu\/fr\/evenements\/leurope-entre-mondialisation-empires-et-populismes-res-publica-ou-fin-de-lhistoire\/#breadcrumb"},"inLanguage":"fr-FR","potentialAction":[{"@type":"ReadAction","target":["https:\/\/legrandcontinent.eu\/fr\/evenements\/leurope-entre-mondialisation-empires-et-populismes-res-publica-ou-fin-de-lhistoire\/"]}]},{"@type":"ImageObject","inLanguage":"fr-FR","@id":"https:\/\/legrandcontinent.eu\/fr\/evenements\/leurope-entre-mondialisation-empires-et-populismes-res-publica-ou-fin-de-lhistoire\/#primaryimage","url":"https:\/\/legrandcontinent.eu\/fr\/wp-content\/uploads\/sites\/2\/2019\/04\/GEG104.jpg","contentUrl":"https:\/\/legrandcontinent.eu\/fr\/wp-content\/uploads\/sites\/2\/2019\/04\/GEG104.jpg","width":500,"height":329},{"@type":"BreadcrumbList","@id":"https:\/\/legrandcontinent.eu\/fr\/evenements\/leurope-entre-mondialisation-empires-et-populismes-res-publica-ou-fin-de-lhistoire\/#breadcrumb","itemListElement":[{"@type":"ListItem","position":1,"name":"Accueil","item":"https:\/\/legrandcontinent.eu\/fr\/"},{"@type":"ListItem","position":2,"name":"Events","item":"https:\/\/legrandcontinent.eu\/fr\/events\/"},{"@type":"ListItem","position":3,"name":"L\u2019EUROPE ENTRE MONDIALISATION, EMPIRES ET POPULISMES&#160;: \u00ab&#160;RES PUBLICA&#160;\u00bb OU \u00ab&#160;FIN DE L\u2019HISTOIRE&#160;\u00bb&#160;?"}]},{"@type":"WebSite","@id":"https:\/\/legrandcontinent.eu\/fr\/#website","url":"https:\/\/legrandcontinent.eu\/fr\/","name":"Le Grand Continent","description":"L&#039;\u00e9chelle pertinente","potentialAction":[{"@type":"SearchAction","target":{"@type":"EntryPoint","urlTemplate":"https:\/\/legrandcontinent.eu\/fr\/?s={search_term_string}"},"query-input":{"@type":"PropertyValueSpecification","valueRequired":true,"valueName":"search_term_string"}}],"inLanguage":"fr-FR"}]}},"_links":{"self":[{"href":"https:\/\/legrandcontinent.eu\/fr\/wp-json\/wp\/v2\/event\/26971","targetHints":{"allow":["GET"]}}],"collection":[{"href":"https:\/\/legrandcontinent.eu\/fr\/wp-json\/wp\/v2\/event"}],"about":[{"href":"https:\/\/legrandcontinent.eu\/fr\/wp-json\/wp\/v2\/types\/event"}],"author":[{"embeddable":true,"href":"https:\/\/legrandcontinent.eu\/fr\/wp-json\/wp\/v2\/users\/193"}],"wp:featuredmedia":[{"embeddable":true,"href":"https:\/\/legrandcontinent.eu\/fr\/wp-json\/wp\/v2\/media\/27185"}],"wp:attachment":[{"href":"https:\/\/legrandcontinent.eu\/fr\/wp-json\/wp\/v2\/media?parent=26971"}],"wp:term":[{"taxonomy":"category","embeddable":true,"href":"https:\/\/legrandcontinent.eu\/fr\/wp-json\/wp\/v2\/categories?post=26971"},{"taxonomy":"event-type","embeddable":true,"href":"https:\/\/legrandcontinent.eu\/fr\/wp-json\/wp\/v2\/event-type?post=26971"},{"taxonomy":"geo","embeddable":true,"href":"https:\/\/legrandcontinent.eu\/fr\/wp-json\/wp\/v2\/geo?post=26971"}],"curies":[{"name":"wp","href":"https:\/\/api.w.org\/{rel}","templated":true}]}}