{"id":25959,"date":"2019-04-06T14:41:06","date_gmt":"2019-04-06T12:41:06","guid":{"rendered":"https:\/\/legrandcontinent.eu\/fr\/?post_type=event&#038;p=25959"},"modified":"2019-04-06T16:53:59","modified_gmt":"2019-04-06T14:53:59","slug":"elections-en-inde-quitte-ou-double-pour-narendra-modi","status":"publish","type":"event","link":"https:\/\/legrandcontinent.eu\/fr\/evenements\/elections-en-inde-quitte-ou-double-pour-narendra-modi\/","title":{"rendered":"Elections en Inde&#160;: quitte ou double pour Narendra Modi&#160;?"},"content":{"rendered":"\n<p>Elections en Inde&#160;: quitte ou double pour Narendra Modi&#160;? <\/p>\n\n\n\n<p>Une conf\u00e9rence coorganis\u00e9e par le programme Asie interm\u00e9diaire du Groupe d&rsquo;Etudes G\u00e9opolitiques (GEG), projet de think-tank europ\u00e9en domicili\u00e9 \u00e0 l&rsquo;Ecole Normale sup\u00e9rieure, et Asialyst, le site d&rsquo;information et d&rsquo;analyse sur toute l&rsquo;Asie, avec Asia Centre, le lundi 8 avril de 18h \u00e0 20h \u00e0 l&rsquo;amphith\u00e9\u00e2tre de l&rsquo;Ecole Normale Sup\u00e9rieure, 48 boulevard Jourdan, 75014 Paris, RER Cit\u00e9 Universitaire. Entr\u00e9e gratuite. Inscription obligatoire. <\/p>\n\n\n\n<p>Narendra Modi se maintiendra-t-il au pouvoir lors des prochaines \u00e9lections g\u00e9n\u00e9rales en Inde&#160;? C&rsquo;est la question majeure pour la plus grande d\u00e9mocratie repr\u00e9sentative du monde, lors d&rsquo;un scrutin de plusieurs semaines en avril et mai. Car se joue ici son mod\u00e8le de soci\u00e9t\u00e9 et de d\u00e9veloppement. L&rsquo;actuel Premier ministre et son parti nationaliste, le BJP, veulent continuer d&rsquo;assoir un r\u00e9gime accus\u00e9 d&rsquo;\u00eatre une \u00ab&#160;d\u00e9mocratie ethnique&#160;\u00bb fond\u00e9e sur la supr\u00e9matie de la religion hindoue. Mais apr\u00e8s une s\u00e9rie d&rsquo;\u00e9lections perdues dans plusieurs Etats-cl\u00e9s de l&rsquo;Union indienne, le chef du gouvernement est loin d&rsquo;\u00eatre assur\u00e9 de gagner \u00e0 nouveau. <\/p>\n\n\n\n<p>Victorieux en 2014 sur la promesse de \u00ab&#160;jours heureux&#160;\u00bb, quel est aujourd&rsquo;hui le bilan \u00e9conomique et social du premier mandat de Modi&#160;? Comment analyser la campagne \u00e9lectorale et la permanence des discours de haine dans la classe politique, aliment\u00e9s notamment par le BJP&#160;? Quelles sont les perspectives pour l&rsquo;Inde apr\u00e8s ces \u00e9lections&#160;? Quel avenir pour la puissance r\u00e9gionale en pleine mont\u00e9e des tensions avec le Pakistan au Cachemire&#160;? Quelle strat\u00e9gie face \u00e0 la Chine et ses \u00ab&#160;Nouvelles routes de la Soie&#160;\u00bb, mais aussi \u00e0 l&rsquo;\u00e9gard de l&rsquo;Am\u00e9rique de Trump, qui veut faire de l&rsquo;Inde son alli\u00e9e majeure en \u00ab&#160;Indo-Pacifique&#160;\u00bb&#160;? Quel regard, enfin, l&rsquo;Europe peut-elle porter sur cet immense \u00c9tat, qui semble curieusement absent de sa strat\u00e9gie g\u00e9opolitique, sinon par un accord de libre-\u00e9change, annonc\u00e9 depuis longtemps, mais qui peine \u00e0 voir le jour&#160;?<\/p>\n\n\n\n<p>Intervenants&#160;:<br>Isabelle Joumard, \u00e9conomiste sp\u00e9cialiste de l&rsquo;Inde \u00e0 l&rsquo;OCDE <br>Christophe Jaffrelot, directeur de recherche au CERI\/Sciences Po<br>Jean-Luc Racine, directeur de recherche au CNRS<\/p>\n\n\n\n<p>Mod\u00e9rateurs&#160;: <br>Patrick de Jacquelot, ancien correspondant \u00e0 New Delhi pour la Tribune et les Echos et journaliste \u00e0 \u00ab&#160;Asialyst&#160;\u00bb<br>Yves-Marie Rault, ATER \u00e0 l&rsquo;Universit\u00e9 Panth\u00e9on-Sorbonne et membre du GEG<\/p>\n\n\n\n<p>R\u00e9pondants&#160;: <br>Gilles Boqu\u00e9rat, chercheur associ\u00e9 \u00e0 la fondation pour la recherche strat\u00e9gique<br>Charlotte Thomas, Directrice du programme Asie du sud du r\u00e9seau de chercheur.e.s Noria<br>\u200b<\/p>\n","protected":false},"author":193,"featured_media":26210,"template":"templates\/event-seminar.php","categories":[],"event-type":[],"geo":[1876],"class_list":["post-25959","event","type-event","status-publish","hentry","geo-paris"],"acf":[],"yoast_head":"<!-- This site is optimized with the Yoast SEO plugin v26.1.1 - https:\/\/yoast.com\/wordpress\/plugins\/seo\/ -->\n<title>Elections en Inde : quitte ou double pour Narendra Modi ?  | Le Grand Continent<\/title>\n<meta name=\"robots\" content=\"index, follow, max-snippet:-1, max-image-preview:large, max-video-preview:-1\" \/>\n<link rel=\"canonical\" href=\"https:\/\/legrandcontinent.eu\/fr\/evenements\/elections-en-inde-quitte-ou-double-pour-narendra-modi\/\" \/>\n<meta property=\"og:locale\" content=\"fr_FR\" \/>\n<meta property=\"og:type\" content=\"article\" \/>\n<meta property=\"og:title\" content=\"Elections en Inde : quitte ou double pour Narendra Modi ?  | Le Grand Continent\" \/>\n<meta property=\"og:description\" content=\"Narendra Modi se maintiendra-t-il au pouvoir lors des prochaines \u00e9lections g\u00e9n\u00e9rales en Inde&#160;? C&#039;est la question majeure pour la plus grande d\u00e9mocratie repr\u00e9sentative du monde, lors d&#039;un scrutin de plusieurs semaines en avril et mai. Car se joue ici son mod\u00e8le de soci\u00e9t\u00e9 et de d\u00e9veloppement. L&#039;actuel Premier ministre et son parti nationaliste, le BJP, veulent continuer d&#039;assoir un r\u00e9gime accus\u00e9 d&#039;\u00eatre une &quot;d\u00e9mocratie ethnique&quot; fond\u00e9e sur la supr\u00e9matie de la religion hindoue. Mais apr\u00e8s une s\u00e9rie d&#039;\u00e9lections perdues dans plusieurs Etats-cl\u00e9s de l&#039;Union indienne, le chef du gouvernement est loin d&#039;\u00eatre assur\u00e9 de gagner \u00e0 nouveau.\" \/>\n<meta property=\"og:url\" content=\"https:\/\/legrandcontinent.eu\/fr\/evenements\/elections-en-inde-quitte-ou-double-pour-narendra-modi\/\" \/>\n<meta property=\"og:site_name\" content=\"Le Grand Continent\" \/>\n<meta property=\"article:modified_time\" content=\"2019-04-06T14:53:59+00:00\" \/>\n<meta property=\"og:image\" content=\"https:\/\/legrandcontinent.eu\/fr\/wp-content\/uploads\/sites\/2\/2019\/04\/primopiano_7192.jpg\" \/>\n\t<meta property=\"og:image:width\" content=\"470\" \/>\n\t<meta property=\"og:image:height\" content=\"300\" \/>\n\t<meta property=\"og:image:type\" content=\"image\/jpeg\" \/>\n<meta name=\"twitter:card\" content=\"summary_large_image\" \/>\n<meta name=\"twitter:label1\" content=\"Dur\u00e9e de lecture estim\u00e9e\" \/>\n\t<meta name=\"twitter:data1\" content=\"2 minutes\" \/>\n<script type=\"application\/ld+json\" class=\"yoast-schema-graph\">{\"@context\":\"https:\/\/schema.org\",\"@graph\":[{\"@type\":\"WebPage\",\"@id\":\"https:\/\/legrandcontinent.eu\/fr\/evenements\/elections-en-inde-quitte-ou-double-pour-narendra-modi\/\",\"url\":\"https:\/\/legrandcontinent.eu\/fr\/evenements\/elections-en-inde-quitte-ou-double-pour-narendra-modi\/\",\"name\":\"Elections en Inde : quitte ou double pour Narendra Modi ? | Le Grand Continent\",\"isPartOf\":{\"@id\":\"https:\/\/legrandcontinent.eu\/fr\/#website\"},\"primaryImageOfPage\":{\"@id\":\"https:\/\/legrandcontinent.eu\/fr\/evenements\/elections-en-inde-quitte-ou-double-pour-narendra-modi\/#primaryimage\"},\"image\":{\"@id\":\"https:\/\/legrandcontinent.eu\/fr\/evenements\/elections-en-inde-quitte-ou-double-pour-narendra-modi\/#primaryimage\"},\"thumbnailUrl\":\"https:\/\/legrandcontinent.eu\/fr\/wp-content\/uploads\/sites\/2\/2019\/04\/primopiano_7192.jpg\",\"datePublished\":\"2019-04-06T12:41:06+00:00\",\"dateModified\":\"2019-04-06T14:53:59+00:00\",\"breadcrumb\":{\"@id\":\"https:\/\/legrandcontinent.eu\/fr\/evenements\/elections-en-inde-quitte-ou-double-pour-narendra-modi\/#breadcrumb\"},\"inLanguage\":\"fr-FR\",\"potentialAction\":[{\"@type\":\"ReadAction\",\"target\":[\"https:\/\/legrandcontinent.eu\/fr\/evenements\/elections-en-inde-quitte-ou-double-pour-narendra-modi\/\"]}]},{\"@type\":\"ImageObject\",\"inLanguage\":\"fr-FR\",\"@id\":\"https:\/\/legrandcontinent.eu\/fr\/evenements\/elections-en-inde-quitte-ou-double-pour-narendra-modi\/#primaryimage\",\"url\":\"https:\/\/legrandcontinent.eu\/fr\/wp-content\/uploads\/sites\/2\/2019\/04\/primopiano_7192.jpg\",\"contentUrl\":\"https:\/\/legrandcontinent.eu\/fr\/wp-content\/uploads\/sites\/2\/2019\/04\/primopiano_7192.jpg\",\"width\":470,\"height\":300},{\"@type\":\"BreadcrumbList\",\"@id\":\"https:\/\/legrandcontinent.eu\/fr\/evenements\/elections-en-inde-quitte-ou-double-pour-narendra-modi\/#breadcrumb\",\"itemListElement\":[{\"@type\":\"ListItem\",\"position\":1,\"name\":\"Accueil\",\"item\":\"https:\/\/legrandcontinent.eu\/fr\/\"},{\"@type\":\"ListItem\",\"position\":2,\"name\":\"Events\",\"item\":\"https:\/\/legrandcontinent.eu\/fr\/events\/\"},{\"@type\":\"ListItem\",\"position\":3,\"name\":\"Elections en Inde&#160;: quitte ou double pour Narendra Modi&#160;?\"}]},{\"@type\":\"WebSite\",\"@id\":\"https:\/\/legrandcontinent.eu\/fr\/#website\",\"url\":\"https:\/\/legrandcontinent.eu\/fr\/\",\"name\":\"Le Grand Continent\",\"description\":\"L&#039;\u00e9chelle pertinente\",\"potentialAction\":[{\"@type\":\"SearchAction\",\"target\":{\"@type\":\"EntryPoint\",\"urlTemplate\":\"https:\/\/legrandcontinent.eu\/fr\/?s={search_term_string}\"},\"query-input\":{\"@type\":\"PropertyValueSpecification\",\"valueRequired\":true,\"valueName\":\"search_term_string\"}}],\"inLanguage\":\"fr-FR\"}]}<\/script>\n<!-- \/ Yoast SEO plugin. -->","yoast_head_json":{"title":"Elections en Inde : quitte ou double pour Narendra Modi ?  | Le Grand Continent","robots":{"index":"index","follow":"follow","max-snippet":"max-snippet:-1","max-image-preview":"max-image-preview:large","max-video-preview":"max-video-preview:-1"},"canonical":"https:\/\/legrandcontinent.eu\/fr\/evenements\/elections-en-inde-quitte-ou-double-pour-narendra-modi\/","og_locale":"fr_FR","og_type":"article","og_title":"Elections en Inde : quitte ou double pour Narendra Modi ?  | Le Grand Continent","og_description":"Narendra Modi se maintiendra-t-il au pouvoir lors des prochaines \u00e9lections g\u00e9n\u00e9rales en Inde&#160;? C'est la question majeure pour la plus grande d\u00e9mocratie repr\u00e9sentative du monde, lors d'un scrutin de plusieurs semaines en avril et mai. Car se joue ici son mod\u00e8le de soci\u00e9t\u00e9 et de d\u00e9veloppement. L'actuel Premier ministre et son parti nationaliste, le BJP, veulent continuer d'assoir un r\u00e9gime accus\u00e9 d'\u00eatre une \"d\u00e9mocratie ethnique\" fond\u00e9e sur la supr\u00e9matie de la religion hindoue. Mais apr\u00e8s une s\u00e9rie d'\u00e9lections perdues dans plusieurs Etats-cl\u00e9s de l'Union indienne, le chef du gouvernement est loin d'\u00eatre assur\u00e9 de gagner \u00e0 nouveau.","og_url":"https:\/\/legrandcontinent.eu\/fr\/evenements\/elections-en-inde-quitte-ou-double-pour-narendra-modi\/","og_site_name":"Le Grand Continent","article_modified_time":"2019-04-06T14:53:59+00:00","og_image":[{"width":470,"height":300,"url":"https:\/\/legrandcontinent.eu\/fr\/wp-content\/uploads\/sites\/2\/2019\/04\/primopiano_7192.jpg","type":"image\/jpeg"}],"twitter_card":"summary_large_image","twitter_misc":{"Dur\u00e9e de lecture estim\u00e9e":"2 minutes"},"schema":{"@context":"https:\/\/schema.org","@graph":[{"@type":"WebPage","@id":"https:\/\/legrandcontinent.eu\/fr\/evenements\/elections-en-inde-quitte-ou-double-pour-narendra-modi\/","url":"https:\/\/legrandcontinent.eu\/fr\/evenements\/elections-en-inde-quitte-ou-double-pour-narendra-modi\/","name":"Elections en Inde : quitte ou double pour Narendra Modi ? | Le Grand Continent","isPartOf":{"@id":"https:\/\/legrandcontinent.eu\/fr\/#website"},"primaryImageOfPage":{"@id":"https:\/\/legrandcontinent.eu\/fr\/evenements\/elections-en-inde-quitte-ou-double-pour-narendra-modi\/#primaryimage"},"image":{"@id":"https:\/\/legrandcontinent.eu\/fr\/evenements\/elections-en-inde-quitte-ou-double-pour-narendra-modi\/#primaryimage"},"thumbnailUrl":"https:\/\/legrandcontinent.eu\/fr\/wp-content\/uploads\/sites\/2\/2019\/04\/primopiano_7192.jpg","datePublished":"2019-04-06T12:41:06+00:00","dateModified":"2019-04-06T14:53:59+00:00","breadcrumb":{"@id":"https:\/\/legrandcontinent.eu\/fr\/evenements\/elections-en-inde-quitte-ou-double-pour-narendra-modi\/#breadcrumb"},"inLanguage":"fr-FR","potentialAction":[{"@type":"ReadAction","target":["https:\/\/legrandcontinent.eu\/fr\/evenements\/elections-en-inde-quitte-ou-double-pour-narendra-modi\/"]}]},{"@type":"ImageObject","inLanguage":"fr-FR","@id":"https:\/\/legrandcontinent.eu\/fr\/evenements\/elections-en-inde-quitte-ou-double-pour-narendra-modi\/#primaryimage","url":"https:\/\/legrandcontinent.eu\/fr\/wp-content\/uploads\/sites\/2\/2019\/04\/primopiano_7192.jpg","contentUrl":"https:\/\/legrandcontinent.eu\/fr\/wp-content\/uploads\/sites\/2\/2019\/04\/primopiano_7192.jpg","width":470,"height":300},{"@type":"BreadcrumbList","@id":"https:\/\/legrandcontinent.eu\/fr\/evenements\/elections-en-inde-quitte-ou-double-pour-narendra-modi\/#breadcrumb","itemListElement":[{"@type":"ListItem","position":1,"name":"Accueil","item":"https:\/\/legrandcontinent.eu\/fr\/"},{"@type":"ListItem","position":2,"name":"Events","item":"https:\/\/legrandcontinent.eu\/fr\/events\/"},{"@type":"ListItem","position":3,"name":"Elections en Inde&#160;: quitte ou double pour Narendra Modi&#160;?"}]},{"@type":"WebSite","@id":"https:\/\/legrandcontinent.eu\/fr\/#website","url":"https:\/\/legrandcontinent.eu\/fr\/","name":"Le Grand Continent","description":"L&#039;\u00e9chelle pertinente","potentialAction":[{"@type":"SearchAction","target":{"@type":"EntryPoint","urlTemplate":"https:\/\/legrandcontinent.eu\/fr\/?s={search_term_string}"},"query-input":{"@type":"PropertyValueSpecification","valueRequired":true,"valueName":"search_term_string"}}],"inLanguage":"fr-FR"}]}},"_links":{"self":[{"href":"https:\/\/legrandcontinent.eu\/fr\/wp-json\/wp\/v2\/event\/25959","targetHints":{"allow":["GET"]}}],"collection":[{"href":"https:\/\/legrandcontinent.eu\/fr\/wp-json\/wp\/v2\/event"}],"about":[{"href":"https:\/\/legrandcontinent.eu\/fr\/wp-json\/wp\/v2\/types\/event"}],"author":[{"embeddable":true,"href":"https:\/\/legrandcontinent.eu\/fr\/wp-json\/wp\/v2\/users\/193"}],"wp:featuredmedia":[{"embeddable":true,"href":"https:\/\/legrandcontinent.eu\/fr\/wp-json\/wp\/v2\/media\/26210"}],"wp:attachment":[{"href":"https:\/\/legrandcontinent.eu\/fr\/wp-json\/wp\/v2\/media?parent=25959"}],"wp:term":[{"taxonomy":"category","embeddable":true,"href":"https:\/\/legrandcontinent.eu\/fr\/wp-json\/wp\/v2\/categories?post=25959"},{"taxonomy":"event-type","embeddable":true,"href":"https:\/\/legrandcontinent.eu\/fr\/wp-json\/wp\/v2\/event-type?post=25959"},{"taxonomy":"geo","embeddable":true,"href":"https:\/\/legrandcontinent.eu\/fr\/wp-json\/wp\/v2\/geo?post=25959"}],"curies":[{"name":"wp","href":"https:\/\/api.w.org\/{rel}","templated":true}]}}