{"id":108736,"date":"2021-05-28T09:08:12","date_gmt":"2021-05-28T07:08:12","guid":{"rendered":"https:\/\/legrandcontinent.eu\/fr\/?post_type=event&#038;p=108736"},"modified":"2022-11-29T15:58:29","modified_gmt":"2022-11-29T14:58:29","slug":"israele-e-palestina-un-conflitto-che-non-passa","status":"publish","type":"event","link":"https:\/\/legrandcontinent.eu\/fr\/evenements\/israele-e-palestina-un-conflitto-che-non-passa\/","title":{"rendered":"Israele e Palestina&#160;: un conflitto che non passa"},"content":{"rendered":"\n<p>Nelle ultime due settimane, gli occhi di tutto il mondo sono tornati sul Medio Oriente e sull\u2019eterno conflitto tra Israele e Palestina che, ancora una volta, ha dimostrato di non essere affatto risolto. Dopo quella che \u00e8 stata gi\u00e0 definita come la \u201cguerra degli undici giorni\u201d, il 20 maggio \u00e8 finalmente entrato in vigore il cessate il fuoco. Razzi e bombardamenti hanno provocato la morte di 248 palestinesi e 12 israeliani, nonch\u00e9 la distruzione di buona parte della Striscia di Gaza, che &#8211; secondo alcuni &#8211; non era mai stata bombardata in modo cos\u00ec massiccio. N\u00e9, del resto, da Gaza erano mai partiti cos\u00ec tanti razzi.&nbsp;<\/p>\n\n\n\n<p>In questo contesto, una prospettiva di lungo periodo pu\u00f2 essere utile a comprendere i fatti degli ultimi giorni e analizzare le posizioni in lotta. Quali sono le prospettive per il futuro del conflitto israelo-palestinese&#160;? Quali sviluppi aspettarsi&#160;? Come si inserisce nel contesto pi\u00f9 ampio del Medio Oriente&#160;? E qual \u00e8 il ruolo dell\u2019Europa e della comunit\u00e0 internazionale&#160;?<\/p>\n\n\n\n<p>A queste e altre domande cercheremo di dare una risposta al prossimo appuntamento dei luned\u00ec del <em>Grand Continent<\/em>, con&#160;:&nbsp;<\/p>\n\n\n\n<ul class=\"wp-block-list\">\n<li><a href=\"https:\/\/twitter.com\/francescaborri?lang=en\">Francesca Borri,<\/a> corrispondente di guerra e scrittrice<\/li>\n\n\n\n<li><a href=\"https:\/\/op.europa.eu\/en\/web\/who-is-who\/person\/-\/person\/EEAS_0000CAC20\">Fernando Gentilini<\/a>, Direttore Generale per il Medio Oriente, SEAE, e autore del libro \u201cTre volte a Gerusaleme\u201d (La Nave di Teseo)<\/li>\n\n\n\n<li><a href=\"https:\/\/www.ispionline.it\/it\/bio\/ugo-tramballi\">Ugo Tramballi,<\/a> Senior Advisor, ISPI<\/li>\n<\/ul>\n\n\n\n<p>Moderer\u00e0 l\u2019incontro Alice Fill, il Grand Continent.<\/p>\n","protected":false},"author":11,"featured_media":108605,"template":"templates\/event-debate.php","categories":[],"event-type":[],"geo":[],"class_list":["post-108736","event","type-event","status-publish","hentry"],"acf":[],"yoast_head":"<!-- This site is optimized with the Yoast SEO plugin v26.1.1 - https:\/\/yoast.com\/wordpress\/plugins\/seo\/ -->\n<title>Israele e Palestina: un conflitto che non passa | Le Grand Continent<\/title>\n<meta name=\"robots\" content=\"index, follow, max-snippet:-1, max-image-preview:large, max-video-preview:-1\" \/>\n<link rel=\"canonical\" href=\"https:\/\/legrandcontinent.eu\/fr\/evenements\/israele-e-palestina-un-conflitto-che-non-passa\/\" \/>\n<meta property=\"og:locale\" content=\"fr_FR\" \/>\n<meta property=\"og:type\" content=\"article\" \/>\n<meta property=\"og:title\" content=\"Israele e Palestina: un conflitto che non passa | Le Grand Continent\" \/>\n<meta property=\"og:description\" content=\"Nelle ultime due settimane, gli occhi di tutto il mondo sono tornati sul Medio Oriente e sull\u2019eterno conflitto tra Israele e Palestina che, ancora una volta, ha dimostrato di non essere affatto risolto. Dopo quella che \u00e8 stata gi\u00e0 definita come la \u201cguerra degli undici giorni\u201d, il 20 maggio \u00e8 finalmente entrato in vigore il [&hellip;]\" \/>\n<meta property=\"og:url\" content=\"https:\/\/legrandcontinent.eu\/fr\/evenements\/israele-e-palestina-un-conflitto-che-non-passa\/\" \/>\n<meta property=\"og:site_name\" content=\"Le Grand Continent\" \/>\n<meta property=\"article:modified_time\" content=\"2022-11-29T14:58:29+00:00\" \/>\n<meta property=\"og:image\" content=\"https:\/\/legrandcontinent.eu\/fr\/wp-content\/uploads\/sites\/2\/2021\/05\/210531-affiche.png\" \/>\n\t<meta property=\"og:image:width\" content=\"1200\" \/>\n\t<meta property=\"og:image:height\" content=\"628\" \/>\n\t<meta property=\"og:image:type\" content=\"image\/png\" \/>\n<meta name=\"twitter:card\" content=\"summary_large_image\" \/>\n<meta name=\"twitter:image\" content=\"https:\/\/legrandcontinent.eu\/fr\/wp-content\/uploads\/sites\/2\/2021\/05\/210531-affiche.png\" \/>\n<meta name=\"twitter:label1\" content=\"Dur\u00e9e de lecture estim\u00e9e\" \/>\n\t<meta name=\"twitter:data1\" content=\"2 minutes\" \/>\n<script type=\"application\/ld+json\" class=\"yoast-schema-graph\">{\"@context\":\"https:\/\/schema.org\",\"@graph\":[{\"@type\":\"WebPage\",\"@id\":\"https:\/\/legrandcontinent.eu\/fr\/evenements\/israele-e-palestina-un-conflitto-che-non-passa\/\",\"url\":\"https:\/\/legrandcontinent.eu\/fr\/evenements\/israele-e-palestina-un-conflitto-che-non-passa\/\",\"name\":\"Israele e Palestina: un conflitto che non passa | Le Grand Continent\",\"isPartOf\":{\"@id\":\"https:\/\/legrandcontinent.eu\/fr\/#website\"},\"primaryImageOfPage\":{\"@id\":\"https:\/\/legrandcontinent.eu\/fr\/evenements\/israele-e-palestina-un-conflitto-che-non-passa\/#primaryimage\"},\"image\":{\"@id\":\"https:\/\/legrandcontinent.eu\/fr\/evenements\/israele-e-palestina-un-conflitto-che-non-passa\/#primaryimage\"},\"thumbnailUrl\":\"https:\/\/legrandcontinent.eu\/fr\/wp-content\/uploads\/sites\/2\/2021\/05\/11-jours.png\",\"datePublished\":\"2021-05-28T07:08:12+00:00\",\"dateModified\":\"2022-11-29T14:58:29+00:00\",\"breadcrumb\":{\"@id\":\"https:\/\/legrandcontinent.eu\/fr\/evenements\/israele-e-palestina-un-conflitto-che-non-passa\/#breadcrumb\"},\"inLanguage\":\"fr-FR\",\"potentialAction\":[{\"@type\":\"ReadAction\",\"target\":[\"https:\/\/legrandcontinent.eu\/fr\/evenements\/israele-e-palestina-un-conflitto-che-non-passa\/\"]}]},{\"@type\":\"ImageObject\",\"inLanguage\":\"fr-FR\",\"@id\":\"https:\/\/legrandcontinent.eu\/fr\/evenements\/israele-e-palestina-un-conflitto-che-non-passa\/#primaryimage\",\"url\":\"https:\/\/legrandcontinent.eu\/fr\/wp-content\/uploads\/sites\/2\/2021\/05\/11-jours.png\",\"contentUrl\":\"https:\/\/legrandcontinent.eu\/fr\/wp-content\/uploads\/sites\/2\/2021\/05\/11-jours.png\",\"width\":4030,\"height\":2180},{\"@type\":\"BreadcrumbList\",\"@id\":\"https:\/\/legrandcontinent.eu\/fr\/evenements\/israele-e-palestina-un-conflitto-che-non-passa\/#breadcrumb\",\"itemListElement\":[{\"@type\":\"ListItem\",\"position\":1,\"name\":\"Accueil\",\"item\":\"https:\/\/legrandcontinent.eu\/fr\/\"},{\"@type\":\"ListItem\",\"position\":2,\"name\":\"Events\",\"item\":\"https:\/\/legrandcontinent.eu\/fr\/events\/\"},{\"@type\":\"ListItem\",\"position\":3,\"name\":\"Israele e Palestina&#160;: un conflitto che non passa\"}]},{\"@type\":\"WebSite\",\"@id\":\"https:\/\/legrandcontinent.eu\/fr\/#website\",\"url\":\"https:\/\/legrandcontinent.eu\/fr\/\",\"name\":\"Le Grand Continent\",\"description\":\"L&#039;\u00e9chelle pertinente\",\"potentialAction\":[{\"@type\":\"SearchAction\",\"target\":{\"@type\":\"EntryPoint\",\"urlTemplate\":\"https:\/\/legrandcontinent.eu\/fr\/?s={search_term_string}\"},\"query-input\":{\"@type\":\"PropertyValueSpecification\",\"valueRequired\":true,\"valueName\":\"search_term_string\"}}],\"inLanguage\":\"fr-FR\"}]}<\/script>\n<!-- \/ Yoast SEO plugin. -->","yoast_head_json":{"title":"Israele e Palestina: un conflitto che non passa | Le Grand Continent","robots":{"index":"index","follow":"follow","max-snippet":"max-snippet:-1","max-image-preview":"max-image-preview:large","max-video-preview":"max-video-preview:-1"},"canonical":"https:\/\/legrandcontinent.eu\/fr\/evenements\/israele-e-palestina-un-conflitto-che-non-passa\/","og_locale":"fr_FR","og_type":"article","og_title":"Israele e Palestina: un conflitto che non passa | Le Grand Continent","og_description":"Nelle ultime due settimane, gli occhi di tutto il mondo sono tornati sul Medio Oriente e sull\u2019eterno conflitto tra Israele e Palestina che, ancora una volta, ha dimostrato di non essere affatto risolto. Dopo quella che \u00e8 stata gi\u00e0 definita come la \u201cguerra degli undici giorni\u201d, il 20 maggio \u00e8 finalmente entrato in vigore il [&hellip;]","og_url":"https:\/\/legrandcontinent.eu\/fr\/evenements\/israele-e-palestina-un-conflitto-che-non-passa\/","og_site_name":"Le Grand Continent","article_modified_time":"2022-11-29T14:58:29+00:00","og_image":[{"width":1200,"height":628,"url":"https:\/\/legrandcontinent.eu\/fr\/wp-content\/uploads\/sites\/2\/2021\/05\/210531-affiche.png","type":"image\/png"}],"twitter_card":"summary_large_image","twitter_image":"https:\/\/legrandcontinent.eu\/fr\/wp-content\/uploads\/sites\/2\/2021\/05\/210531-affiche.png","twitter_misc":{"Dur\u00e9e de lecture estim\u00e9e":"2 minutes"},"schema":{"@context":"https:\/\/schema.org","@graph":[{"@type":"WebPage","@id":"https:\/\/legrandcontinent.eu\/fr\/evenements\/israele-e-palestina-un-conflitto-che-non-passa\/","url":"https:\/\/legrandcontinent.eu\/fr\/evenements\/israele-e-palestina-un-conflitto-che-non-passa\/","name":"Israele e Palestina: un conflitto che non passa | Le Grand Continent","isPartOf":{"@id":"https:\/\/legrandcontinent.eu\/fr\/#website"},"primaryImageOfPage":{"@id":"https:\/\/legrandcontinent.eu\/fr\/evenements\/israele-e-palestina-un-conflitto-che-non-passa\/#primaryimage"},"image":{"@id":"https:\/\/legrandcontinent.eu\/fr\/evenements\/israele-e-palestina-un-conflitto-che-non-passa\/#primaryimage"},"thumbnailUrl":"https:\/\/legrandcontinent.eu\/fr\/wp-content\/uploads\/sites\/2\/2021\/05\/11-jours.png","datePublished":"2021-05-28T07:08:12+00:00","dateModified":"2022-11-29T14:58:29+00:00","breadcrumb":{"@id":"https:\/\/legrandcontinent.eu\/fr\/evenements\/israele-e-palestina-un-conflitto-che-non-passa\/#breadcrumb"},"inLanguage":"fr-FR","potentialAction":[{"@type":"ReadAction","target":["https:\/\/legrandcontinent.eu\/fr\/evenements\/israele-e-palestina-un-conflitto-che-non-passa\/"]}]},{"@type":"ImageObject","inLanguage":"fr-FR","@id":"https:\/\/legrandcontinent.eu\/fr\/evenements\/israele-e-palestina-un-conflitto-che-non-passa\/#primaryimage","url":"https:\/\/legrandcontinent.eu\/fr\/wp-content\/uploads\/sites\/2\/2021\/05\/11-jours.png","contentUrl":"https:\/\/legrandcontinent.eu\/fr\/wp-content\/uploads\/sites\/2\/2021\/05\/11-jours.png","width":4030,"height":2180},{"@type":"BreadcrumbList","@id":"https:\/\/legrandcontinent.eu\/fr\/evenements\/israele-e-palestina-un-conflitto-che-non-passa\/#breadcrumb","itemListElement":[{"@type":"ListItem","position":1,"name":"Accueil","item":"https:\/\/legrandcontinent.eu\/fr\/"},{"@type":"ListItem","position":2,"name":"Events","item":"https:\/\/legrandcontinent.eu\/fr\/events\/"},{"@type":"ListItem","position":3,"name":"Israele e Palestina&#160;: un conflitto che non passa"}]},{"@type":"WebSite","@id":"https:\/\/legrandcontinent.eu\/fr\/#website","url":"https:\/\/legrandcontinent.eu\/fr\/","name":"Le Grand Continent","description":"L&#039;\u00e9chelle pertinente","potentialAction":[{"@type":"SearchAction","target":{"@type":"EntryPoint","urlTemplate":"https:\/\/legrandcontinent.eu\/fr\/?s={search_term_string}"},"query-input":{"@type":"PropertyValueSpecification","valueRequired":true,"valueName":"search_term_string"}}],"inLanguage":"fr-FR"}]}},"_links":{"self":[{"href":"https:\/\/legrandcontinent.eu\/fr\/wp-json\/wp\/v2\/event\/108736","targetHints":{"allow":["GET"]}}],"collection":[{"href":"https:\/\/legrandcontinent.eu\/fr\/wp-json\/wp\/v2\/event"}],"about":[{"href":"https:\/\/legrandcontinent.eu\/fr\/wp-json\/wp\/v2\/types\/event"}],"author":[{"embeddable":true,"href":"https:\/\/legrandcontinent.eu\/fr\/wp-json\/wp\/v2\/users\/11"}],"wp:featuredmedia":[{"embeddable":true,"href":"https:\/\/legrandcontinent.eu\/fr\/wp-json\/wp\/v2\/media\/108605"}],"wp:attachment":[{"href":"https:\/\/legrandcontinent.eu\/fr\/wp-json\/wp\/v2\/media?parent=108736"}],"wp:term":[{"taxonomy":"category","embeddable":true,"href":"https:\/\/legrandcontinent.eu\/fr\/wp-json\/wp\/v2\/categories?post=108736"},{"taxonomy":"event-type","embeddable":true,"href":"https:\/\/legrandcontinent.eu\/fr\/wp-json\/wp\/v2\/event-type?post=108736"},{"taxonomy":"geo","embeddable":true,"href":"https:\/\/legrandcontinent.eu\/fr\/wp-json\/wp\/v2\/geo?post=108736"}],"curies":[{"name":"wp","href":"https:\/\/api.w.org\/{rel}","templated":true}]}}