{"version":"1.0","provider_name":"Le Grand Continent","provider_url":"https:\/\/legrandcontinent.eu\/fr","title":"Elections am\u00e9ricaines, soci\u00e9t\u00e9, imaginaires | Le Grand Continent","type":"rich","width":600,"height":338,"html":"<blockquote class=\"wp-embedded-content\" data-secret=\"fLSfLCSH2Z\"><a href=\"https:\/\/legrandcontinent.eu\/fr\/evenements\/les-elections-et-les-imaginaires-americains\/\">Elections am\u00e9ricaines, soci\u00e9t\u00e9, imaginaires<\/a><\/blockquote><iframe sandbox=\"allow-scripts\" security=\"restricted\" src=\"https:\/\/legrandcontinent.eu\/fr\/evenements\/les-elections-et-les-imaginaires-americains\/embed\/#?secret=fLSfLCSH2Z\" width=\"600\" height=\"338\" title=\"\u00ab\u00a0Elections am\u00e9ricaines, soci\u00e9t\u00e9, imaginaires\u00a0\u00bb &#8212; Le Grand Continent\" data-secret=\"fLSfLCSH2Z\" frameborder=\"0\" marginwidth=\"0\" marginheight=\"0\" scrolling=\"no\" class=\"wp-embedded-content\"><\/iframe><script type=\"text\/javascript\">\n\/* <![CDATA[ *\/\n\/*! This file is auto-generated *\/\n!function(d,l){\"use strict\";l.querySelector&&d.addEventListener&&\"undefined\"!=typeof URL&&(d.wp=d.wp||{},d.wp.receiveEmbedMessage||(d.wp.receiveEmbedMessage=function(e){var t=e.data;if((t||t.secret||t.message||t.value)&&!\/[^a-zA-Z0-9]\/.test(t.secret)){for(var s,r,n,a=l.querySelectorAll('iframe[data-secret=\"'+t.secret+'\"]'),o=l.querySelectorAll('blockquote[data-secret=\"'+t.secret+'\"]'),c=new RegExp(\"^https?:$\",\"i\"),i=0;i<o.length;i++)o[i].style.display=\"none\";for(i=0;i<a.length;i++)s=a[i],e.source===s.contentWindow&&(s.removeAttribute(\"style\"),\"height\"===t.message?(1e3<(r=parseInt(t.value,10))?r=1e3:~~r<200&&(r=200),s.height=r):\"link\"===t.message&&(r=new URL(s.getAttribute(\"src\")),n=new URL(t.value),c.test(n.protocol))&&n.host===r.host&&l.activeElement===s&&(d.top.location.href=t.value))}},d.addEventListener(\"message\",d.wp.receiveEmbedMessage,!1),l.addEventListener(\"DOMContentLoaded\",function(){for(var e,t,s=l.querySelectorAll(\"iframe.wp-embedded-content\"),r=0;r<s.length;r++)(t=(e=s[r]).getAttribute(\"data-secret\"))||(t=Math.random().toString(36).substring(2,12),e.src+=\"#?secret=\"+t,e.setAttribute(\"data-secret\",t)),e.contentWindow.postMessage({message:\"ready\",secret:t},\"*\")},!1)))}(window,document);\n\/* ]]> *\/\n<\/script>\n","thumbnail_url":"https:\/\/legrandcontinent.eu\/fr\/wp-content\/uploads\/sites\/2\/2020\/10\/Affiche-bonne-taille.png","thumbnail_width":1280,"thumbnail_height":720,"description":"A l\u2019occasion des \u00e9lections am\u00e9ricaines, nous organisons une s\u00e9ance exceptionnelle des Mardis du Grand Continent, en partenariat avec le Centre Pompidou.   Quatre sessions d'une heure chacune (politique int\u00e9rieure, \u00e9conomie, relations internationales, d\u00e9chirures de la soci\u00e9t\u00e9 am\u00e9ricaine) avec une trentaine d'intervenants des mondes acad\u00e9miques, politiques et artistiques."}