{"version":"1.0","provider_name":"Le Grand Continent","provider_url":"https:\/\/legrandcontinent.eu\/fr","title":"Colloque \u00ab Europe. Que faire ? \u00bb | Le Grand Continent","type":"rich","width":600,"height":338,"html":"<blockquote class=\"wp-embedded-content\" data-secret=\"1TPxCjhBOy\"><a href=\"https:\/\/legrandcontinent.eu\/fr\/evenements\/colloque-europe-que-faire\/\">Colloque \u00ab&#160;Europe. Que faire&#160;?&#160;\u00bb<\/a><\/blockquote><iframe sandbox=\"allow-scripts\" security=\"restricted\" src=\"https:\/\/legrandcontinent.eu\/fr\/evenements\/colloque-europe-que-faire\/embed\/#?secret=1TPxCjhBOy\" width=\"600\" height=\"338\" title=\"\u00ab\u00a0Colloque \u00ab&#160;Europe. Que faire&#160;?&#160;\u00bb\u00a0\u00bb &#8212; Le Grand Continent\" data-secret=\"1TPxCjhBOy\" frameborder=\"0\" marginwidth=\"0\" marginheight=\"0\" scrolling=\"no\" class=\"wp-embedded-content\"><\/iframe><script type=\"text\/javascript\">\n\/* <![CDATA[ *\/\n\/*! This file is auto-generated *\/\n!function(d,l){\"use strict\";l.querySelector&&d.addEventListener&&\"undefined\"!=typeof URL&&(d.wp=d.wp||{},d.wp.receiveEmbedMessage||(d.wp.receiveEmbedMessage=function(e){var t=e.data;if((t||t.secret||t.message||t.value)&&!\/[^a-zA-Z0-9]\/.test(t.secret)){for(var s,r,n,a=l.querySelectorAll('iframe[data-secret=\"'+t.secret+'\"]'),o=l.querySelectorAll('blockquote[data-secret=\"'+t.secret+'\"]'),c=new RegExp(\"^https?:$\",\"i\"),i=0;i<o.length;i++)o[i].style.display=\"none\";for(i=0;i<a.length;i++)s=a[i],e.source===s.contentWindow&&(s.removeAttribute(\"style\"),\"height\"===t.message?(1e3<(r=parseInt(t.value,10))?r=1e3:~~r<200&&(r=200),s.height=r):\"link\"===t.message&&(r=new URL(s.getAttribute(\"src\")),n=new URL(t.value),c.test(n.protocol))&&n.host===r.host&&l.activeElement===s&&(d.top.location.href=t.value))}},d.addEventListener(\"message\",d.wp.receiveEmbedMessage,!1),l.addEventListener(\"DOMContentLoaded\",function(){for(var e,t,s=l.querySelectorAll(\"iframe.wp-embedded-content\"),r=0;r<s.length;r++)(t=(e=s[r]).getAttribute(\"data-secret\"))||(t=Math.random().toString(36).substring(2,12),e.src+=\"#?secret=\"+t,e.setAttribute(\"data-secret\",t)),e.contentWindow.postMessage({message:\"ready\",secret:t},\"*\")},!1)))}(window,document);\n\/* ]]> *\/\n<\/script>\n","thumbnail_url":"https:\/\/legrandcontinent.eu\/fr\/wp-content\/uploads\/sites\/2\/2019\/04\/flags_europe_eu_flag_european_blow_country_europe_palace-536344.jpgd_.jpg","thumbnail_width":848,"thumbnail_height":430,"description":"Ce colloque prolonge le travail r\u00e9alis\u00e9 pour le num\u00e9ro \u00e0 para\u00eetre sous le titre \u00ab&#160;Europe&#160;\u00bb de la revue philosophique No\u00e8sis (n\u00b030-31, Printemps 2017-Automne 2018) du Centre de recherches en histoires des id\u00e9es de l\u2019Universit\u00e9 Nice Sophia Antipolis. Le choix du th\u00e8me de l\u2019Europe r\u00e9sulte du constat de l\u2019accumulation des crises europ\u00e9ennes. Dites \u00ab&#160;des r\u00e9fugi\u00e9-e-s&#160;\u00bb, \u00ab&#160;constitutionnelle&#160;\u00bb, \u00ab&#160;grecque&#160;\u00bb, \u00ab&#160;des [&hellip;]"}