{"version":"1.0","provider_name":"Le Grand Continent","provider_url":"https:\/\/legrandcontinent.eu\/fr","title":"Jacques Revel (1942-2026) : le dernier entretien in\u00e9dit","type":"rich","width":600,"height":338,"html":"<blockquote class=\"wp-embedded-content\" data-secret=\"EpezrzXjRa\"><a href=\"https:\/\/legrandcontinent.eu\/fr\/2026\/03\/13\/jacques-revel-dernier-entretien\/\">Jacques Revel (1942-2026)&#160;: le dernier entretien de l\u2019historien des \u00e9chelles<\/a><\/blockquote><iframe sandbox=\"allow-scripts\" security=\"restricted\" src=\"https:\/\/legrandcontinent.eu\/fr\/2026\/03\/13\/jacques-revel-dernier-entretien\/embed\/#?secret=EpezrzXjRa\" width=\"600\" height=\"338\" title=\"\u00ab\u00a0Jacques Revel (1942-2026)&#160;: le dernier entretien de l\u2019historien des \u00e9chelles\u00a0\u00bb &#8212; Le Grand Continent\" data-secret=\"EpezrzXjRa\" frameborder=\"0\" marginwidth=\"0\" marginheight=\"0\" scrolling=\"no\" class=\"wp-embedded-content\"><\/iframe><script type=\"text\/javascript\">\n\/* <![CDATA[ *\/\n\/*! This file is auto-generated *\/\n!function(d,l){\"use strict\";l.querySelector&&d.addEventListener&&\"undefined\"!=typeof URL&&(d.wp=d.wp||{},d.wp.receiveEmbedMessage||(d.wp.receiveEmbedMessage=function(e){var t=e.data;if((t||t.secret||t.message||t.value)&&!\/[^a-zA-Z0-9]\/.test(t.secret)){for(var s,r,n,a=l.querySelectorAll('iframe[data-secret=\"'+t.secret+'\"]'),o=l.querySelectorAll('blockquote[data-secret=\"'+t.secret+'\"]'),c=new RegExp(\"^https?:$\",\"i\"),i=0;i<o.length;i++)o[i].style.display=\"none\";for(i=0;i<a.length;i++)s=a[i],e.source===s.contentWindow&&(s.removeAttribute(\"style\"),\"height\"===t.message?(1e3<(r=parseInt(t.value,10))?r=1e3:~~r<200&&(r=200),s.height=r):\"link\"===t.message&&(r=new URL(s.getAttribute(\"src\")),n=new URL(t.value),c.test(n.protocol))&&n.host===r.host&&l.activeElement===s&&(d.top.location.href=t.value))}},d.addEventListener(\"message\",d.wp.receiveEmbedMessage,!1),l.addEventListener(\"DOMContentLoaded\",function(){for(var e,t,s=l.querySelectorAll(\"iframe.wp-embedded-content\"),r=0;r<s.length;r++)(t=(e=s[r]).getAttribute(\"data-secret\"))||(t=Math.random().toString(36).substring(2,12),e.src+=\"#?secret=\"+t,e.setAttribute(\"data-secret\",t)),e.contentWindow.postMessage({message:\"ready\",secret:t},\"*\")},!1)))}(window,document);\n\/* ]]> *\/\n<\/script>\n","thumbnail_url":"https:\/\/legrandcontinent.eu\/fr\/wp-content\/uploads\/sites\/2\/2026\/03\/gc-reveljacques-scaled.jpg","thumbnail_width":2560,"thumbnail_height":1452,"description":"L\u2019historien Jacques Revel vient de s\u2019\u00e9teindre.  Ancien directeur des Annales, sa longue carri\u00e8re \u00e9pouse les tournants historiographiques les plus importants de la seconde moiti\u00e9 du XXe si\u00e8cle.  Nous publions aujourd'hui cet entretien in\u00e9dit sur sa trajectoire intellectuelle unique."}