{"version":"1.0","provider_name":"Le Grand Continent","provider_url":"https:\/\/legrandcontinent.eu\/fr","title":"G\u00e9opolitique de la COP30 | Le Grand Continent","type":"rich","width":600,"height":338,"html":"<blockquote class=\"wp-embedded-content\" data-secret=\"vAVrCxzLae\"><a href=\"https:\/\/legrandcontinent.eu\/fr\/2025\/11\/10\/geopolitique-de-la-cop30\/\">G\u00e9opolitique de la COP30<\/a><\/blockquote><iframe sandbox=\"allow-scripts\" security=\"restricted\" src=\"https:\/\/legrandcontinent.eu\/fr\/2025\/11\/10\/geopolitique-de-la-cop30\/embed\/#?secret=vAVrCxzLae\" width=\"600\" height=\"338\" title=\"\u00ab\u00a0G\u00e9opolitique de la COP30\u00a0\u00bb &#8212; Le Grand Continent\" data-secret=\"vAVrCxzLae\" frameborder=\"0\" marginwidth=\"0\" marginheight=\"0\" scrolling=\"no\" class=\"wp-embedded-content\"><\/iframe><script type=\"text\/javascript\">\n\/* <![CDATA[ *\/\n\/*! This file is auto-generated *\/\n!function(d,l){\"use strict\";l.querySelector&&d.addEventListener&&\"undefined\"!=typeof URL&&(d.wp=d.wp||{},d.wp.receiveEmbedMessage||(d.wp.receiveEmbedMessage=function(e){var t=e.data;if((t||t.secret||t.message||t.value)&&!\/[^a-zA-Z0-9]\/.test(t.secret)){for(var s,r,n,a=l.querySelectorAll('iframe[data-secret=\"'+t.secret+'\"]'),o=l.querySelectorAll('blockquote[data-secret=\"'+t.secret+'\"]'),c=new RegExp(\"^https?:$\",\"i\"),i=0;i<o.length;i++)o[i].style.display=\"none\";for(i=0;i<a.length;i++)s=a[i],e.source===s.contentWindow&&(s.removeAttribute(\"style\"),\"height\"===t.message?(1e3<(r=parseInt(t.value,10))?r=1e3:~~r<200&&(r=200),s.height=r):\"link\"===t.message&&(r=new URL(s.getAttribute(\"src\")),n=new URL(t.value),c.test(n.protocol))&&n.host===r.host&&l.activeElement===s&&(d.top.location.href=t.value))}},d.addEventListener(\"message\",d.wp.receiveEmbedMessage,!1),l.addEventListener(\"DOMContentLoaded\",function(){for(var e,t,s=l.querySelectorAll(\"iframe.wp-embedded-content\"),r=0;r<s.length;r++)(t=(e=s[r]).getAttribute(\"data-secret\"))||(t=Math.random().toString(36).substring(2,12),e.src+=\"#?secret=\"+t,e.setAttribute(\"data-secret\",t)),e.contentWindow.postMessage({message:\"ready\",secret:t},\"*\")},!1)))}(window,document);\n\/* ]]> *\/\n<\/script>\n","thumbnail_url":"https:\/\/legrandcontinent.eu\/fr\/wp-content\/uploads\/sites\/2\/2025\/11\/gc-lulabelem-scaled.jpg","thumbnail_width":2560,"thumbnail_height":1440,"description":"Aujourd\u2019hui s\u2019ouvre dans le Br\u00e9sil de Lula la 30e Conf\u00e9rence des parties (COP) sur le changement climatique.  Apr\u00e8s une phase d\u2019\u00e9puisement tactique, le sommet de Bel\u00e9m peut \u00eatre un moment de bascule strat\u00e9gique dans une confrontation entre blocs.  Le point sur ce qu\u2019il faut attendre des n\u00e9gociations."}