{"version":"1.0","provider_name":"Le Grand Continent","provider_url":"https:\/\/legrandcontinent.eu\/fr","title":"Edwy Plenel : \u00abL'appel de la Martinique fut l'occasion de ma premi\u00e8re \u00e9chapp\u00e9e\u00bb","type":"rich","width":600,"height":338,"html":"<blockquote class=\"wp-embedded-content\" data-secret=\"rI5uEvj5ew\"><a href=\"https:\/\/legrandcontinent.eu\/fr\/2025\/08\/05\/grand-tour-martinique-plenel\/\">\u00ab&#160;L\u2019appel de la Martinique fut l\u2019occasion de ma premi\u00e8re \u00e9chapp\u00e9e&#160;\u00bb, Grand Tour avec Edwy Plenel<\/a><\/blockquote><iframe sandbox=\"allow-scripts\" security=\"restricted\" src=\"https:\/\/legrandcontinent.eu\/fr\/2025\/08\/05\/grand-tour-martinique-plenel\/embed\/#?secret=rI5uEvj5ew\" width=\"600\" height=\"338\" title=\"\u00ab\u00a0\u00ab&#160;L\u2019appel de la Martinique fut l\u2019occasion de ma premi\u00e8re \u00e9chapp\u00e9e&#160;\u00bb, Grand Tour avec Edwy Plenel\u00a0\u00bb &#8212; Le Grand Continent\" data-secret=\"rI5uEvj5ew\" frameborder=\"0\" marginwidth=\"0\" marginheight=\"0\" scrolling=\"no\" class=\"wp-embedded-content\"><\/iframe><script type=\"text\/javascript\">\n\/* <![CDATA[ *\/\n\/*! This file is auto-generated *\/\n!function(d,l){\"use strict\";l.querySelector&&d.addEventListener&&\"undefined\"!=typeof URL&&(d.wp=d.wp||{},d.wp.receiveEmbedMessage||(d.wp.receiveEmbedMessage=function(e){var t=e.data;if((t||t.secret||t.message||t.value)&&!\/[^a-zA-Z0-9]\/.test(t.secret)){for(var s,r,n,a=l.querySelectorAll('iframe[data-secret=\"'+t.secret+'\"]'),o=l.querySelectorAll('blockquote[data-secret=\"'+t.secret+'\"]'),c=new RegExp(\"^https?:$\",\"i\"),i=0;i<o.length;i++)o[i].style.display=\"none\";for(i=0;i<a.length;i++)s=a[i],e.source===s.contentWindow&&(s.removeAttribute(\"style\"),\"height\"===t.message?(1e3<(r=parseInt(t.value,10))?r=1e3:~~r<200&&(r=200),s.height=r):\"link\"===t.message&&(r=new URL(s.getAttribute(\"src\")),n=new URL(t.value),c.test(n.protocol))&&n.host===r.host&&l.activeElement===s&&(d.top.location.href=t.value))}},d.addEventListener(\"message\",d.wp.receiveEmbedMessage,!1),l.addEventListener(\"DOMContentLoaded\",function(){for(var e,t,s=l.querySelectorAll(\"iframe.wp-embedded-content\"),r=0;r<s.length;r++)(t=(e=s[r]).getAttribute(\"data-secret\"))||(t=Math.random().toString(36).substring(2,12),e.src+=\"#?secret=\"+t,e.setAttribute(\"data-secret\",t)),e.contentWindow.postMessage({message:\"ready\",secret:t},\"*\")},!1)))}(window,document);\n\/* ]]> *\/\n<\/script>\n","thumbnail_url":"https:\/\/legrandcontinent.eu\/fr\/wp-content\/uploads\/sites\/2\/2025\/08\/MARTINIQUE-990x693.png","thumbnail_width":990,"thumbnail_height":693,"description":"\u00ab&#160;J\u2019agis en tant que journaliste, c\u2019est mon lieu d\u2019engagement depuis bient\u00f4t un demi-si\u00e8cle. Mais je pense le monde \u00e0 partir de cet autre lieu, la Martinique.&#160;\u00bb  Pour le fondateur de Mediapart, cette \u00eele o\u00f9 il n\u2019est pas n\u00e9 a servi de matrice po\u00e9tique et politique.  Des r\u00e9miniscences d\u2019\u00c9douard Glissant \u00e0 la Savane des p\u00e9trifications \u2014 en passant par une note in\u00e9dite de Jacques Foccart qu\u2019il nous d\u00e9voile \u2014 nous suivons Edwy Plenel dans un Grand Tour sur les traces de son pass\u00e9 martiniquais."}