{"version":"1.0","provider_name":"Le Grand Continent","provider_url":"https:\/\/legrandcontinent.eu\/fr","title":"L\u2019Europe et le vertige du pouvoir pr\u00e9sidentiel : comprendre le paradoxe von der Leyen | Le Grand Continent","type":"rich","width":600,"height":338,"html":"<blockquote class=\"wp-embedded-content\" data-secret=\"i7Oe9rH5jb\"><a href=\"https:\/\/legrandcontinent.eu\/fr\/2025\/06\/27\/von-der-leyen-pouvoir\/\">L\u2019Europe et le vertige du pouvoir pr\u00e9sidentiel&#160;: comprendre le paradoxe von der Leyen<\/a><\/blockquote><iframe sandbox=\"allow-scripts\" security=\"restricted\" src=\"https:\/\/legrandcontinent.eu\/fr\/2025\/06\/27\/von-der-leyen-pouvoir\/embed\/#?secret=i7Oe9rH5jb\" width=\"600\" height=\"338\" title=\"\u00ab\u00a0L\u2019Europe et le vertige du pouvoir pr\u00e9sidentiel&#160;: comprendre le paradoxe von der Leyen\u00a0\u00bb &#8212; Le Grand Continent\" data-secret=\"i7Oe9rH5jb\" frameborder=\"0\" marginwidth=\"0\" marginheight=\"0\" scrolling=\"no\" class=\"wp-embedded-content\"><\/iframe><script type=\"text\/javascript\">\n\/* <![CDATA[ *\/\n\/*! This file is auto-generated *\/\n!function(d,l){\"use strict\";l.querySelector&&d.addEventListener&&\"undefined\"!=typeof URL&&(d.wp=d.wp||{},d.wp.receiveEmbedMessage||(d.wp.receiveEmbedMessage=function(e){var t=e.data;if((t||t.secret||t.message||t.value)&&!\/[^a-zA-Z0-9]\/.test(t.secret)){for(var s,r,n,a=l.querySelectorAll('iframe[data-secret=\"'+t.secret+'\"]'),o=l.querySelectorAll('blockquote[data-secret=\"'+t.secret+'\"]'),c=new RegExp(\"^https?:$\",\"i\"),i=0;i<o.length;i++)o[i].style.display=\"none\";for(i=0;i<a.length;i++)s=a[i],e.source===s.contentWindow&&(s.removeAttribute(\"style\"),\"height\"===t.message?(1e3<(r=parseInt(t.value,10))?r=1e3:~~r<200&&(r=200),s.height=r):\"link\"===t.message&&(r=new URL(s.getAttribute(\"src\")),n=new URL(t.value),c.test(n.protocol))&&n.host===r.host&&l.activeElement===s&&(d.top.location.href=t.value))}},d.addEventListener(\"message\",d.wp.receiveEmbedMessage,!1),l.addEventListener(\"DOMContentLoaded\",function(){for(var e,t,s=l.querySelectorAll(\"iframe.wp-embedded-content\"),r=0;r<s.length;r++)(t=(e=s[r]).getAttribute(\"data-secret\"))||(t=Math.random().toString(36).substring(2,12),e.src+=\"#?secret=\"+t,e.setAttribute(\"data-secret\",t)),e.contentWindow.postMessage({message:\"ready\",secret:t},\"*\")},!1)))}(window,document);\n\/* ]]> *\/\n<\/script>\n","thumbnail_url":"https:\/\/legrandcontinent.eu\/fr\/wp-content\/uploads\/sites\/2\/2025\/06\/gc-vdl-scaled.jpg","thumbnail_width":2560,"thumbnail_height":1429,"description":"Depuis 2019 et son appartement au 13e \u00e9tage du Berlaymont, Ursula von der Leyen est parvenue \u00e0 concentrer tous les pouvoirs et \u00e0 \u00e9liminer toute contestation \u2014 souvent en allant au-del\u00e0 des pr\u00e9rogatives pr\u00e9vues par les trait\u00e9s.  Pourtant, paradoxalement, par ses h\u00e9sitations et une certaine incons\u00e9quence, la pr\u00e9sidente la plus puissante de l'histoire de la Commission pourrait \u00eatre en train de fragiliser d\u00e9finitivement l'Union.  Pour Guillaume Duval, ancien conseiller du Haut repr\u00e9sentant pour les affaires \u00e9trang\u00e8res et la politique de s\u00e9curit\u00e9, il reste quatre ans pour r\u00e9pondre \u00e0 cette question.  Que veut-elle vraiment faire de son pouvoir&#160;?"}