{"version":"1.0","provider_name":"Le Grand Continent","provider_url":"https:\/\/legrandcontinent.eu\/fr","title":"Guerre commerciale : \u0160ef\u010dovi\u010d rencontre Greer \u00e0 Paris | Le Grand Continent","type":"rich","width":600,"height":338,"html":"<blockquote class=\"wp-embedded-content\" data-secret=\"Ii1PgrceXW\"><a href=\"https:\/\/legrandcontinent.eu\/fr\/2025\/06\/04\/guerre-commerciale-sefcovic-rencontre-greer-a-paris\/\">Guerre commerciale&#160;: \u0160ef\u010dovi\u010d rencontre Greer \u00e0 Paris<\/a><\/blockquote><iframe sandbox=\"allow-scripts\" security=\"restricted\" src=\"https:\/\/legrandcontinent.eu\/fr\/2025\/06\/04\/guerre-commerciale-sefcovic-rencontre-greer-a-paris\/embed\/#?secret=Ii1PgrceXW\" width=\"600\" height=\"338\" title=\"\u00ab\u00a0Guerre commerciale&#160;: \u0160ef\u010dovi\u010d rencontre Greer \u00e0 Paris\u00a0\u00bb &#8212; Le Grand Continent\" data-secret=\"Ii1PgrceXW\" frameborder=\"0\" marginwidth=\"0\" marginheight=\"0\" scrolling=\"no\" class=\"wp-embedded-content\"><\/iframe><script type=\"text\/javascript\">\n\/* <![CDATA[ *\/\n\/*! This file is auto-generated *\/\n!function(d,l){\"use strict\";l.querySelector&&d.addEventListener&&\"undefined\"!=typeof URL&&(d.wp=d.wp||{},d.wp.receiveEmbedMessage||(d.wp.receiveEmbedMessage=function(e){var t=e.data;if((t||t.secret||t.message||t.value)&&!\/[^a-zA-Z0-9]\/.test(t.secret)){for(var s,r,n,a=l.querySelectorAll('iframe[data-secret=\"'+t.secret+'\"]'),o=l.querySelectorAll('blockquote[data-secret=\"'+t.secret+'\"]'),c=new RegExp(\"^https?:$\",\"i\"),i=0;i<o.length;i++)o[i].style.display=\"none\";for(i=0;i<a.length;i++)s=a[i],e.source===s.contentWindow&&(s.removeAttribute(\"style\"),\"height\"===t.message?(1e3<(r=parseInt(t.value,10))?r=1e3:~~r<200&&(r=200),s.height=r):\"link\"===t.message&&(r=new URL(s.getAttribute(\"src\")),n=new URL(t.value),c.test(n.protocol))&&n.host===r.host&&l.activeElement===s&&(d.top.location.href=t.value))}},d.addEventListener(\"message\",d.wp.receiveEmbedMessage,!1),l.addEventListener(\"DOMContentLoaded\",function(){for(var e,t,s=l.querySelectorAll(\"iframe.wp-embedded-content\"),r=0;r<s.length;r++)(t=(e=s[r]).getAttribute(\"data-secret\"))||(t=Math.random().toString(36).substring(2,12),e.src+=\"#?secret=\"+t,e.setAttribute(\"data-secret\",t)),e.contentWindow.postMessage({message:\"ready\",secret:t},\"*\")},!1)))}(window,document);\n\/* ]]> *\/\n<\/script>\n","thumbnail_url":"https:\/\/legrandcontinent.eu\/fr\/wp-content\/uploads\/sites\/2\/2025\/06\/Capture-decran-2025-06-04-a-00.30.53.png","thumbnail_width":1818,"thumbnail_height":1022,"description":"Ce mercredi 4 juin, Maro\u0161 \u0160ef\u010dovi\u010d, le commissaire europ\u00e9en au Commerce, rencontrera son homologue am\u00e9ricain, Jamieson Greer, en marge de la r\u00e9union du Conseil de l'OCDE au niveau des ministres, alors que les droits de douane appliqu\u00e9s par les \u00c9tats-Unis sur l'aluminium et l\u2019acier sont port\u00e9s \u00e0 50&#160;% \u00e0 partir d'aujourd'hui.  Aucune avanc\u00e9e majeure n\u2019est attendue. Les deux ont jusqu'au 9 juillet pour trouver un accord."}