{"version":"1.0","provider_name":"Le Grand Continent","provider_url":"https:\/\/legrandcontinent.eu\/fr","title":"\u00abL\u2019important, c\u2019est l\u2019effort pour briser l\u2019ordre normal du temps\u00bb, une conversation en deux parties avec Jacques Ranci\u00e8re | Le Grand Continent","type":"rich","width":600,"height":338,"html":"<blockquote class=\"wp-embedded-content\" data-secret=\"FWChTPAbwS\"><a href=\"https:\/\/legrandcontinent.eu\/fr\/2024\/02\/11\/jacques-ranciere-et-lhistoire-volume-2\/\">\u00ab&#160;L\u2019important, c\u2019est l\u2019effort pour briser l\u2019ordre normal du temps&#160;\u00bb, une conversation en deux parties avec Jacques Ranci\u00e8re<\/a><\/blockquote><iframe sandbox=\"allow-scripts\" security=\"restricted\" src=\"https:\/\/legrandcontinent.eu\/fr\/2024\/02\/11\/jacques-ranciere-et-lhistoire-volume-2\/embed\/#?secret=FWChTPAbwS\" width=\"600\" height=\"338\" title=\"\u00ab\u00a0\u00ab&#160;L\u2019important, c\u2019est l\u2019effort pour briser l\u2019ordre normal du temps&#160;\u00bb, une conversation en deux parties avec Jacques Ranci\u00e8re\u00a0\u00bb &#8212; Le Grand Continent\" data-secret=\"FWChTPAbwS\" frameborder=\"0\" marginwidth=\"0\" marginheight=\"0\" scrolling=\"no\" class=\"wp-embedded-content\"><\/iframe><script type=\"text\/javascript\">\n\/* <![CDATA[ *\/\n\/*! This file is auto-generated *\/\n!function(d,l){\"use strict\";l.querySelector&&d.addEventListener&&\"undefined\"!=typeof URL&&(d.wp=d.wp||{},d.wp.receiveEmbedMessage||(d.wp.receiveEmbedMessage=function(e){var t=e.data;if((t||t.secret||t.message||t.value)&&!\/[^a-zA-Z0-9]\/.test(t.secret)){for(var s,r,n,a=l.querySelectorAll('iframe[data-secret=\"'+t.secret+'\"]'),o=l.querySelectorAll('blockquote[data-secret=\"'+t.secret+'\"]'),c=new RegExp(\"^https?:$\",\"i\"),i=0;i<o.length;i++)o[i].style.display=\"none\";for(i=0;i<a.length;i++)s=a[i],e.source===s.contentWindow&&(s.removeAttribute(\"style\"),\"height\"===t.message?(1e3<(r=parseInt(t.value,10))?r=1e3:~~r<200&&(r=200),s.height=r):\"link\"===t.message&&(r=new URL(s.getAttribute(\"src\")),n=new URL(t.value),c.test(n.protocol))&&n.host===r.host&&l.activeElement===s&&(d.top.location.href=t.value))}},d.addEventListener(\"message\",d.wp.receiveEmbedMessage,!1),l.addEventListener(\"DOMContentLoaded\",function(){for(var e,t,s=l.querySelectorAll(\"iframe.wp-embedded-content\"),r=0;r<s.length;r++)(t=(e=s[r]).getAttribute(\"data-secret\"))||(t=Math.random().toString(36).substring(2,12),e.src+=\"#?secret=\"+t,e.setAttribute(\"data-secret\",t)),e.contentWindow.postMessage({message:\"ready\",secret:t},\"*\")},!1)))}(window,document);\n\/* ]]> *\/\n<\/script>\n","thumbnail_url":"https:\/\/legrandcontinent.eu\/fr\/wp-content\/uploads\/sites\/2\/2024\/02\/gc-ranciere-2-share-990x556.png","thumbnail_width":990,"thumbnail_height":556,"description":"Suite et fin de notre entretien avec Jacques Ranci\u00e8re. Tandis que la premi\u00e8re partie se concentrait essentiellement sur son propre travail d\u2019historien, le philosophe aborde dans cette seconde partie des questions \u00ab&#160;\u00e9pist\u00e9mologiques&#160;\u00bb plus g\u00e9n\u00e9rales&#160;: sont \u00e9voqu\u00e9s, entre autres, sa conception de l\u2019anachronisme et des formes d\u2019historicit\u00e9, ses r\u00e9flexions sur le th\u00e8me de la fin de l\u2019histoire, les liens entre r\u00e9volution litt\u00e9raire et r\u00e9volution de la science historienne, ou encore sa vision de la micro-histoire. Il y revient \u00e9galement sur son itin\u00e9raire intellectuel et sur quelques figures majeures l\u2019ayant jalonn\u00e9 (Foucault, Bourdieu, de Certeau)."}