{"version":"1.0","provider_name":"Le Grand Continent","provider_url":"https:\/\/legrandcontinent.eu\/fr","title":"Mark Milley contre Donald Trump : le g\u00e9n\u00e9ral et l\u2019apprenti dictateur | Le Grand Continent","type":"rich","width":600,"height":338,"html":"<blockquote class=\"wp-embedded-content\" data-secret=\"2zCNOmnW3B\"><a href=\"https:\/\/legrandcontinent.eu\/fr\/2023\/10\/03\/le-general-et-lapprenti-dictateur\/\">Mark Milley contre Donald Trump&#160;: le g\u00e9n\u00e9ral et l\u2019apprenti dictateur<\/a><\/blockquote><iframe sandbox=\"allow-scripts\" security=\"restricted\" src=\"https:\/\/legrandcontinent.eu\/fr\/2023\/10\/03\/le-general-et-lapprenti-dictateur\/embed\/#?secret=2zCNOmnW3B\" width=\"600\" height=\"338\" title=\"\u00ab\u00a0Mark Milley contre Donald Trump&#160;: le g\u00e9n\u00e9ral et l\u2019apprenti dictateur\u00a0\u00bb &#8212; Le Grand Continent\" data-secret=\"2zCNOmnW3B\" frameborder=\"0\" marginwidth=\"0\" marginheight=\"0\" scrolling=\"no\" class=\"wp-embedded-content\"><\/iframe><script type=\"text\/javascript\">\n\/* <![CDATA[ *\/\n\/*! This file is auto-generated *\/\n!function(d,l){\"use strict\";l.querySelector&&d.addEventListener&&\"undefined\"!=typeof URL&&(d.wp=d.wp||{},d.wp.receiveEmbedMessage||(d.wp.receiveEmbedMessage=function(e){var t=e.data;if((t||t.secret||t.message||t.value)&&!\/[^a-zA-Z0-9]\/.test(t.secret)){for(var s,r,n,a=l.querySelectorAll('iframe[data-secret=\"'+t.secret+'\"]'),o=l.querySelectorAll('blockquote[data-secret=\"'+t.secret+'\"]'),c=new RegExp(\"^https?:$\",\"i\"),i=0;i<o.length;i++)o[i].style.display=\"none\";for(i=0;i<a.length;i++)s=a[i],e.source===s.contentWindow&&(s.removeAttribute(\"style\"),\"height\"===t.message?(1e3<(r=parseInt(t.value,10))?r=1e3:~~r<200&&(r=200),s.height=r):\"link\"===t.message&&(r=new URL(s.getAttribute(\"src\")),n=new URL(t.value),c.test(n.protocol))&&n.host===r.host&&l.activeElement===s&&(d.top.location.href=t.value))}},d.addEventListener(\"message\",d.wp.receiveEmbedMessage,!1),l.addEventListener(\"DOMContentLoaded\",function(){for(var e,t,s=l.querySelectorAll(\"iframe.wp-embedded-content\"),r=0;r<s.length;r++)(t=(e=s[r]).getAttribute(\"data-secret\"))||(t=Math.random().toString(36).substring(2,12),e.src+=\"#?secret=\"+t,e.setAttribute(\"data-secret\",t)),e.contentWindow.postMessage({message:\"ready\",secret:t},\"*\")},!1)))}(window,document);\n\/* ]]> *\/\n<\/script>\n","thumbnail_url":"https:\/\/legrandcontinent.eu\/fr\/wp-content\/uploads\/sites\/2\/2023\/10\/GC_Milley-scaled.jpg","thumbnail_width":2560,"thumbnail_height":1440,"description":"Avec une libert\u00e9 de ton qui souligne la dimension historique du moment, le chef d\u2019\u00c9tat-Major des arm\u00e9es am\u00e9ricaines sur le d\u00e9part, Mark Milley, a remis Donald Trump \u00e0 sa place \u2014 sugg\u00e9rant qu\u2019il \u00e9tait un \u00ab&#160;apprenti dictateur&#160;\u00bb. Nous avons traduit et comment\u00e9 ce discours qui d\u00e9ploie un \u00e9loge appuy\u00e9 de l\u2019arm\u00e9e am\u00e9ricaine, avec laquelle Milley entretient un lien g\u00e9n\u00e9alogique. Dans un pays de plus en plus divis\u00e9, le c\u0153ur des \u00c9tats-Unis battrait-il sous l'uniforme&#160;?"}