{"version":"1.0","provider_name":"Le Grand Continent","provider_url":"https:\/\/legrandcontinent.eu\/fr","title":"\u00c0 Budapest, Zemmour n'\u00e9tait qu'un invit\u00e9 secondaire | Le Grand Continent","type":"rich","width":600,"height":338,"html":"<blockquote class=\"wp-embedded-content\" data-secret=\"wOrLUhrOBJ\"><a href=\"https:\/\/legrandcontinent.eu\/fr\/2021\/09\/25\/a-budapest-zemmour-netait-quun-invite-secondaire\/\">\u00c0 Budapest, Zemmour n&rsquo;\u00e9tait qu&rsquo;un invit\u00e9 secondaire<\/a><\/blockquote><iframe sandbox=\"allow-scripts\" security=\"restricted\" src=\"https:\/\/legrandcontinent.eu\/fr\/2021\/09\/25\/a-budapest-zemmour-netait-quun-invite-secondaire\/embed\/#?secret=wOrLUhrOBJ\" width=\"600\" height=\"338\" title=\"\u00ab\u00a0\u00c0 Budapest, Zemmour n&rsquo;\u00e9tait qu&rsquo;un invit\u00e9 secondaire\u00a0\u00bb &#8212; Le Grand Continent\" data-secret=\"wOrLUhrOBJ\" frameborder=\"0\" marginwidth=\"0\" marginheight=\"0\" scrolling=\"no\" class=\"wp-embedded-content\"><\/iframe><script type=\"text\/javascript\">\n\/* <![CDATA[ *\/\n\/*! This file is auto-generated *\/\n!function(d,l){\"use strict\";l.querySelector&&d.addEventListener&&\"undefined\"!=typeof URL&&(d.wp=d.wp||{},d.wp.receiveEmbedMessage||(d.wp.receiveEmbedMessage=function(e){var t=e.data;if((t||t.secret||t.message||t.value)&&!\/[^a-zA-Z0-9]\/.test(t.secret)){for(var s,r,n,a=l.querySelectorAll('iframe[data-secret=\"'+t.secret+'\"]'),o=l.querySelectorAll('blockquote[data-secret=\"'+t.secret+'\"]'),c=new RegExp(\"^https?:$\",\"i\"),i=0;i<o.length;i++)o[i].style.display=\"none\";for(i=0;i<a.length;i++)s=a[i],e.source===s.contentWindow&&(s.removeAttribute(\"style\"),\"height\"===t.message?(1e3<(r=parseInt(t.value,10))?r=1e3:~~r<200&&(r=200),s.height=r):\"link\"===t.message&&(r=new URL(s.getAttribute(\"src\")),n=new URL(t.value),c.test(n.protocol))&&n.host===r.host&&l.activeElement===s&&(d.top.location.href=t.value))}},d.addEventListener(\"message\",d.wp.receiveEmbedMessage,!1),l.addEventListener(\"DOMContentLoaded\",function(){for(var e,t,s=l.querySelectorAll(\"iframe.wp-embedded-content\"),r=0;r<s.length;r++)(t=(e=s[r]).getAttribute(\"data-secret\"))||(t=Math.random().toString(36).substring(2,12),e.src+=\"#?secret=\"+t,e.setAttribute(\"data-secret\",t)),e.contentWindow.postMessage({message:\"ready\",secret:t},\"*\")},!1)))}(window,document);\n\/* ]]> *\/\n<\/script>\n","thumbnail_url":"https:\/\/legrandcontinent.eu\/fr\/wp-content\/uploads\/sites\/2\/2021\/09\/gc-fam-scaled.jpg","thumbnail_width":2560,"thumbnail_height":1438,"description":"Le Sommet d\u00e9mographique hongrois, qui s\u2019est tenu les 23 et 24 septembre \u00e9tait l\u2019occasion d\u2019un rassemblement de certains pays europ\u00e9ens aux orientations conservatrices, \u00e0 l\u2019instar de la Slov\u00e9nie, de la R\u00e9publique Tch\u00e8que, de la Pologne et de la Serbie. \u00c9taient \u00e9galement pr\u00e9sents \u00e0 cet \u00e9v\u00e9nement Eric Zemmour, Marion Mar\u00e9chal-Le Pen et Mike Pence. L\u2019occasion de revenir, en cinq points synth\u00e9tiques, trois graphiques et deux cartes sur les rapports entre politiques familiales et d\u00e9mographiques et conservatisme en Europe."}