{"version":"1.0","provider_name":"Le Grand Continent","provider_url":"https:\/\/legrandcontinent.eu\/fr","title":"Un architecte : le myst\u00e8re Albert Speer. Premi\u00e8re partie | Le Grand Continent","type":"rich","width":600,"height":338,"html":"<blockquote class=\"wp-embedded-content\" data-secret=\"T1yBnAXDTw\"><a href=\"https:\/\/legrandcontinent.eu\/fr\/2021\/08\/09\/un-architecte-le-mystere-albert-speer-premiere-partie\/\">Un architecte&#160;: le myst\u00e8re Albert Speer. Premi\u00e8re partie<\/a><\/blockquote><iframe sandbox=\"allow-scripts\" security=\"restricted\" src=\"https:\/\/legrandcontinent.eu\/fr\/2021\/08\/09\/un-architecte-le-mystere-albert-speer-premiere-partie\/embed\/#?secret=T1yBnAXDTw\" width=\"600\" height=\"338\" title=\"\u00ab\u00a0Un architecte&#160;: le myst\u00e8re Albert Speer. Premi\u00e8re partie\u00a0\u00bb &#8212; Le Grand Continent\" data-secret=\"T1yBnAXDTw\" frameborder=\"0\" marginwidth=\"0\" marginheight=\"0\" scrolling=\"no\" class=\"wp-embedded-content\"><\/iframe><script type=\"text\/javascript\">\n\/* <![CDATA[ *\/\n\/*! This file is auto-generated *\/\n!function(d,l){\"use strict\";l.querySelector&&d.addEventListener&&\"undefined\"!=typeof URL&&(d.wp=d.wp||{},d.wp.receiveEmbedMessage||(d.wp.receiveEmbedMessage=function(e){var t=e.data;if((t||t.secret||t.message||t.value)&&!\/[^a-zA-Z0-9]\/.test(t.secret)){for(var s,r,n,a=l.querySelectorAll('iframe[data-secret=\"'+t.secret+'\"]'),o=l.querySelectorAll('blockquote[data-secret=\"'+t.secret+'\"]'),c=new RegExp(\"^https?:$\",\"i\"),i=0;i<o.length;i++)o[i].style.display=\"none\";for(i=0;i<a.length;i++)s=a[i],e.source===s.contentWindow&&(s.removeAttribute(\"style\"),\"height\"===t.message?(1e3<(r=parseInt(t.value,10))?r=1e3:~~r<200&&(r=200),s.height=r):\"link\"===t.message&&(r=new URL(s.getAttribute(\"src\")),n=new URL(t.value),c.test(n.protocol))&&n.host===r.host&&l.activeElement===s&&(d.top.location.href=t.value))}},d.addEventListener(\"message\",d.wp.receiveEmbedMessage,!1),l.addEventListener(\"DOMContentLoaded\",function(){for(var e,t,s=l.querySelectorAll(\"iframe.wp-embedded-content\"),r=0;r<s.length;r++)(t=(e=s[r]).getAttribute(\"data-secret\"))||(t=Math.random().toString(36).substring(2,12),e.src+=\"#?secret=\"+t,e.setAttribute(\"data-secret\",t)),e.contentWindow.postMessage({message:\"ready\",secret:t},\"*\")},!1)))}(window,document);\n\/* ]]> *\/\n<\/script>\n","thumbnail_url":"https:\/\/legrandcontinent.eu\/fr\/wp-content\/uploads\/sites\/2\/2021\/08\/gc-share-speer-1.jpg","thumbnail_width":1919,"thumbnail_height":1081,"description":"Ce portrait de l'architecte nazi Albert Speer, sign\u00e9 par Vincenzo Latronico, est le premier de notre deuxi\u00e8me s\u00e9rie d'\u00e9t\u00e9. \u00c0 la lumi\u00e8re de peintures et de textes qui retracent l'itin\u00e9raire de Speer, l'auteur \u00e9tudie son sujet \u00e0 travers le prisme du modernisme, tant dans l'architecture caract\u00e9ristique des r\u00eaves de grandeur du troisi\u00e8me Reich que du personnage lui-m\u00eame&#160;: tous deux partagent l'id\u00e9al impossible d'un triomphe de l'esprit sur la mati\u00e8re."}