{"version":"1.0","provider_name":"Le Grand Continent","provider_url":"https:\/\/legrandcontinent.eu\/fr","title":"Mali : un d\u00e9but de retrait fran\u00e7ais | Le Grand Continent","type":"rich","width":600,"height":338,"html":"<blockquote class=\"wp-embedded-content\" data-secret=\"iL9EuHbWGd\"><a href=\"https:\/\/legrandcontinent.eu\/fr\/2021\/06\/13\/mali-un-debut-de-retrait-francais\/\">Mali&#160;: un d\u00e9but de retrait fran\u00e7ais<\/a><\/blockquote><iframe sandbox=\"allow-scripts\" security=\"restricted\" src=\"https:\/\/legrandcontinent.eu\/fr\/2021\/06\/13\/mali-un-debut-de-retrait-francais\/embed\/#?secret=iL9EuHbWGd\" width=\"600\" height=\"338\" title=\"\u00ab\u00a0Mali&#160;: un d\u00e9but de retrait fran\u00e7ais\u00a0\u00bb &#8212; Le Grand Continent\" data-secret=\"iL9EuHbWGd\" frameborder=\"0\" marginwidth=\"0\" marginheight=\"0\" scrolling=\"no\" class=\"wp-embedded-content\"><\/iframe><script type=\"text\/javascript\">\n\/* <![CDATA[ *\/\n\/*! This file is auto-generated *\/\n!function(d,l){\"use strict\";l.querySelector&&d.addEventListener&&\"undefined\"!=typeof URL&&(d.wp=d.wp||{},d.wp.receiveEmbedMessage||(d.wp.receiveEmbedMessage=function(e){var t=e.data;if((t||t.secret||t.message||t.value)&&!\/[^a-zA-Z0-9]\/.test(t.secret)){for(var s,r,n,a=l.querySelectorAll('iframe[data-secret=\"'+t.secret+'\"]'),o=l.querySelectorAll('blockquote[data-secret=\"'+t.secret+'\"]'),c=new RegExp(\"^https?:$\",\"i\"),i=0;i<o.length;i++)o[i].style.display=\"none\";for(i=0;i<a.length;i++)s=a[i],e.source===s.contentWindow&&(s.removeAttribute(\"style\"),\"height\"===t.message?(1e3<(r=parseInt(t.value,10))?r=1e3:~~r<200&&(r=200),s.height=r):\"link\"===t.message&&(r=new URL(s.getAttribute(\"src\")),n=new URL(t.value),c.test(n.protocol))&&n.host===r.host&&l.activeElement===s&&(d.top.location.href=t.value))}},d.addEventListener(\"message\",d.wp.receiveEmbedMessage,!1),l.addEventListener(\"DOMContentLoaded\",function(){for(var e,t,s=l.querySelectorAll(\"iframe.wp-embedded-content\"),r=0;r<s.length;r++)(t=(e=s[r]).getAttribute(\"data-secret\"))||(t=Math.random().toString(36).substring(2,12),e.src+=\"#?secret=\"+t,e.setAttribute(\"data-secret\",t)),e.contentWindow.postMessage({message:\"ready\",secret:t},\"*\")},!1)))}(window,document);\n\/* ]]> *\/\n<\/script>\n","thumbnail_url":"https:\/\/legrandcontinent.eu\/fr\/wp-content\/uploads\/sites\/2\/2021\/06\/gc-barkhane.jpg","thumbnail_width":1919,"thumbnail_height":1074,"description":"Une semaine apr\u00e8s avoir annonc\u00e9 la suspension de la coop\u00e9ration avec l\u2019arm\u00e9e malienne pour cause de d\u00e9saccords politiques avec le nouveau pouvoir \u00e0 Bamako, Emmanuel Macron a d\u00e9nonc\u00e9 \u00ab&#160;les \u00c9tats qui d\u00e9cident de ne pas prendre leurs responsabilit\u00e9s&#160;\u00bb. L\u2019op\u00e9ration Barkhane devrait laisser place \u00e0 une nouvelle mission internationale, apr\u00e8s consultation des alli\u00e9s de la France."}