{"version":"1.0","provider_name":"Le Grand Continent","provider_url":"https:\/\/legrandcontinent.eu\/fr","title":"Rebondir : quelle politique mondiale apr\u00e8s la pand\u00e9mie ? | Le Grand Continent","type":"rich","width":600,"height":338,"html":"<blockquote class=\"wp-embedded-content\" data-secret=\"vF7j2H2QUs\"><a href=\"https:\/\/legrandcontinent.eu\/fr\/2021\/03\/29\/rebondir-quelle-politique-mondiale-apres-la-pandemie\/\">Rebondir&#160;: quelle politique mondiale apr\u00e8s la pand\u00e9mie&#160;?<\/a><\/blockquote><iframe sandbox=\"allow-scripts\" security=\"restricted\" src=\"https:\/\/legrandcontinent.eu\/fr\/2021\/03\/29\/rebondir-quelle-politique-mondiale-apres-la-pandemie\/embed\/#?secret=vF7j2H2QUs\" width=\"600\" height=\"338\" title=\"\u00ab\u00a0Rebondir&#160;: quelle politique mondiale apr\u00e8s la pand\u00e9mie&#160;?\u00a0\u00bb &#8212; Le Grand Continent\" data-secret=\"vF7j2H2QUs\" frameborder=\"0\" marginwidth=\"0\" marginheight=\"0\" scrolling=\"no\" class=\"wp-embedded-content\"><\/iframe><script type=\"text\/javascript\">\n\/* <![CDATA[ *\/\n\/*! This file is auto-generated *\/\n!function(d,l){\"use strict\";l.querySelector&&d.addEventListener&&\"undefined\"!=typeof URL&&(d.wp=d.wp||{},d.wp.receiveEmbedMessage||(d.wp.receiveEmbedMessage=function(e){var t=e.data;if((t||t.secret||t.message||t.value)&&!\/[^a-zA-Z0-9]\/.test(t.secret)){for(var s,r,n,a=l.querySelectorAll('iframe[data-secret=\"'+t.secret+'\"]'),o=l.querySelectorAll('blockquote[data-secret=\"'+t.secret+'\"]'),c=new RegExp(\"^https?:$\",\"i\"),i=0;i<o.length;i++)o[i].style.display=\"none\";for(i=0;i<a.length;i++)s=a[i],e.source===s.contentWindow&&(s.removeAttribute(\"style\"),\"height\"===t.message?(1e3<(r=parseInt(t.value,10))?r=1e3:~~r<200&&(r=200),s.height=r):\"link\"===t.message&&(r=new URL(s.getAttribute(\"src\")),n=new URL(t.value),c.test(n.protocol))&&n.host===r.host&&l.activeElement===s&&(d.top.location.href=t.value))}},d.addEventListener(\"message\",d.wp.receiveEmbedMessage,!1),l.addEventListener(\"DOMContentLoaded\",function(){for(var e,t,s=l.querySelectorAll(\"iframe.wp-embedded-content\"),r=0;r<s.length;r++)(t=(e=s[r]).getAttribute(\"data-secret\"))||(t=Math.random().toString(36).substring(2,12),e.src+=\"#?secret=\"+t,e.setAttribute(\"data-secret\",t)),e.contentWindow.postMessage({message:\"ready\",secret:t},\"*\")},!1)))}(window,document);\n\/* ]]> *\/\n<\/script>\n","thumbnail_url":"https:\/\/legrandcontinent.eu\/fr\/wp-content\/uploads\/sites\/2\/2021\/03\/gc-cidob-scaled.jpg","thumbnail_width":2560,"thumbnail_height":1440,"description":"Les r\u00e9percussions de la pand\u00e9mie de Covid-19 sur nos vies et sur les relations internationales mettent en lumi\u00e8re des failles, des opportunit\u00e9s et un certain nombre de grandes questions. \u00c0 cette occasion, Pol Morillas s\u2019est entour\u00e9 de sp\u00e9cialistes de tr\u00e8s haut niveau pour tenter de repenser la politique mondiale et poser les premiers jalons d\u2019un nouvel internationalisme."}