{"version":"1.0","provider_name":"Le Grand Continent","provider_url":"https:\/\/legrandcontinent.eu\/fr","title":"Quel 2021? Reprise \u00e9conomique | Le Grand Continent","type":"rich","width":600,"height":338,"html":"<blockquote class=\"wp-embedded-content\" data-secret=\"PLiBelGvYE\"><a href=\"https:\/\/legrandcontinent.eu\/fr\/2021\/01\/07\/quel-2021-reprise-economique\/\">Quel 2021&#160;? Reprise \u00e9conomique<\/a><\/blockquote><iframe sandbox=\"allow-scripts\" security=\"restricted\" src=\"https:\/\/legrandcontinent.eu\/fr\/2021\/01\/07\/quel-2021-reprise-economique\/embed\/#?secret=PLiBelGvYE\" width=\"600\" height=\"338\" title=\"\u00ab\u00a0Quel 2021&#160;? Reprise \u00e9conomique\u00a0\u00bb &#8212; Le Grand Continent\" data-secret=\"PLiBelGvYE\" frameborder=\"0\" marginwidth=\"0\" marginheight=\"0\" scrolling=\"no\" class=\"wp-embedded-content\"><\/iframe><script type=\"text\/javascript\">\n\/* <![CDATA[ *\/\n\/*! This file is auto-generated *\/\n!function(d,l){\"use strict\";l.querySelector&&d.addEventListener&&\"undefined\"!=typeof URL&&(d.wp=d.wp||{},d.wp.receiveEmbedMessage||(d.wp.receiveEmbedMessage=function(e){var t=e.data;if((t||t.secret||t.message||t.value)&&!\/[^a-zA-Z0-9]\/.test(t.secret)){for(var s,r,n,a=l.querySelectorAll('iframe[data-secret=\"'+t.secret+'\"]'),o=l.querySelectorAll('blockquote[data-secret=\"'+t.secret+'\"]'),c=new RegExp(\"^https?:$\",\"i\"),i=0;i<o.length;i++)o[i].style.display=\"none\";for(i=0;i<a.length;i++)s=a[i],e.source===s.contentWindow&&(s.removeAttribute(\"style\"),\"height\"===t.message?(1e3<(r=parseInt(t.value,10))?r=1e3:~~r<200&&(r=200),s.height=r):\"link\"===t.message&&(r=new URL(s.getAttribute(\"src\")),n=new URL(t.value),c.test(n.protocol))&&n.host===r.host&&l.activeElement===s&&(d.top.location.href=t.value))}},d.addEventListener(\"message\",d.wp.receiveEmbedMessage,!1),l.addEventListener(\"DOMContentLoaded\",function(){for(var e,t,s=l.querySelectorAll(\"iframe.wp-embedded-content\"),r=0;r<s.length;r++)(t=(e=s[r]).getAttribute(\"data-secret\"))||(t=Math.random().toString(36).substring(2,12),e.src+=\"#?secret=\"+t,e.setAttribute(\"data-secret\",t)),e.contentWindow.postMessage({message:\"ready\",secret:t},\"*\")},!1)))}(window,document);\n\/* ]]> *\/\n<\/script>\n","thumbnail_url":"https:\/\/legrandcontinent.eu\/fr\/wp-content\/uploads\/sites\/2\/2020\/11\/gc-economiecovid.jpg","thumbnail_width":1200,"thumbnail_height":693,"description":"Nous vous proposons un calendrier prospectif des \u00e9v\u00e9nements et tendances que nous allons suivre en 2021. La premi\u00e8re partie des fonds lev\u00e9s par la Commission europ\u00e9enne dans le cadre du plan de relance devrait \u00eatre distribu\u00e9e aux \u00c9tats membres dont les \u00e9conomies ont \u00e9t\u00e9 touch\u00e9es par la pand\u00e9mie avant l\u2019\u00e9t\u00e9."}