{"version":"1.0","provider_name":"Le Grand Continent","provider_url":"https:\/\/legrandcontinent.eu\/fr","title":"Tremblement de terre en Allemagne ? | Le Grand Continent","type":"rich","width":600,"height":338,"html":"<blockquote class=\"wp-embedded-content\" data-secret=\"QO8RgqDCPB\"><a href=\"https:\/\/legrandcontinent.eu\/fr\/2019\/12\/02\/tremblement-de-terre-en-allemagne\/\">Tremblement de terre en Allemagne&#160;?<\/a><\/blockquote><iframe sandbox=\"allow-scripts\" security=\"restricted\" src=\"https:\/\/legrandcontinent.eu\/fr\/2019\/12\/02\/tremblement-de-terre-en-allemagne\/embed\/#?secret=QO8RgqDCPB\" width=\"600\" height=\"338\" title=\"\u00ab\u00a0Tremblement de terre en Allemagne&#160;?\u00a0\u00bb &#8212; Le Grand Continent\" data-secret=\"QO8RgqDCPB\" frameborder=\"0\" marginwidth=\"0\" marginheight=\"0\" scrolling=\"no\" class=\"wp-embedded-content\"><\/iframe><script type=\"text\/javascript\">\n\/* <![CDATA[ *\/\n\/*! This file is auto-generated *\/\n!function(d,l){\"use strict\";l.querySelector&&d.addEventListener&&\"undefined\"!=typeof URL&&(d.wp=d.wp||{},d.wp.receiveEmbedMessage||(d.wp.receiveEmbedMessage=function(e){var t=e.data;if((t||t.secret||t.message||t.value)&&!\/[^a-zA-Z0-9]\/.test(t.secret)){for(var s,r,n,a=l.querySelectorAll('iframe[data-secret=\"'+t.secret+'\"]'),o=l.querySelectorAll('blockquote[data-secret=\"'+t.secret+'\"]'),c=new RegExp(\"^https?:$\",\"i\"),i=0;i<o.length;i++)o[i].style.display=\"none\";for(i=0;i<a.length;i++)s=a[i],e.source===s.contentWindow&&(s.removeAttribute(\"style\"),\"height\"===t.message?(1e3<(r=parseInt(t.value,10))?r=1e3:~~r<200&&(r=200),s.height=r):\"link\"===t.message&&(r=new URL(s.getAttribute(\"src\")),n=new URL(t.value),c.test(n.protocol))&&n.host===r.host&&l.activeElement===s&&(d.top.location.href=t.value))}},d.addEventListener(\"message\",d.wp.receiveEmbedMessage,!1),l.addEventListener(\"DOMContentLoaded\",function(){for(var e,t,s=l.querySelectorAll(\"iframe.wp-embedded-content\"),r=0;r<s.length;r++)(t=(e=s[r]).getAttribute(\"data-secret\"))||(t=Math.random().toString(36).substring(2,12),e.src+=\"#?secret=\"+t,e.setAttribute(\"data-secret\",t)),e.contentWindow.postMessage({message:\"ready\",secret:t},\"*\")},!1)))}(window,document);\n\/* ]]> *\/\n<\/script>\n","description":"Samedi 30 novembre 2019, les adh\u00e9rents du Parti social-d\u00e9mocrate allemand (SPD) ont \u00e9lu Saskia Esken et Norbert Walter-Borjans \u00e0 la pr\u00e9sidence du parti. M\u00e9connu du grand public et marqu\u00e9 \u00e0 gauche, le duo l\u2019a remport\u00e9 avec 53&#160;% des voix sur Klara Geywitz et Olaf Scholz, l\u2019actuel ministre f\u00e9d\u00e9ral des Finances et vice-chancelier du gouvernement Merkel IV. Alors que le parti est en qu\u00eate de sens politique et frapp\u00e9 par un net recul de son score sur tout le territoire, ce r\u00e9sultat remet s\u00e9rieusement en cause l\u2019\u00e9quilibre de la Grande Coalition.","thumbnail_url":"https:\/\/legrandcontinent.eu\/fr\/wp-content\/uploads\/sites\/2\/2019\/12\/RejQ7-le-d-clin-des-partis-traditionnels-en-allemagne-1340x941.png","thumbnail_width":1340,"thumbnail_height":941}