{"id":97478,"date":"2026-04-27T12:50:22","date_gmt":"2026-04-27T10:50:22","guid":{"rendered":"https:\/\/legrandcontinent.eu\/fr\/?post_type=event&#038;p=329998"},"modified":"2026-04-27T17:00:13","modified_gmt":"2026-04-27T15:00:13","slug":"le-desir-deurope-a-lepreuve-du-xxie-siecle","status":"publish","type":"event","link":"https:\/\/legrandcontinent.eu\/es\/eventos\/le-desir-deurope-a-lepreuve-du-xxie-siecle\/","title":{"rendered":"Le d\u00e9sir d\u2019Europe \u00e0 l\u2019\u00e9preuve du XXIe si\u00e8cle"},"content":{"rendered":"\n<p><em>\u00c9v\u00e9nement organis\u00e9 en partenariat avec la Biblioth\u00e8que nationale de France, \u00e0 l\u2019occasion de la parution de la traduction fran\u00e7aise en avril 2026 par les \u00e9ditions du Globe de&nbsp;<\/em>Salut, tu vas bien&nbsp;?<em>&nbsp;(<\/em>Hey guten morgen, wie geht es dir?<em>) de <a href=\"https:\/\/legrandcontinent.eu\/fr\/p\/martina-hefter\/\">Martina Hefter<\/a>, laur\u00e9ate du&nbsp;<a href=\"https:\/\/3466.eu\/prix2024\/\">Prix Grand Continent<\/a>.<\/em><\/p>\n\n\n\n<p>L\u2019ouvrage de&nbsp;Martina Hefter,&nbsp;<em>Salut, tu vas bien&nbsp;?<\/em>&nbsp;(\u00c9ditions du Globe, 2026) interroge le d\u00e9sir d\u2019Europe depuis un point de vue ext\u00e9rieur, celui d\u2019un pays du Sud o\u00f9 elle appara\u00eet comme une promesse autant qu\u2019une projection&nbsp;fantasm\u00e9e.<\/p>\n\n\n\n<p>Que signifie aujourd\u2019hui vouloir l\u2019Europe&nbsp;? Quelle Europe demeure d\u00e9sirable&nbsp;? S\u2019agit-il d\u2019un attachement \u00e0 un projet politique, \u00e0 un mod\u00e8le et des valeurs partag\u00e9es, ou d\u2019un horizon pragmatique face aux d\u00e9fis globaux&nbsp;?<\/p>\n\n\n\n<p>Les vagues&nbsp;<a href=\"https:\/\/legrandcontinent.eu\/fr\/themes\/politique\/eurobazooka-mesurer-lopinion-publique-europeenne\/\">du sondage Eurobazooka<\/a>&nbsp;men\u00e9es par l\u2019institut Cluster 17 et le Grand Continent \u00e9clairent l\u2019\u00e9tat de l\u2019opinion publique europ\u00e9enne et r\u00e9v\u00e8lent une demande tr\u00e8s forte d\u2019Europe face aux bouleversements g\u00e9opolitiques, dans tous les pays europ\u00e9ens.&nbsp;&nbsp;<\/p>\n\n\n\n<p>\u00c0 l\u2019heure du retour des rapports de force dans un monde multipolaire, l\u2019Europe peut-elle encore incarner un mod\u00e8le d\u00e9sirable&nbsp;? Quelle place la litt\u00e9rature, les grands romans peuvent-ils jouer dans la formation d\u2019un imaginaire europ\u00e9en&nbsp;?&nbsp; Afin de faire vivre ce mod\u00e8le et ce r\u00e9cit, faut-il accepter de construire une Europe puissance&nbsp;?<\/p>\n\n\n\n<p>L&#8217;\u00e9v\u00e9nement est ouvert \u00e0 toutes et \u00e0 tous, <a href=\"https:\/\/bnf.tickeasy.com\/fr-FR\/produit?Famille=2610740320350400244\">mais les inscriptions sont obligatiores en cliquant ici<\/a>.<\/p>\n\n\n\n<h3 class=\"wp-block-heading\">Programme<\/h3>\n\n\n\n<p>18\u202fh\u202f- 18\u202fh\u202f10 \u2013 Ouverture<\/p>\n\n\n\n<ul class=\"wp-block-list\">\n<li><a href=\"https:\/\/legrandcontinent.eu\/fr\/p\/gilles-pecout\/\">Gilles P\u00e9cout<\/a>, pr\u00e9sident de la Biblioth\u00e8que nationale de France<\/li>\n<\/ul>\n\n\n\n<p>18\u202fh\u202f10 &#8211; 18\u202fh\u202f15 \u2013 Pr\u00e9sentation du Prix Grand Continent<\/p>\n\n\n\n<ul class=\"wp-block-list\">\n<li><a href=\"https:\/\/legrandcontinent.eu\/fr\/p\/florent-zemmouche\/\">Florent Zemmouche<\/a>, du conseil d\u2019administration du Prix Grand Continent.<\/li>\n<\/ul>\n\n\n\n<p>18\u202fh\u202f15 &#8211; 19h \u2013&nbsp;Autour de <em>Salut, tu vas bien ?<\/em> (<em>Hey guten morgen, wie geht es dir?<\/em>)<\/p>\n\n\n\n<ul class=\"wp-block-list\">\n<li>Introduction de&nbsp;Laetitia de Ruffray, charg\u00e9e de collections en litt\u00e9ratures germaniques et scandinaves \u00e0 la Biblioth\u00e8que nationale de France ;<\/li>\n\n\n\n<li>Discours de&nbsp;<a href=\"https:\/\/legrandcontinent.eu\/fr\/p\/martina-hefter\">Martina Hefter<\/a>.<\/li>\n<\/ul>\n\n\n\n<p>19h &#8211; 20\u202fh \u2013 Table ronde sur le d\u00e9sir d\u2019Europe \u00e0 l\u2019\u00e9preuve du XXI\u00e8me si\u00e8cle<\/p>\n\n\n\n<ul class=\"wp-block-list\">\n<li><a href=\"https:\/\/legrandcontinent.eu\/fr\/p\/jean-yves-dormagen\/\">Jean-Yves Dormagen<\/a>, pr\u00e9sident et fondateur de l&#8217;institut de sondage Cluster17 et professeur de sciences politiques \u00e0 l&#8217;Universit\u00e9 de Montpellier ;<\/li>\n\n\n\n<li><a href=\"https:\/\/legrandcontinent.eu\/fr\/p\/martina-hefter\/\">Martina Hefter<\/a> ;<\/li>\n\n\n\n<li><a href=\"https:\/\/legrandcontinent.eu\/fr\/p\/celine-spector\">C\u00e9line Spector<\/a>, professeure de philosophie politique \u00e0 l&#8217;universit\u00e9 Paris-Sorbonne et professeure associ\u00e9e au Coll\u00e8ge d\u2019Europe \u00e0 Bruges ;<\/li>\n\n\n\n<li>Mod\u00e9ration :&nbsp;<a href=\"https:\/\/legrandcontinent.eu\/fr\/p\/britta-sandberg\/\">Britta Sandberg<\/a>, correspondante \u00e0 Paris pour&nbsp;<em>Der Spiegel<\/em>.<\/li>\n<\/ul>\n\n\n\n<p>20\u202fh &#8211; 20\u202fh\u202f15 \u2013 S\u00e9ance de d\u00e9dicace de&nbsp;<em>Salut, tu vas bien ?<\/em>&nbsp;par Martina Hefter.<\/p>\n","protected":false},"author":11,"featured_media":79367,"template":"templates\/event-seminar.php","categories":[],"event-type":[],"geo":[],"class_list":["post-97478","event","type-event","status-publish","hentry"],"acf":[],"yoast_head":"<!-- This site is optimized with the Yoast SEO plugin v26.1.1 - https:\/\/yoast.com\/wordpress\/plugins\/seo\/ -->\n<title>Le d\u00e9sir d\u2019Europe \u00e0 l\u2019\u00e9preuve du XXIe si\u00e8cle - El Grand Continent<\/title>\n<meta name=\"description\" content=\"\u00c9v\u00e9nement \u00e0 la Biblioth\u00e8que nationale de France, autour de Martina Hefter, laur\u00e9ate du Prix Grand Continent.\" \/>\n<meta name=\"robots\" content=\"index, follow, max-snippet:-1, max-image-preview:large, max-video-preview:-1\" \/>\n<link rel=\"canonical\" href=\"https:\/\/legrandcontinent.eu\/es\/eventos\/le-desir-deurope-a-lepreuve-du-xxie-siecle\/\" \/>\n<meta property=\"og:locale\" content=\"es_ES\" \/>\n<meta property=\"og:type\" content=\"article\" \/>\n<meta property=\"og:title\" content=\"Le d\u00e9sir d\u2019Europe \u00e0 l\u2019\u00e9preuve du XXIe si\u00e8cle - El Grand Continent\" \/>\n<meta property=\"og:description\" content=\"\u00c9v\u00e9nement \u00e0 la Biblioth\u00e8que nationale de France, autour de Martina Hefter, laur\u00e9ate du Prix Grand Continent.\" \/>\n<meta property=\"og:url\" content=\"https:\/\/legrandcontinent.eu\/es\/eventos\/le-desir-deurope-a-lepreuve-du-xxie-siecle\/\" \/>\n<meta property=\"og:site_name\" content=\"El Grand Continent\" \/>\n<meta property=\"article:modified_time\" content=\"2026-04-27T15:00:13+00:00\" \/>\n<meta name=\"twitter:card\" content=\"summary_large_image\" \/>\n<meta name=\"twitter:label1\" content=\"Tiempo de lectura\" \/>\n\t<meta name=\"twitter:data1\" content=\"3 minutos\" \/>\n<script type=\"application\/ld+json\" class=\"yoast-schema-graph\">{\"@context\":\"https:\/\/schema.org\",\"@graph\":[{\"@type\":\"WebPage\",\"@id\":\"https:\/\/legrandcontinent.eu\/es\/eventos\/le-desir-deurope-a-lepreuve-du-xxie-siecle\/\",\"url\":\"https:\/\/legrandcontinent.eu\/es\/eventos\/le-desir-deurope-a-lepreuve-du-xxie-siecle\/\",\"name\":\"Le d\u00e9sir d\u2019Europe \u00e0 l\u2019\u00e9preuve du XXIe si\u00e8cle - El Grand Continent\",\"isPartOf\":{\"@id\":\"https:\/\/legrandcontinent.eu\/es\/#website\"},\"primaryImageOfPage\":{\"@id\":\"https:\/\/legrandcontinent.eu\/es\/eventos\/le-desir-deurope-a-lepreuve-du-xxie-siecle\/#primaryimage\"},\"image\":{\"@id\":\"https:\/\/legrandcontinent.eu\/es\/eventos\/le-desir-deurope-a-lepreuve-du-xxie-siecle\/#primaryimage\"},\"thumbnailUrl\":\"https:\/\/legrandcontinent.eu\/es\/wp-content\/uploads\/sites\/2\/2025\/09\/SIPA_sipausa31655101_000001-scaled.jpg\",\"datePublished\":\"2026-04-27T10:50:22+00:00\",\"dateModified\":\"2026-04-27T15:00:13+00:00\",\"description\":\"\u00c9v\u00e9nement \u00e0 la Biblioth\u00e8que nationale de France, autour de Martina Hefter, laur\u00e9ate du Prix Grand Continent.\",\"breadcrumb\":{\"@id\":\"https:\/\/legrandcontinent.eu\/es\/eventos\/le-desir-deurope-a-lepreuve-du-xxie-siecle\/#breadcrumb\"},\"inLanguage\":\"es\",\"potentialAction\":[{\"@type\":\"ReadAction\",\"target\":[\"https:\/\/legrandcontinent.eu\/es\/eventos\/le-desir-deurope-a-lepreuve-du-xxie-siecle\/\"]}]},{\"@type\":\"ImageObject\",\"inLanguage\":\"es\",\"@id\":\"https:\/\/legrandcontinent.eu\/es\/eventos\/le-desir-deurope-a-lepreuve-du-xxie-siecle\/#primaryimage\",\"url\":\"https:\/\/legrandcontinent.eu\/es\/wp-content\/uploads\/sites\/2\/2025\/09\/SIPA_sipausa31655101_000001-scaled.jpg\",\"contentUrl\":\"https:\/\/legrandcontinent.eu\/es\/wp-content\/uploads\/sites\/2\/2025\/09\/SIPA_sipausa31655101_000001-scaled.jpg\",\"width\":2560,\"height\":1681,\"caption\":\"\u00abL'\u00c2ge d'or\u00bb, 2025 \u00a9 Mykyta Zigura. Sculture monumentale en plastique. Nice, juin 2025.\"},{\"@type\":\"BreadcrumbList\",\"@id\":\"https:\/\/legrandcontinent.eu\/es\/eventos\/le-desir-deurope-a-lepreuve-du-xxie-siecle\/#breadcrumb\",\"itemListElement\":[{\"@type\":\"ListItem\",\"position\":1,\"name\":\"Home\",\"item\":\"https:\/\/legrandcontinent.eu\/es\/\"},{\"@type\":\"ListItem\",\"position\":2,\"name\":\"Events\",\"item\":\"https:\/\/legrandcontinent.eu\/es\/events\/\"},{\"@type\":\"ListItem\",\"position\":3,\"name\":\"Le d\u00e9sir d\u2019Europe \u00e0 l\u2019\u00e9preuve du XXIe si\u00e8cle\"}]},{\"@type\":\"WebSite\",\"@id\":\"https:\/\/legrandcontinent.eu\/es\/#website\",\"url\":\"https:\/\/legrandcontinent.eu\/es\/\",\"name\":\"El Grand Continent\",\"description\":\"La escala pertinente\",\"potentialAction\":[{\"@type\":\"SearchAction\",\"target\":{\"@type\":\"EntryPoint\",\"urlTemplate\":\"https:\/\/legrandcontinent.eu\/es\/?s={search_term_string}\"},\"query-input\":{\"@type\":\"PropertyValueSpecification\",\"valueRequired\":true,\"valueName\":\"search_term_string\"}}],\"inLanguage\":\"es\"}]}<\/script>\n<!-- \/ Yoast SEO plugin. -->","yoast_head_json":{"title":"Le d\u00e9sir d\u2019Europe \u00e0 l\u2019\u00e9preuve du XXIe si\u00e8cle - El Grand Continent","description":"\u00c9v\u00e9nement \u00e0 la Biblioth\u00e8que nationale de France, autour de Martina Hefter, laur\u00e9ate du Prix Grand Continent.","robots":{"index":"index","follow":"follow","max-snippet":"max-snippet:-1","max-image-preview":"max-image-preview:large","max-video-preview":"max-video-preview:-1"},"canonical":"https:\/\/legrandcontinent.eu\/es\/eventos\/le-desir-deurope-a-lepreuve-du-xxie-siecle\/","og_locale":"es_ES","og_type":"article","og_title":"Le d\u00e9sir d\u2019Europe \u00e0 l\u2019\u00e9preuve du XXIe si\u00e8cle - El Grand Continent","og_description":"\u00c9v\u00e9nement \u00e0 la Biblioth\u00e8que nationale de France, autour de Martina Hefter, laur\u00e9ate du Prix Grand Continent.","og_url":"https:\/\/legrandcontinent.eu\/es\/eventos\/le-desir-deurope-a-lepreuve-du-xxie-siecle\/","og_site_name":"El Grand Continent","article_modified_time":"2026-04-27T15:00:13+00:00","twitter_card":"summary_large_image","twitter_misc":{"Tiempo de lectura":"3 minutos"},"schema":{"@context":"https:\/\/schema.org","@graph":[{"@type":"WebPage","@id":"https:\/\/legrandcontinent.eu\/es\/eventos\/le-desir-deurope-a-lepreuve-du-xxie-siecle\/","url":"https:\/\/legrandcontinent.eu\/es\/eventos\/le-desir-deurope-a-lepreuve-du-xxie-siecle\/","name":"Le d\u00e9sir d\u2019Europe \u00e0 l\u2019\u00e9preuve du XXIe si\u00e8cle - El Grand Continent","isPartOf":{"@id":"https:\/\/legrandcontinent.eu\/es\/#website"},"primaryImageOfPage":{"@id":"https:\/\/legrandcontinent.eu\/es\/eventos\/le-desir-deurope-a-lepreuve-du-xxie-siecle\/#primaryimage"},"image":{"@id":"https:\/\/legrandcontinent.eu\/es\/eventos\/le-desir-deurope-a-lepreuve-du-xxie-siecle\/#primaryimage"},"thumbnailUrl":"https:\/\/legrandcontinent.eu\/es\/wp-content\/uploads\/sites\/2\/2025\/09\/SIPA_sipausa31655101_000001-scaled.jpg","datePublished":"2026-04-27T10:50:22+00:00","dateModified":"2026-04-27T15:00:13+00:00","description":"\u00c9v\u00e9nement \u00e0 la Biblioth\u00e8que nationale de France, autour de Martina Hefter, laur\u00e9ate du Prix Grand Continent.","breadcrumb":{"@id":"https:\/\/legrandcontinent.eu\/es\/eventos\/le-desir-deurope-a-lepreuve-du-xxie-siecle\/#breadcrumb"},"inLanguage":"es","potentialAction":[{"@type":"ReadAction","target":["https:\/\/legrandcontinent.eu\/es\/eventos\/le-desir-deurope-a-lepreuve-du-xxie-siecle\/"]}]},{"@type":"ImageObject","inLanguage":"es","@id":"https:\/\/legrandcontinent.eu\/es\/eventos\/le-desir-deurope-a-lepreuve-du-xxie-siecle\/#primaryimage","url":"https:\/\/legrandcontinent.eu\/es\/wp-content\/uploads\/sites\/2\/2025\/09\/SIPA_sipausa31655101_000001-scaled.jpg","contentUrl":"https:\/\/legrandcontinent.eu\/es\/wp-content\/uploads\/sites\/2\/2025\/09\/SIPA_sipausa31655101_000001-scaled.jpg","width":2560,"height":1681,"caption":"\u00abL'\u00c2ge d'or\u00bb, 2025 \u00a9 Mykyta Zigura. Sculture monumentale en plastique. Nice, juin 2025."},{"@type":"BreadcrumbList","@id":"https:\/\/legrandcontinent.eu\/es\/eventos\/le-desir-deurope-a-lepreuve-du-xxie-siecle\/#breadcrumb","itemListElement":[{"@type":"ListItem","position":1,"name":"Home","item":"https:\/\/legrandcontinent.eu\/es\/"},{"@type":"ListItem","position":2,"name":"Events","item":"https:\/\/legrandcontinent.eu\/es\/events\/"},{"@type":"ListItem","position":3,"name":"Le d\u00e9sir d\u2019Europe \u00e0 l\u2019\u00e9preuve du XXIe si\u00e8cle"}]},{"@type":"WebSite","@id":"https:\/\/legrandcontinent.eu\/es\/#website","url":"https:\/\/legrandcontinent.eu\/es\/","name":"El Grand Continent","description":"La escala pertinente","potentialAction":[{"@type":"SearchAction","target":{"@type":"EntryPoint","urlTemplate":"https:\/\/legrandcontinent.eu\/es\/?s={search_term_string}"},"query-input":{"@type":"PropertyValueSpecification","valueRequired":true,"valueName":"search_term_string"}}],"inLanguage":"es"}]}},"_links":{"self":[{"href":"https:\/\/legrandcontinent.eu\/es\/wp-json\/wp\/v2\/event\/97478","targetHints":{"allow":["GET"]}}],"collection":[{"href":"https:\/\/legrandcontinent.eu\/es\/wp-json\/wp\/v2\/event"}],"about":[{"href":"https:\/\/legrandcontinent.eu\/es\/wp-json\/wp\/v2\/types\/event"}],"author":[{"embeddable":true,"href":"https:\/\/legrandcontinent.eu\/es\/wp-json\/wp\/v2\/users\/11"}],"wp:featuredmedia":[{"embeddable":true,"href":"https:\/\/legrandcontinent.eu\/es\/wp-json\/wp\/v2\/media\/79367"}],"wp:attachment":[{"href":"https:\/\/legrandcontinent.eu\/es\/wp-json\/wp\/v2\/media?parent=97478"}],"wp:term":[{"taxonomy":"category","embeddable":true,"href":"https:\/\/legrandcontinent.eu\/es\/wp-json\/wp\/v2\/categories?post=97478"},{"taxonomy":"event-type","embeddable":true,"href":"https:\/\/legrandcontinent.eu\/es\/wp-json\/wp\/v2\/event-type?post=97478"},{"taxonomy":"geo","embeddable":true,"href":"https:\/\/legrandcontinent.eu\/es\/wp-json\/wp\/v2\/geo?post=97478"}],"curies":[{"name":"wp","href":"https:\/\/api.w.org\/{rel}","templated":true}]}}