{"id":96516,"date":"2026-04-16T12:38:44","date_gmt":"2026-04-16T10:38:44","guid":{"rendered":"https:\/\/legrandcontinent.eu\/fr\/?post_type=event&#038;p=327828"},"modified":"2026-04-20T13:00:13","modified_gmt":"2026-04-20T11:00:13","slug":"iran-etats-unis-la-premiere-guerre-mondiale-asymetrique","status":"publish","type":"event","link":"https:\/\/legrandcontinent.eu\/es\/eventos\/iran-etats-unis-la-premiere-guerre-mondiale-asymetrique\/","title":{"rendered":"Iran-\u00c9tats-Unis : la premi\u00e8re guerre mondiale asym\u00e9trique ?"},"content":{"rendered":"\n<p>Dans une pi\u00e8ce de doctrine publi\u00e9e dans le <em>Grand Continent<\/em>, Thierry Breton d\u00e9fend que nous serions entr\u00e9s dans \u00ab<a href=\"https:\/\/legrandcontinent.eu\/fr\/2026\/03\/27\/premiere-guerre-mondiale-asymetrique\/\">La premi\u00e8re guerre mondiale asym\u00e9trique<\/a>\u00bb, dans laquelle l\u2019Iran a montr\u00e9 au reste du monde la m\u00e9thode \u2013&nbsp;flux contre stocks \u2013 pour tenir en \u00e9chec l\u2019hyper-puissance am\u00e9ricaine.&nbsp;<\/p>\n\n\n\n<p>L\u2019\u00e9volution de la guerre, que nous documentons dans notre observatoire de la bataille d\u2019Ormuz, confirme-t-elle cette hypoth\u00e8se ?&nbsp;<\/p>\n\n\n\n<p><a href=\"https:\/\/legrandcontinent.eu\/fr\/2026\/04\/15\/la-chine-aide-t-elle-liran\/\">Quel r\u00f4le la Chine joue-t-elle<\/a> dans cette guerre asym\u00e9trique ?&nbsp;<\/p>\n\n\n\n<p>Quelles conclusions en tirer pour les arm\u00e9es dans le monde et pour se pr\u00e9parer aux conflits de demain ?&nbsp;<\/p>\n\n\n\n<p>Pour en discuter, nous aurons le plaisir de recevoir <a href=\"https:\/\/legrandcontinent.eu\/fr\/p\/thierry-breton\/\">Thierry Breton<\/a>, commissaire europ\u00e9en de 2019 2024. <\/p>\n\n\n\n<p>Comme tous les mardis du Grand Continent, cet \u00e9v\u00e9nement est ouvert \u00e0 toutes et \u00e0 tous, avec un certain nombre de places r\u00e9serv\u00e9es aux \u00e9tudiants et aux abonn\u00e9s, <a href=\"https:\/\/www.eventbrite.fr\/e\/billets-iran-etats-unis-la-premiere-guerre-mondiale-asymetrique-1987599339128?aff=oddtdtcreator\">en cliquant ici<\/a>.<\/p>\n\n\n\n<p>Si vous souhaitez soutenir notre travail, <a href=\"https:\/\/legrandcontinent.eu\/fr\/offre-abonnement\/\">vous pouvez vous abonner ici<\/a>.<\/p>\n","protected":false},"author":11,"featured_media":94602,"template":"templates\/event-debate.php","categories":[],"event-type":[],"geo":[],"class_list":["post-96516","event","type-event","status-publish","hentry"],"acf":[],"yoast_head":"<!-- This site is optimized with the Yoast SEO plugin v26.1.1 - https:\/\/yoast.com\/wordpress\/plugins\/seo\/ -->\n<title>Iran-\u00c9tats-Unis : la premi\u00e8re guerre mondiale asym\u00e9trique ? - El Grand Continent<\/title>\n<meta name=\"description\" content=\"Mardi du Grand Continent \u00e0 l&#039;\u00c9cole normale sup\u00e9rieure avec Thierry Breton.\" \/>\n<meta name=\"robots\" content=\"index, follow, max-snippet:-1, max-image-preview:large, max-video-preview:-1\" \/>\n<link rel=\"canonical\" href=\"https:\/\/legrandcontinent.eu\/es\/eventos\/iran-etats-unis-la-premiere-guerre-mondiale-asymetrique\/\" \/>\n<meta property=\"og:locale\" content=\"es_ES\" \/>\n<meta property=\"og:type\" content=\"article\" \/>\n<meta property=\"og:title\" content=\"Iran-\u00c9tats-Unis : la premi\u00e8re guerre mondiale asym\u00e9trique ? - El Grand Continent\" \/>\n<meta property=\"og:description\" content=\"Mardi du Grand Continent \u00e0 l&#039;\u00c9cole normale sup\u00e9rieure avec Thierry Breton.\" \/>\n<meta property=\"og:url\" content=\"https:\/\/legrandcontinent.eu\/es\/eventos\/iran-etats-unis-la-premiere-guerre-mondiale-asymetrique\/\" \/>\n<meta property=\"og:site_name\" content=\"El Grand Continent\" \/>\n<meta property=\"article:modified_time\" content=\"2026-04-20T11:00:13+00:00\" \/>\n<meta name=\"twitter:card\" content=\"summary_large_image\" \/>\n<meta name=\"twitter:label1\" content=\"Tiempo de lectura\" \/>\n\t<meta name=\"twitter:data1\" content=\"1 minuto\" \/>\n<script type=\"application\/ld+json\" class=\"yoast-schema-graph\">{\"@context\":\"https:\/\/schema.org\",\"@graph\":[{\"@type\":\"WebPage\",\"@id\":\"https:\/\/legrandcontinent.eu\/es\/eventos\/iran-etats-unis-la-premiere-guerre-mondiale-asymetrique\/\",\"url\":\"https:\/\/legrandcontinent.eu\/es\/eventos\/iran-etats-unis-la-premiere-guerre-mondiale-asymetrique\/\",\"name\":\"Iran-\u00c9tats-Unis : la premi\u00e8re guerre mondiale asym\u00e9trique ? - El Grand Continent\",\"isPartOf\":{\"@id\":\"https:\/\/legrandcontinent.eu\/es\/#website\"},\"primaryImageOfPage\":{\"@id\":\"https:\/\/legrandcontinent.eu\/es\/eventos\/iran-etats-unis-la-premiere-guerre-mondiale-asymetrique\/#primaryimage\"},\"image\":{\"@id\":\"https:\/\/legrandcontinent.eu\/es\/eventos\/iran-etats-unis-la-premiere-guerre-mondiale-asymetrique\/#primaryimage\"},\"thumbnailUrl\":\"https:\/\/legrandcontinent.eu\/es\/wp-content\/uploads\/sites\/2\/2026\/03\/Screenshot-2026-03-26-at-18.36-moshed-03-26-19-13-26-170-scaled.jpg\",\"datePublished\":\"2026-04-16T10:38:44+00:00\",\"dateModified\":\"2026-04-20T11:00:13+00:00\",\"description\":\"Mardi du Grand Continent \u00e0 l'\u00c9cole normale sup\u00e9rieure avec Thierry Breton.\",\"breadcrumb\":{\"@id\":\"https:\/\/legrandcontinent.eu\/es\/eventos\/iran-etats-unis-la-premiere-guerre-mondiale-asymetrique\/#breadcrumb\"},\"inLanguage\":\"es\",\"potentialAction\":[{\"@type\":\"ReadAction\",\"target\":[\"https:\/\/legrandcontinent.eu\/es\/eventos\/iran-etats-unis-la-premiere-guerre-mondiale-asymetrique\/\"]}]},{\"@type\":\"ImageObject\",\"inLanguage\":\"es\",\"@id\":\"https:\/\/legrandcontinent.eu\/es\/eventos\/iran-etats-unis-la-premiere-guerre-mondiale-asymetrique\/#primaryimage\",\"url\":\"https:\/\/legrandcontinent.eu\/es\/wp-content\/uploads\/sites\/2\/2026\/03\/Screenshot-2026-03-26-at-18.36-moshed-03-26-19-13-26-170-scaled.jpg\",\"contentUrl\":\"https:\/\/legrandcontinent.eu\/es\/wp-content\/uploads\/sites\/2\/2026\/03\/Screenshot-2026-03-26-at-18.36-moshed-03-26-19-13-26-170-scaled.jpg\",\"width\":1428,\"height\":2560},{\"@type\":\"BreadcrumbList\",\"@id\":\"https:\/\/legrandcontinent.eu\/es\/eventos\/iran-etats-unis-la-premiere-guerre-mondiale-asymetrique\/#breadcrumb\",\"itemListElement\":[{\"@type\":\"ListItem\",\"position\":1,\"name\":\"Home\",\"item\":\"https:\/\/legrandcontinent.eu\/es\/\"},{\"@type\":\"ListItem\",\"position\":2,\"name\":\"Events\",\"item\":\"https:\/\/legrandcontinent.eu\/es\/events\/\"},{\"@type\":\"ListItem\",\"position\":3,\"name\":\"Iran-\u00c9tats-Unis : la premi\u00e8re guerre mondiale asym\u00e9trique ?\"}]},{\"@type\":\"WebSite\",\"@id\":\"https:\/\/legrandcontinent.eu\/es\/#website\",\"url\":\"https:\/\/legrandcontinent.eu\/es\/\",\"name\":\"El Grand Continent\",\"description\":\"La escala pertinente\",\"potentialAction\":[{\"@type\":\"SearchAction\",\"target\":{\"@type\":\"EntryPoint\",\"urlTemplate\":\"https:\/\/legrandcontinent.eu\/es\/?s={search_term_string}\"},\"query-input\":{\"@type\":\"PropertyValueSpecification\",\"valueRequired\":true,\"valueName\":\"search_term_string\"}}],\"inLanguage\":\"es\"}]}<\/script>\n<!-- \/ Yoast SEO plugin. -->","yoast_head_json":{"title":"Iran-\u00c9tats-Unis : la premi\u00e8re guerre mondiale asym\u00e9trique ? - El Grand Continent","description":"Mardi du Grand Continent \u00e0 l'\u00c9cole normale sup\u00e9rieure avec Thierry Breton.","robots":{"index":"index","follow":"follow","max-snippet":"max-snippet:-1","max-image-preview":"max-image-preview:large","max-video-preview":"max-video-preview:-1"},"canonical":"https:\/\/legrandcontinent.eu\/es\/eventos\/iran-etats-unis-la-premiere-guerre-mondiale-asymetrique\/","og_locale":"es_ES","og_type":"article","og_title":"Iran-\u00c9tats-Unis : la premi\u00e8re guerre mondiale asym\u00e9trique ? - El Grand Continent","og_description":"Mardi du Grand Continent \u00e0 l'\u00c9cole normale sup\u00e9rieure avec Thierry Breton.","og_url":"https:\/\/legrandcontinent.eu\/es\/eventos\/iran-etats-unis-la-premiere-guerre-mondiale-asymetrique\/","og_site_name":"El Grand Continent","article_modified_time":"2026-04-20T11:00:13+00:00","twitter_card":"summary_large_image","twitter_misc":{"Tiempo de lectura":"1 minuto"},"schema":{"@context":"https:\/\/schema.org","@graph":[{"@type":"WebPage","@id":"https:\/\/legrandcontinent.eu\/es\/eventos\/iran-etats-unis-la-premiere-guerre-mondiale-asymetrique\/","url":"https:\/\/legrandcontinent.eu\/es\/eventos\/iran-etats-unis-la-premiere-guerre-mondiale-asymetrique\/","name":"Iran-\u00c9tats-Unis : la premi\u00e8re guerre mondiale asym\u00e9trique ? - El Grand Continent","isPartOf":{"@id":"https:\/\/legrandcontinent.eu\/es\/#website"},"primaryImageOfPage":{"@id":"https:\/\/legrandcontinent.eu\/es\/eventos\/iran-etats-unis-la-premiere-guerre-mondiale-asymetrique\/#primaryimage"},"image":{"@id":"https:\/\/legrandcontinent.eu\/es\/eventos\/iran-etats-unis-la-premiere-guerre-mondiale-asymetrique\/#primaryimage"},"thumbnailUrl":"https:\/\/legrandcontinent.eu\/es\/wp-content\/uploads\/sites\/2\/2026\/03\/Screenshot-2026-03-26-at-18.36-moshed-03-26-19-13-26-170-scaled.jpg","datePublished":"2026-04-16T10:38:44+00:00","dateModified":"2026-04-20T11:00:13+00:00","description":"Mardi du Grand Continent \u00e0 l'\u00c9cole normale sup\u00e9rieure avec Thierry Breton.","breadcrumb":{"@id":"https:\/\/legrandcontinent.eu\/es\/eventos\/iran-etats-unis-la-premiere-guerre-mondiale-asymetrique\/#breadcrumb"},"inLanguage":"es","potentialAction":[{"@type":"ReadAction","target":["https:\/\/legrandcontinent.eu\/es\/eventos\/iran-etats-unis-la-premiere-guerre-mondiale-asymetrique\/"]}]},{"@type":"ImageObject","inLanguage":"es","@id":"https:\/\/legrandcontinent.eu\/es\/eventos\/iran-etats-unis-la-premiere-guerre-mondiale-asymetrique\/#primaryimage","url":"https:\/\/legrandcontinent.eu\/es\/wp-content\/uploads\/sites\/2\/2026\/03\/Screenshot-2026-03-26-at-18.36-moshed-03-26-19-13-26-170-scaled.jpg","contentUrl":"https:\/\/legrandcontinent.eu\/es\/wp-content\/uploads\/sites\/2\/2026\/03\/Screenshot-2026-03-26-at-18.36-moshed-03-26-19-13-26-170-scaled.jpg","width":1428,"height":2560},{"@type":"BreadcrumbList","@id":"https:\/\/legrandcontinent.eu\/es\/eventos\/iran-etats-unis-la-premiere-guerre-mondiale-asymetrique\/#breadcrumb","itemListElement":[{"@type":"ListItem","position":1,"name":"Home","item":"https:\/\/legrandcontinent.eu\/es\/"},{"@type":"ListItem","position":2,"name":"Events","item":"https:\/\/legrandcontinent.eu\/es\/events\/"},{"@type":"ListItem","position":3,"name":"Iran-\u00c9tats-Unis : la premi\u00e8re guerre mondiale asym\u00e9trique ?"}]},{"@type":"WebSite","@id":"https:\/\/legrandcontinent.eu\/es\/#website","url":"https:\/\/legrandcontinent.eu\/es\/","name":"El Grand Continent","description":"La escala pertinente","potentialAction":[{"@type":"SearchAction","target":{"@type":"EntryPoint","urlTemplate":"https:\/\/legrandcontinent.eu\/es\/?s={search_term_string}"},"query-input":{"@type":"PropertyValueSpecification","valueRequired":true,"valueName":"search_term_string"}}],"inLanguage":"es"}]}},"_links":{"self":[{"href":"https:\/\/legrandcontinent.eu\/es\/wp-json\/wp\/v2\/event\/96516","targetHints":{"allow":["GET"]}}],"collection":[{"href":"https:\/\/legrandcontinent.eu\/es\/wp-json\/wp\/v2\/event"}],"about":[{"href":"https:\/\/legrandcontinent.eu\/es\/wp-json\/wp\/v2\/types\/event"}],"author":[{"embeddable":true,"href":"https:\/\/legrandcontinent.eu\/es\/wp-json\/wp\/v2\/users\/11"}],"wp:featuredmedia":[{"embeddable":true,"href":"https:\/\/legrandcontinent.eu\/es\/wp-json\/wp\/v2\/media\/94602"}],"wp:attachment":[{"href":"https:\/\/legrandcontinent.eu\/es\/wp-json\/wp\/v2\/media?parent=96516"}],"wp:term":[{"taxonomy":"category","embeddable":true,"href":"https:\/\/legrandcontinent.eu\/es\/wp-json\/wp\/v2\/categories?post=96516"},{"taxonomy":"event-type","embeddable":true,"href":"https:\/\/legrandcontinent.eu\/es\/wp-json\/wp\/v2\/event-type?post=96516"},{"taxonomy":"geo","embeddable":true,"href":"https:\/\/legrandcontinent.eu\/es\/wp-json\/wp\/v2\/geo?post=96516"}],"curies":[{"name":"wp","href":"https:\/\/api.w.org\/{rel}","templated":true}]}}