{"version":"1.0","provider_name":"El Grand Continent","provider_url":"https:\/\/legrandcontinent.eu\/es","title":"R\u00e9formes des retraites : comparaisons europ\u00e9ennes\u00a0 - El Grand Continent","type":"rich","width":600,"height":338,"html":"<blockquote class=\"wp-embedded-content\" data-secret=\"i1JKplB3bj\"><a href=\"https:\/\/legrandcontinent.eu\/es\/eventos\/reformes-des-retraites-comparaisons-europeennes\/\">R\u00e9formes des retraites : comparaisons europ\u00e9ennes\u00a0<\/a><\/blockquote><iframe sandbox=\"allow-scripts\" security=\"restricted\" src=\"https:\/\/legrandcontinent.eu\/es\/eventos\/reformes-des-retraites-comparaisons-europeennes\/embed\/#?secret=i1JKplB3bj\" width=\"600\" height=\"338\" title=\"\u00abR\u00e9formes des retraites : comparaisons europ\u00e9ennes\u00a0\u00bb \u2014 El Grand Continent\" data-secret=\"i1JKplB3bj\" frameborder=\"0\" marginwidth=\"0\" marginheight=\"0\" scrolling=\"no\" class=\"wp-embedded-content\"><\/iframe><script type=\"text\/javascript\">\n\/* <![CDATA[ *\/\n\/*! This file is auto-generated *\/\n!function(d,l){\"use strict\";l.querySelector&&d.addEventListener&&\"undefined\"!=typeof URL&&(d.wp=d.wp||{},d.wp.receiveEmbedMessage||(d.wp.receiveEmbedMessage=function(e){var t=e.data;if((t||t.secret||t.message||t.value)&&!\/[^a-zA-Z0-9]\/.test(t.secret)){for(var s,r,n,a=l.querySelectorAll('iframe[data-secret=\"'+t.secret+'\"]'),o=l.querySelectorAll('blockquote[data-secret=\"'+t.secret+'\"]'),c=new RegExp(\"^https?:$\",\"i\"),i=0;i<o.length;i++)o[i].style.display=\"none\";for(i=0;i<a.length;i++)s=a[i],e.source===s.contentWindow&&(s.removeAttribute(\"style\"),\"height\"===t.message?(1e3<(r=parseInt(t.value,10))?r=1e3:~~r<200&&(r=200),s.height=r):\"link\"===t.message&&(r=new URL(s.getAttribute(\"src\")),n=new URL(t.value),c.test(n.protocol))&&n.host===r.host&&l.activeElement===s&&(d.top.location.href=t.value))}},d.addEventListener(\"message\",d.wp.receiveEmbedMessage,!1),l.addEventListener(\"DOMContentLoaded\",function(){for(var e,t,s=l.querySelectorAll(\"iframe.wp-embedded-content\"),r=0;r<s.length;r++)(t=(e=s[r]).getAttribute(\"data-secret\"))||(t=Math.random().toString(36).substring(2,12),e.src+=\"#?secret=\"+t,e.setAttribute(\"data-secret\",t)),e.contentWindow.postMessage({message:\"ready\",secret:t},\"*\")},!1)))}(window,document);\n\/* ]]> *\/\n<\/script>\n","thumbnail_url":"https:\/\/legrandcontinent.eu\/es\/wp-content\/uploads\/sites\/6\/2022\/11\/8554196493_069d3da944_o.jpg","thumbnail_width":2000,"thumbnail_height":1303,"description":"Mardi du Grand Continent \u00e0 l'Ecole Normale Sup\u00e9rieure, qui se propose de comparer la r\u00e9forme des retraites initi\u00e9e par le gouvernement fran\u00e7ais \u00e0 celles qui ont \u00e9t\u00e9 mises en place dans d'autres pays europ\u00e9ens ces derni\u00e8res ann\u00e9es."}