{"version":"1.0","provider_name":"El Grand Continent","provider_url":"https:\/\/legrandcontinent.eu\/es","title":"Pass\u00e9 et futur de la relation franco-allemande - El Grand Continent","type":"rich","width":600,"height":338,"html":"<blockquote class=\"wp-embedded-content\" data-secret=\"LsqO4bSEne\"><a href=\"https:\/\/legrandcontinent.eu\/es\/eventos\/passe-et-futur-de-la-relation-franco-allemande\/\">Pass\u00e9 et futur de la relation franco-allemande<\/a><\/blockquote><iframe sandbox=\"allow-scripts\" security=\"restricted\" src=\"https:\/\/legrandcontinent.eu\/es\/eventos\/passe-et-futur-de-la-relation-franco-allemande\/embed\/#?secret=LsqO4bSEne\" width=\"600\" height=\"338\" title=\"\u00abPass\u00e9 et futur de la relation franco-allemande\u00bb \u2014 El Grand Continent\" data-secret=\"LsqO4bSEne\" frameborder=\"0\" marginwidth=\"0\" marginheight=\"0\" scrolling=\"no\" class=\"wp-embedded-content\"><\/iframe><script type=\"text\/javascript\">\n\/* <![CDATA[ *\/\n\/*! This file is auto-generated *\/\n!function(d,l){\"use strict\";l.querySelector&&d.addEventListener&&\"undefined\"!=typeof URL&&(d.wp=d.wp||{},d.wp.receiveEmbedMessage||(d.wp.receiveEmbedMessage=function(e){var t=e.data;if((t||t.secret||t.message||t.value)&&!\/[^a-zA-Z0-9]\/.test(t.secret)){for(var s,r,n,a=l.querySelectorAll('iframe[data-secret=\"'+t.secret+'\"]'),o=l.querySelectorAll('blockquote[data-secret=\"'+t.secret+'\"]'),c=new RegExp(\"^https?:$\",\"i\"),i=0;i<o.length;i++)o[i].style.display=\"none\";for(i=0;i<a.length;i++)s=a[i],e.source===s.contentWindow&&(s.removeAttribute(\"style\"),\"height\"===t.message?(1e3<(r=parseInt(t.value,10))?r=1e3:~~r<200&&(r=200),s.height=r):\"link\"===t.message&&(r=new URL(s.getAttribute(\"src\")),n=new URL(t.value),c.test(n.protocol))&&n.host===r.host&&l.activeElement===s&&(d.top.location.href=t.value))}},d.addEventListener(\"message\",d.wp.receiveEmbedMessage,!1),l.addEventListener(\"DOMContentLoaded\",function(){for(var e,t,s=l.querySelectorAll(\"iframe.wp-embedded-content\"),r=0;r<s.length;r++)(t=(e=s[r]).getAttribute(\"data-secret\"))||(t=Math.random().toString(36).substring(2,12),e.src+=\"#?secret=\"+t,e.setAttribute(\"data-secret\",t)),e.contentWindow.postMessage({message:\"ready\",secret:t},\"*\")},!1)))}(window,document);\n\/* ]]> *\/\n<\/script>\n","thumbnail_url":"https:\/\/legrandcontinent.eu\/es\/wp-content\/uploads\/sites\/6\/2023\/01\/SIPA_AP22679598_000015-scaled-1.jpg","thumbnail_width":2560,"thumbnail_height":1707,"description":"Gaulle, du Trait\u00e9 de l\u2019Elys\u00e9e, qui scelle l\u2019amiti\u00e9 franco-allemande et constitue une \u00e9tape majeure de la construction europ\u00e9enne, comment caract\u00e9riser, aujourd\u2019hui, les relations entre Paris et Berlin\u00a0? A l\u2019heure de l\u2019inflation, de la menace s\u00e9curitaire et de la crise climatique, o\u00f9 en est le \u201ccouple\u201d franco-allemand\u00a0?"}