{"version":"1.0","provider_name":"El Grand Continent","provider_url":"https:\/\/legrandcontinent.eu\/es","title":"Les premi\u00e8res \u00e9lections europ\u00e9ennes - El Grand Continent","type":"rich","width":600,"height":338,"html":"<blockquote class=\"wp-embedded-content\" data-secret=\"rJFbhzHRNg\"><a href=\"https:\/\/legrandcontinent.eu\/es\/eventos\/les-premieres-elections-europeennes\/\">Les premi\u00e8res \u00e9lections europ\u00e9ennes<\/a><\/blockquote><iframe sandbox=\"allow-scripts\" security=\"restricted\" src=\"https:\/\/legrandcontinent.eu\/es\/eventos\/les-premieres-elections-europeennes\/embed\/#?secret=rJFbhzHRNg\" width=\"600\" height=\"338\" title=\"\u00abLes premi\u00e8res \u00e9lections europ\u00e9ennes\u00bb \u2014 El Grand Continent\" data-secret=\"rJFbhzHRNg\" frameborder=\"0\" marginwidth=\"0\" marginheight=\"0\" scrolling=\"no\" class=\"wp-embedded-content\"><\/iframe><script type=\"text\/javascript\">\n\/* <![CDATA[ *\/\n\/*! This file is auto-generated *\/\n!function(d,l){\"use strict\";l.querySelector&&d.addEventListener&&\"undefined\"!=typeof URL&&(d.wp=d.wp||{},d.wp.receiveEmbedMessage||(d.wp.receiveEmbedMessage=function(e){var t=e.data;if((t||t.secret||t.message||t.value)&&!\/[^a-zA-Z0-9]\/.test(t.secret)){for(var s,r,n,a=l.querySelectorAll('iframe[data-secret=\"'+t.secret+'\"]'),o=l.querySelectorAll('blockquote[data-secret=\"'+t.secret+'\"]'),c=new RegExp(\"^https?:$\",\"i\"),i=0;i<o.length;i++)o[i].style.display=\"none\";for(i=0;i<a.length;i++)s=a[i],e.source===s.contentWindow&&(s.removeAttribute(\"style\"),\"height\"===t.message?(1e3<(r=parseInt(t.value,10))?r=1e3:~~r<200&&(r=200),s.height=r):\"link\"===t.message&&(r=new URL(s.getAttribute(\"src\")),n=new URL(t.value),c.test(n.protocol))&&n.host===r.host&&l.activeElement===s&&(d.top.location.href=t.value))}},d.addEventListener(\"message\",d.wp.receiveEmbedMessage,!1),l.addEventListener(\"DOMContentLoaded\",function(){for(var e,t,s=l.querySelectorAll(\"iframe.wp-embedded-content\"),r=0;r<s.length;r++)(t=(e=s[r]).getAttribute(\"data-secret\"))||(t=Math.random().toString(36).substring(2,12),e.src+=\"#?secret=\"+t,e.setAttribute(\"data-secret\",t)),e.contentWindow.postMessage({message:\"ready\",secret:t},\"*\")},!1)))}(window,document);\n\/* ]]> *\/\n<\/script>\n","thumbnail_url":"https:\/\/legrandcontinent.eu\/es\/wp-content\/uploads\/sites\/2\/2019\/04\/GEG87.jpg","thumbnail_width":810,"thumbnail_height":450,"description":"Le mardi 26 mars de 19h30 \u00e0 20h30 en salle des Actes les Mardis du grand continent abordent de front la question qui nous pr\u00e9occupera tout au long de ce printemps qui s'annonce particuli\u00e8rement politique : les campagnes des diff\u00e9rents partis politiques aux \u00e9lections europ\u00e9ennes de mai 2019 se con\u00e7oivent-elle \u00e0 une \u00e9chelle nationale ou bien continentale ?"}