{"version":"1.0","provider_name":"El Grand Continent","provider_url":"https:\/\/legrandcontinent.eu\/es","title":"El laberinto pol\u00edtico en Honduras - El Grand Continent","type":"rich","width":600,"height":338,"html":"<blockquote class=\"wp-embedded-content\" data-secret=\"5ra64wfbEk\"><a href=\"https:\/\/legrandcontinent.eu\/es\/eventos\/el-laberinto-politico-en-honduras\/\">El laberinto pol\u00edtico en Honduras<\/a><\/blockquote><iframe sandbox=\"allow-scripts\" security=\"restricted\" src=\"https:\/\/legrandcontinent.eu\/es\/eventos\/el-laberinto-politico-en-honduras\/embed\/#?secret=5ra64wfbEk\" width=\"600\" height=\"338\" title=\"\u00abEl laberinto pol\u00edtico en Honduras\u00bb \u2014 El Grand Continent\" data-secret=\"5ra64wfbEk\" frameborder=\"0\" marginwidth=\"0\" marginheight=\"0\" scrolling=\"no\" class=\"wp-embedded-content\"><\/iframe><script type=\"text\/javascript\">\n\/* <![CDATA[ *\/\n\/*! This file is auto-generated *\/\n!function(d,l){\"use strict\";l.querySelector&&d.addEventListener&&\"undefined\"!=typeof URL&&(d.wp=d.wp||{},d.wp.receiveEmbedMessage||(d.wp.receiveEmbedMessage=function(e){var t=e.data;if((t||t.secret||t.message||t.value)&&!\/[^a-zA-Z0-9]\/.test(t.secret)){for(var s,r,n,a=l.querySelectorAll('iframe[data-secret=\"'+t.secret+'\"]'),o=l.querySelectorAll('blockquote[data-secret=\"'+t.secret+'\"]'),c=new RegExp(\"^https?:$\",\"i\"),i=0;i<o.length;i++)o[i].style.display=\"none\";for(i=0;i<a.length;i++)s=a[i],e.source===s.contentWindow&&(s.removeAttribute(\"style\"),\"height\"===t.message?(1e3<(r=parseInt(t.value,10))?r=1e3:~~r<200&&(r=200),s.height=r):\"link\"===t.message&&(r=new URL(s.getAttribute(\"src\")),n=new URL(t.value),c.test(n.protocol))&&n.host===r.host&&l.activeElement===s&&(d.top.location.href=t.value))}},d.addEventListener(\"message\",d.wp.receiveEmbedMessage,!1),l.addEventListener(\"DOMContentLoaded\",function(){for(var e,t,s=l.querySelectorAll(\"iframe.wp-embedded-content\"),r=0;r<s.length;r++)(t=(e=s[r]).getAttribute(\"data-secret\"))||(t=Math.random().toString(36).substring(2,12),e.src+=\"#?secret=\"+t,e.setAttribute(\"data-secret\",t)),e.contentWindow.postMessage({message:\"ready\",secret:t},\"*\")},!1)))}(window,document);\n\/* ]]> *\/\n<\/script>\n","thumbnail_url":"https:\/\/legrandcontinent.eu\/es\/wp-content\/uploads\/sites\/6\/2023\/03\/gc-elmiercoleshonduras.jpg","thumbnail_width":1200,"thumbnail_height":628,"description":"\u00bfDe qu\u00e9 manera est\u00e1 estructurada la econom\u00eda hondure\u00f1a y qu\u00e9 rumbo puede adquirir tras la reciente aprobaci\u00f3n de un acuerdo diplom\u00e1tico con la Rep\u00fablica Popular de China tras la s\u00fabita suspensi\u00f3n de las relaciones con Taiw\u00e1n? \u00bfQu\u00e9 medidas ha implementado el gobierno de Castro para remediar los \u00edndices de desempleo y de inflaci\u00f3n?"}