{"version":"1.0","provider_name":"El Grand Continent","provider_url":"https:\/\/legrandcontinent.eu\/es","title":"La izquierda que gobierna: S\u00e1nchez en el texto - El Grand Continent","type":"rich","width":600,"height":338,"html":"<blockquote class=\"wp-embedded-content\" data-secret=\"lqQ9loNsFp\"><a href=\"https:\/\/legrandcontinent.eu\/es\/2023\/11\/16\/la-izquierda-que-gobierna-sanchez-en-el-texto\/\">La izquierda que gobierna: S\u00e1nchez en el texto<\/a><\/blockquote><iframe sandbox=\"allow-scripts\" security=\"restricted\" src=\"https:\/\/legrandcontinent.eu\/es\/2023\/11\/16\/la-izquierda-que-gobierna-sanchez-en-el-texto\/embed\/#?secret=lqQ9loNsFp\" width=\"600\" height=\"338\" title=\"\u00abLa izquierda que gobierna: S\u00e1nchez en el texto\u00bb \u2014 El Grand Continent\" data-secret=\"lqQ9loNsFp\" frameborder=\"0\" marginwidth=\"0\" marginheight=\"0\" scrolling=\"no\" class=\"wp-embedded-content\"><\/iframe><script type=\"text\/javascript\">\n\/* <![CDATA[ *\/\n\/*! This file is auto-generated *\/\n!function(d,l){\"use strict\";l.querySelector&&d.addEventListener&&\"undefined\"!=typeof URL&&(d.wp=d.wp||{},d.wp.receiveEmbedMessage||(d.wp.receiveEmbedMessage=function(e){var t=e.data;if((t||t.secret||t.message||t.value)&&!\/[^a-zA-Z0-9]\/.test(t.secret)){for(var s,r,n,a=l.querySelectorAll('iframe[data-secret=\"'+t.secret+'\"]'),o=l.querySelectorAll('blockquote[data-secret=\"'+t.secret+'\"]'),c=new RegExp(\"^https?:$\",\"i\"),i=0;i<o.length;i++)o[i].style.display=\"none\";for(i=0;i<a.length;i++)s=a[i],e.source===s.contentWindow&&(s.removeAttribute(\"style\"),\"height\"===t.message?(1e3<(r=parseInt(t.value,10))?r=1e3:~~r<200&&(r=200),s.height=r):\"link\"===t.message&&(r=new URL(s.getAttribute(\"src\")),n=new URL(t.value),c.test(n.protocol))&&n.host===r.host&&l.activeElement===s&&(d.top.location.href=t.value))}},d.addEventListener(\"message\",d.wp.receiveEmbedMessage,!1),l.addEventListener(\"DOMContentLoaded\",function(){for(var e,t,s=l.querySelectorAll(\"iframe.wp-embedded-content\"),r=0;r<s.length;r++)(t=(e=s[r]).getAttribute(\"data-secret\"))||(t=Math.random().toString(36).substring(2,12),e.src+=\"#?secret=\"+t,e.setAttribute(\"data-secret\",t)),e.contentWindow.postMessage({message:\"ready\",secret:t},\"*\")},!1)))}(window,document);\n\/* ]]> *\/\n<\/script>\n","thumbnail_url":"https:\/\/legrandcontinent.eu\/es\/wp-content\/uploads\/sites\/6\/2023\/11\/gc-elsanchez-scaled.jpg","thumbnail_width":2560,"thumbnail_height":1440,"description":"Es un hecho. Pedro S\u00e1nchez es, de nuevo, presidente del Gobierno. Durante la sesi\u00f3n del 15 de noviembre, el candidato socialista present\u00f3 claramente la alternativa que, seg\u00fan \u00e9l, marcar\u00e1 el ritmo de la Espa\u00f1a pol\u00edtica de los pr\u00f3ximos a\u00f1os: progreso y cohesi\u00f3n frente a atraso y odio. Publicamos el texto \u00edntegro de este discurso, que marca un nuevo rumbo para la izquierda espa\u00f1ola."}