{"version":"1.0","provider_name":"El Grand Continent","provider_url":"https:\/\/legrandcontinent.eu\/es","title":"Manifestaciones de la comunidad ind\u00edgena en Ecuador - El Grand Continent","type":"rich","width":600,"height":338,"html":"<blockquote class=\"wp-embedded-content\" data-secret=\"ZU22eN7nd4\"><a href=\"https:\/\/legrandcontinent.eu\/es\/2022\/06\/23\/manifestaciones-de-la-comunidad-indigena-en-ecuador\/\">Manifestaciones de la comunidad ind\u00edgena en Ecuador<\/a><\/blockquote><iframe sandbox=\"allow-scripts\" security=\"restricted\" src=\"https:\/\/legrandcontinent.eu\/es\/2022\/06\/23\/manifestaciones-de-la-comunidad-indigena-en-ecuador\/embed\/#?secret=ZU22eN7nd4\" width=\"600\" height=\"338\" title=\"\u00abManifestaciones de la comunidad ind\u00edgena en Ecuador\u00bb \u2014 El Grand Continent\" data-secret=\"ZU22eN7nd4\" frameborder=\"0\" marginwidth=\"0\" marginheight=\"0\" scrolling=\"no\" class=\"wp-embedded-content\"><\/iframe><script type=\"text\/javascript\">\n\/* <![CDATA[ *\/\n\/*! This file is auto-generated *\/\n!function(d,l){\"use strict\";l.querySelector&&d.addEventListener&&\"undefined\"!=typeof URL&&(d.wp=d.wp||{},d.wp.receiveEmbedMessage||(d.wp.receiveEmbedMessage=function(e){var t=e.data;if((t||t.secret||t.message||t.value)&&!\/[^a-zA-Z0-9]\/.test(t.secret)){for(var s,r,n,a=l.querySelectorAll('iframe[data-secret=\"'+t.secret+'\"]'),o=l.querySelectorAll('blockquote[data-secret=\"'+t.secret+'\"]'),c=new RegExp(\"^https?:$\",\"i\"),i=0;i<o.length;i++)o[i].style.display=\"none\";for(i=0;i<a.length;i++)s=a[i],e.source===s.contentWindow&&(s.removeAttribute(\"style\"),\"height\"===t.message?(1e3<(r=parseInt(t.value,10))?r=1e3:~~r<200&&(r=200),s.height=r):\"link\"===t.message&&(r=new URL(s.getAttribute(\"src\")),n=new URL(t.value),c.test(n.protocol))&&n.host===r.host&&l.activeElement===s&&(d.top.location.href=t.value))}},d.addEventListener(\"message\",d.wp.receiveEmbedMessage,!1),l.addEventListener(\"DOMContentLoaded\",function(){for(var e,t,s=l.querySelectorAll(\"iframe.wp-embedded-content\"),r=0;r<s.length;r++)(t=(e=s[r]).getAttribute(\"data-secret\"))||(t=Math.random().toString(36).substring(2,12),e.src+=\"#?secret=\"+t,e.setAttribute(\"data-secret\",t)),e.contentWindow.postMessage({message:\"ready\",secret:t},\"*\")},!1)))}(window,document);\n\/* ]]> *\/\n<\/script>\n","thumbnail_url":"https:\/\/legrandcontinent.eu\/es\/wp-content\/uploads\/sites\/6\/2022\/06\/gc-elecuador.jpg","thumbnail_width":1440,"thumbnail_height":810,"description":"Desde hace m\u00e1s de una semana, la capital de Ecuador, Quito, as\u00ed como varias ciudades del pa\u00eds, son escenario de importantes manifestaciones que han paralizado la econom\u00eda del pa\u00eds. Liderada por los pueblos ind\u00edgenas, la poblaci\u00f3n ecuatoriana reclama importantes reformas econ\u00f3micas y sociales, lo que hace temer al gobierno que se repita el escenario de 2019."}