{"version":"1.0","provider_name":"El Grand Continent","provider_url":"https:\/\/legrandcontinent.eu\/es","title":"Pensar la Uni\u00f3n Europea en la globalizaci\u00f3n: el \u201cefecto Bruselas\u201d - El Grand Continent","type":"rich","width":600,"height":338,"html":"<blockquote class=\"wp-embedded-content\" data-secret=\"Ef8RXT9qzl\"><a href=\"https:\/\/legrandcontinent.eu\/es\/2021\/03\/26\/union-europea-globalizacion-efecto-bruselas\/\">Pensar la Uni\u00f3n Europea en la globalizaci\u00f3n: el \u201cefecto Bruselas\u201d<\/a><\/blockquote><iframe sandbox=\"allow-scripts\" security=\"restricted\" src=\"https:\/\/legrandcontinent.eu\/es\/2021\/03\/26\/union-europea-globalizacion-efecto-bruselas\/embed\/#?secret=Ef8RXT9qzl\" width=\"600\" height=\"338\" title=\"\u00abPensar la Uni\u00f3n Europea en la globalizaci\u00f3n: el \u201cefecto Bruselas\u201d\u00bb \u2014 El Grand Continent\" data-secret=\"Ef8RXT9qzl\" frameborder=\"0\" marginwidth=\"0\" marginheight=\"0\" scrolling=\"no\" class=\"wp-embedded-content\"><\/iframe><script type=\"text\/javascript\">\n\/* <![CDATA[ *\/\n\/*! This file is auto-generated *\/\n!function(d,l){\"use strict\";l.querySelector&&d.addEventListener&&\"undefined\"!=typeof URL&&(d.wp=d.wp||{},d.wp.receiveEmbedMessage||(d.wp.receiveEmbedMessage=function(e){var t=e.data;if((t||t.secret||t.message||t.value)&&!\/[^a-zA-Z0-9]\/.test(t.secret)){for(var s,r,n,a=l.querySelectorAll('iframe[data-secret=\"'+t.secret+'\"]'),o=l.querySelectorAll('blockquote[data-secret=\"'+t.secret+'\"]'),c=new RegExp(\"^https?:$\",\"i\"),i=0;i<o.length;i++)o[i].style.display=\"none\";for(i=0;i<a.length;i++)s=a[i],e.source===s.contentWindow&&(s.removeAttribute(\"style\"),\"height\"===t.message?(1e3<(r=parseInt(t.value,10))?r=1e3:~~r<200&&(r=200),s.height=r):\"link\"===t.message&&(r=new URL(s.getAttribute(\"src\")),n=new URL(t.value),c.test(n.protocol))&&n.host===r.host&&l.activeElement===s&&(d.top.location.href=t.value))}},d.addEventListener(\"message\",d.wp.receiveEmbedMessage,!1),l.addEventListener(\"DOMContentLoaded\",function(){for(var e,t,s=l.querySelectorAll(\"iframe.wp-embedded-content\"),r=0;r<s.length;r++)(t=(e=s[r]).getAttribute(\"data-secret\"))||(t=Math.random().toString(36).substring(2,12),e.src+=\"#?secret=\"+t,e.setAttribute(\"data-secret\",t)),e.contentWindow.postMessage({message:\"ready\",secret:t},\"*\")},!1)))}(window,document);\n\/* ]]> *\/\n<\/script>\n","thumbnail_url":"https:\/\/legrandcontinent.eu\/es\/wp-content\/uploads\/sites\/6\/2021\/03\/gc-elbradford-scaled.jpg","thumbnail_width":2560,"thumbnail_height":1436,"description":"Posicion\u00e1ndose m\u00e1s all\u00e1 de la comprensi\u00f3n de la Uni\u00f3n Europea como simple poder normativo, Anu Bradford examina en esta entrevista las formas e implicaciones del \u201cefecto Bruselas\u201d, en un momento en que, si bien la cuota relativa del mercado com\u00fan europeo en el PIB mundial disminuye, las regulaciones establecidas por la Comisi\u00f3n siguen siendo estructurantes."}